{"id":480,"date":"2020-09-13T01:45:26","date_gmt":"2020-09-13T01:45:26","guid":{"rendered":"https:\/\/eudigital.net\/licenciamento\/?page_id=480"},"modified":"2021-03-28T01:41:27","modified_gmt":"2021-03-28T01:41:27","slug":"licenciamento-ambiental-pcip","status":"publish","type":"page","link":"https:\/\/eudigital.net\/licenciamento\/licenciamento-ambiental-pcip\/","title":{"rendered":"PCIP &#8211; Licenciamento Ambiental"},"content":{"rendered":"\t\t<div data-elementor-type=\"wp-page\" data-elementor-id=\"480\" class=\"elementor elementor-480\" data-elementor-settings=\"[]\">\n\t\t\t\t\t\t<div class=\"elementor-inner\">\n\t\t\t\t\t\t\t<div class=\"elementor-section-wrap\">\n\t\t\t\t\t\t\t<section class=\"elementor-section elementor-top-section elementor-element elementor-element-df03824 elementor-section-boxed elementor-section-height-default elementor-section-height-default\" data-id=\"df03824\" data-element_type=\"section\">\n\t\t\t\t\t\t<div class=\"elementor-container elementor-column-gap-default\">\n\t\t\t\t\t\t\t<div class=\"elementor-row\">\n\t\t\t\t\t<div class=\"elementor-column elementor-col-100 elementor-top-column elementor-element elementor-element-1b796c6\" data-id=\"1b796c6\" data-element_type=\"column\">\n\t\t\t<div class=\"elementor-column-wrap elementor-element-populated\">\n\t\t\t\t\t\t\t<div class=\"elementor-widget-wrap\">\n\t\t\t\t\t\t<div class=\"elementor-element elementor-element-8dc84bd elementor-icon-list--layout-traditional elementor-list-item-link-full_width elementor-widget elementor-widget-icon-list\" data-id=\"8dc84bd\" data-element_type=\"widget\" data-widget_type=\"icon-list.default\">\n\t\t\t\t<div class=\"elementor-widget-container\">\n\t\t\t\t\t<ul class=\"elementor-icon-list-items\">\n\t\t\t\t\t\t\t<li class=\"elementor-icon-list-item\">\n\t\t\t\t\t<a href=\"#section1\">\t\t\t\t\t\t<span class=\"elementor-icon-list-icon\">\n\t\t\t\t\t\t\t<i aria-hidden=\"true\" class=\"fas fa-chevron-right\"><\/i>\t\t\t\t\t\t<\/span>\n\t\t\t\t\t\t\t\t\t\t<span class=\"elementor-icon-list-text\">Enquadramento Legal<\/span>\n\t\t\t\t\t\t\t\t\t\t\t<\/a>\n\t\t\t\t\t\t\t\t\t<\/li>\n\t\t\t\t\t\t\t\t<li class=\"elementor-icon-list-item\">\n\t\t\t\t\t<a href=\"#section2\">\t\t\t\t\t\t<span class=\"elementor-icon-list-icon\">\n\t\t\t\t\t\t\t<i aria-hidden=\"true\" class=\"fas fa-chevron-right\"><\/i>\t\t\t\t\t\t<\/span>\n\t\t\t\t\t\t\t\t\t\t<span class=\"elementor-icon-list-text\">Licenciamento Ambiental para Instala\u00e7\u00f5es que Desenvolvam Atividades Previstas no Anexo I  <\/span>\n\t\t\t\t\t\t\t\t\t\t\t<\/a>\n\t\t\t\t\t\t\t\t\t<\/li>\n\t\t\t\t\t\t\t\t<li class=\"elementor-icon-list-item\">\n\t\t\t\t\t<a href=\"#section3\">\t\t\t\t\t\t<span class=\"elementor-icon-list-icon\">\n\t\t\t\t\t\t\t<i aria-hidden=\"true\" class=\"fas fa-chevron-right\"><\/i>\t\t\t\t\t\t<\/span>\n\t\t\t\t\t\t\t\t\t\t<span class=\"elementor-icon-list-text\">Relat\u00f3rio Base <\/span>\n\t\t\t\t\t\t\t\t\t\t\t<\/a>\n\t\t\t\t\t\t\t\t\t<\/li>\n\t\t\t\t\t\t\t\t<li class=\"elementor-icon-list-item\">\n\t\t\t\t\t<a href=\"#section4\">\t\t\t\t\t\t<span class=\"elementor-icon-list-icon\">\n\t\t\t\t\t\t\t<i aria-hidden=\"true\" class=\"fas fa-chevron-right\"><\/i>\t\t\t\t\t\t<\/span>\n\t\t\t\t\t\t\t\t\t\t<span class=\"elementor-icon-list-text\">Relat\u00f3rio Ambiental Anual (RAA) <\/span>\n\t\t\t\t\t\t\t\t\t\t\t<\/a>\n\t\t\t\t\t\t\t\t\t<\/li>\n\t\t\t\t\t\t\t\t<li class=\"elementor-icon-list-item\">\n\t\t\t\t\t<a href=\"#section5\">\t\t\t\t\t\t<span class=\"elementor-icon-list-icon\">\n\t\t\t\t\t\t\t<i aria-hidden=\"true\" class=\"fas fa-chevron-right\"><\/i>\t\t\t\t\t\t<\/span>\n\t\t\t\t\t\t\t\t\t\t<span class=\"elementor-icon-list-text\">FAQs<\/span>\n\t\t\t\t\t\t\t\t\t\t\t<\/a>\n\t\t\t\t\t\t\t\t\t<\/li>\n\t\t\t\t\t\t<\/ul>\n\t\t\t\t<\/div>\n\t\t\t\t<\/div>\n\t\t\t\t<div class=\"elementor-element elementor-element-67ffaa1 elementor-widget elementor-widget-text-editor\" data-id=\"67ffaa1\" data-element_type=\"widget\" id=\"section1\" data-widget_type=\"text-editor.default\">\n\t\t\t\t<div class=\"elementor-widget-container\">\n\t\t\t\t\t<div class=\"elementor-text-editor elementor-clearfix\"><p><span data-contrast=\"auto\">O licenciamento ambiental para a <\/span><span data-contrast=\"auto\">Preven\u00e7\u00e3o e Controlo Integrados de Polui\u00e7\u00e3o<\/span><span data-contrast=\"auto\"> (PCIP)<\/span><span data-contrast=\"auto\"> representa a nova filosofia europeia em termos de abordagem dos problemas ambientais. Por vezes, \u00e9 tamb\u00e9m utilizada a express\u00e3o original em ingl\u00eas IPPC que significa \u201c<\/span><span data-contrast=\"auto\">Integrated<\/span> <span data-contrast=\"auto\">Pollution<\/span> <span data-contrast=\"auto\">Prevention<\/span> <span data-contrast=\"auto\">and<\/span> <span data-contrast=\"auto\">Control<\/span><span data-contrast=\"auto\">\u201d.\u00a0<\/span><span data-ccp-props=\"{&quot;201341983&quot;:0,&quot;335551550&quot;:6,&quot;335551620&quot;:6,&quot;335559739&quot;:120,&quot;335559740&quot;:300}\">\u00a0<\/span><\/p><p><span data-contrast=\"auto\">Neste contexto, a <a href=\"https:\/\/eur-lex.europa.eu\/legal-content\/PT\/TXT\/PDF\/?uri=CELEX:02010L0075-20110106&amp;from=DE\" target=\"_blank\" rel=\"noopener\">Diretiva 2010\/<\/a><\/span><span data-contrast=\"auto\">75\/EU, do Parlamento<\/span><span data-contrast=\"auto\"> Europeu<\/span><span data-contrast=\"auto\"> e do Conselho<\/span><span data-contrast=\"auto\">,<\/span><span data-contrast=\"auto\"> 24 de novembro,<\/span> <span data-contrast=\"auto\">relativa \u00e0s <\/span><span data-contrast=\"auto\">E<\/span><span data-contrast=\"auto\">miss\u00f5es <\/span><span data-contrast=\"auto\">I<\/span><span data-contrast=\"auto\">ndustriais <\/span><span data-contrast=\"auto\">(<\/span><span data-contrast=\"auto\">D<\/span><span data-contrast=\"auto\">EI), <\/span><span data-contrast=\"auto\">define as regras aplic\u00e1veis \u00e0 preven\u00e7\u00e3o e ao controlo integrados da polui\u00e7\u00e3o proveniente das atividades industriais<\/span><span data-contrast=\"auto\">; e o <a href=\"https:\/\/dre.pt\/pesquisa\/-\/search\/499546\/details\/maximized\" target=\"_blank\" rel=\"noopener\">Decreto-Lei n.\u00ba 127\/2013, de<\/a><\/span> <span data-contrast=\"auto\"><a href=\"_wp_link_placeholder\">30 de agosto<\/a>, transp\u00f5e para o ordenamento jur\u00eddico interno a Diretiva, <\/span><span data-contrast=\"auto\">estabelecendo o Regime de Emiss\u00f5es industriais (REI)<\/span><span data-contrast=\"auto\">, aplic\u00e1vel <\/span><span data-contrast=\"auto\">\u00e0<\/span><span data-contrast=\"auto\"> PCIP<\/span><span data-contrast=\"auto\">, <\/span><span data-contrast=\"auto\">bem como outras regras destinadas a evitar ou reduzir as amiss\u00f5es para\u00a0 ar, a \u00e1gua e o solo e a produ\u00e7\u00e3o de res\u00eddu<\/span><span data-contrast=\"auto\">os.\u00a0<\/span><span data-ccp-props=\"{&quot;201341983&quot;:0,&quot;335551550&quot;:6,&quot;335551620&quot;:6,&quot;335559739&quot;:120,&quot;335559740&quot;:300}\">\u00a0<\/span><\/p><p><span data-contrast=\"auto\">Assim, as atividades econ\u00f3micas que estejam potencialmente associadas uma polui\u00e7\u00e3o considerada significativa e definida de acordo com a natureza e\/ou capacidade de produ\u00e7\u00e3o das instala\u00e7\u00f5es, estar\u00e3o abrangidas pelo regime PCIP<\/span><span data-contrast=\"auto\">.<\/span><span data-ccp-props=\"{&quot;201341983&quot;:0,&quot;335551550&quot;:6,&quot;335551620&quot;:6,&quot;335559739&quot;:120,&quot;335559740&quot;:300}\">\u00a0<\/span><\/p><p><span data-contrast=\"auto\">A nossa equipa <\/span><span data-contrast=\"auto\">est\u00e1 dispon\u00edvel para <\/span><span data-contrast=\"auto\">lhe oferece<\/span><span data-contrast=\"auto\">r<\/span> <span data-contrast=\"auto\">o <\/span><span data-contrast=\"auto\">apoio<\/span><span data-contrast=\"auto\"> que precise<\/span> <span data-contrast=\"auto\">em<\/span><span data-contrast=\"auto\"> todo o processo de licenciamento, desde <\/span><span data-contrast=\"auto\">o <\/span><span data-contrast=\"auto\">desenvolvimento de documentos necess\u00e1rios para <\/span><span data-contrast=\"auto\">a devida instru\u00e7\u00e3o<\/span><span data-contrast=\"auto\">, at\u00e9 a submiss\u00e3o do pedido, para evitar perdas de tempo ou econ\u00f3micas e poder usufruir do t\u00edtulo de explora\u00e7\u00e3o necess\u00e1rio ou o objetivo que se pretenda com os melhores resultados.<\/span><span data-ccp-props=\"{&quot;201341983&quot;:0,&quot;335551550&quot;:6,&quot;335551620&quot;:6,&quot;335559739&quot;:120,&quot;335559740&quot;:300}\">\u00a0<\/span><\/p><\/div>\n\t\t\t\t<\/div>\n\t\t\t\t<\/div>\n\t\t\t\t<div class=\"elementor-element elementor-element-3d6c683 elementor-widget elementor-widget-heading\" data-id=\"3d6c683\" data-element_type=\"widget\" data-widget_type=\"heading.default\">\n\t\t\t\t<div class=\"elementor-widget-container\">\n\t\t\t<h2 class=\"elementor-heading-title elementor-size-default\">Enquadramento legal: <\/h2>\t\t<\/div>\n\t\t\t\t<\/div>\n\t\t\t\t<div class=\"elementor-element elementor-element-40397a7 elementor-widget elementor-widget-image\" data-id=\"40397a7\" data-element_type=\"widget\" data-widget_type=\"image.default\">\n\t\t\t\t<div class=\"elementor-widget-container\">\n\t\t\t\t\t<div class=\"elementor-image\">\n\t\t\t\t\t\t\t\t\t\t<img loading=\"lazy\" decoding=\"async\" width=\"960\" height=\"672\" src=\"https:\/\/eudigital.net\/licenciamento\/wp-content\/uploads\/2020\/09\/PCIP-licenciamento-ambientaljpg-figura-1.jpg\" class=\"elementor-animation-float attachment-large size-large\" alt=\"PCIP - Licenciamento Ambiental - Figura 1\" srcset=\"https:\/\/eudigital.net\/licenciamento\/wp-content\/uploads\/2020\/09\/PCIP-licenciamento-ambientaljpg-figura-1.jpg 960w, https:\/\/eudigital.net\/licenciamento\/wp-content\/uploads\/2020\/09\/PCIP-licenciamento-ambientaljpg-figura-1-300x210.jpg 300w, https:\/\/eudigital.net\/licenciamento\/wp-content\/uploads\/2020\/09\/PCIP-licenciamento-ambientaljpg-figura-1-768x538.jpg 768w\" sizes=\"auto, (max-width: 960px) 100vw, 960px\" \/>\t\t\t\t\t\t\t\t\t\t\t<\/div>\n\t\t\t\t<\/div>\n\t\t\t\t<\/div>\n\t\t\t\t<div class=\"elementor-element elementor-element-0456d20 elementor-widget elementor-widget-heading\" data-id=\"0456d20\" data-element_type=\"widget\" data-widget_type=\"heading.default\">\n\t\t\t\t<div class=\"elementor-widget-container\">\n\t\t\t<h3 class=\"elementor-heading-title elementor-size-default\">Procedimentos:  <\/h3>\t\t<\/div>\n\t\t\t\t<\/div>\n\t\t\t\t<div class=\"elementor-element elementor-element-aa34919 elementor-widget elementor-widget-text-editor\" data-id=\"aa34919\" data-element_type=\"widget\" data-widget_type=\"text-editor.default\">\n\t\t\t\t<div class=\"elementor-widget-container\">\n\t\t\t\t\t<div class=\"elementor-text-editor elementor-clearfix\"><p><span class=\"TextRun SCXW47989540 BCX4\" lang=\"PT-PT\" xml:lang=\"PT-PT\" data-contrast=\"auto\"><span class=\"NormalTextRun SCXW47989540 BCX4\">Existem diferentes <\/span><\/span><span class=\"TextRun SCXW47989540 BCX4\" lang=\"PT-PT\" xml:lang=\"PT-PT\" data-contrast=\"auto\"><span class=\"NormalTextRun SCXW47989540 BCX4\">condi\u00e7\u00f5es<\/span><\/span><span class=\"TextRun SCXW47989540 BCX4\" lang=\"PT-PT\" xml:lang=\"PT-PT\" data-contrast=\"auto\"><span class=\"NormalTextRun SCXW47989540 BCX4\"> para o licenciamento ambiental em fun\u00e7\u00e3o d<\/span><\/span><span class=\"TextRun SCXW47989540 BCX4\" lang=\"PT-PT\" xml:lang=\"PT-PT\" data-contrast=\"auto\"><span class=\"NormalTextRun SCXW47989540 BCX4\">as atividades que se realizem nas diferentes instala\u00e7\u00f5es<\/span><\/span><span class=\"TextRun SCXW47989540 BCX4\" lang=\"PT-PT\" xml:lang=\"PT-PT\" data-contrast=\"auto\"><span class=\"NormalTextRun SCXW47989540 BCX4\">.<\/span><\/span><span class=\"EOP SCXW47989540 BCX4\" data-ccp-props=\"{&quot;201341983&quot;:0,&quot;335551550&quot;:6,&quot;335551620&quot;:6,&quot;335559739&quot;:120,&quot;335559740&quot;:300}\">\u00a0<\/span><\/p><\/div>\n\t\t\t\t<\/div>\n\t\t\t\t<\/div>\n\t\t\t\t<div class=\"elementor-element elementor-element-2611929 elementor-widget elementor-widget-heading\" data-id=\"2611929\" data-element_type=\"widget\" id=\"section2\" data-widget_type=\"heading.default\">\n\t\t\t\t<div class=\"elementor-widget-container\">\n\t\t\t<h2 class=\"elementor-heading-title elementor-size-default\">Licenciamento Ambiental para Instala\u00e7\u00f5es que Desenvolvam Atividades Previstas no Anexo I  <\/h2>\t\t<\/div>\n\t\t\t\t<\/div>\n\t\t\t\t<div class=\"elementor-element elementor-element-ced3ed8 elementor-widget elementor-widget-image\" data-id=\"ced3ed8\" data-element_type=\"widget\" data-widget_type=\"image.default\">\n\t\t\t\t<div class=\"elementor-widget-container\">\n\t\t\t\t\t<div class=\"elementor-image\">\n\t\t\t\t\t\t\t\t\t\t\t<a href=\"https:\/\/eudigital.net\/licenciamento\/wp-content\/uploads\/2020\/09\/PCIP-licenciamento-ambientaljpg-figura-2.jpg\" data-elementor-open-lightbox=\"yes\" data-elementor-lightbox-title=\"PCIP - Licenciamento Ambiental - Figura 2\">\n\t\t\t\t\t\t\t<img loading=\"lazy\" decoding=\"async\" width=\"686\" height=\"1024\" src=\"https:\/\/eudigital.net\/licenciamento\/wp-content\/uploads\/2020\/09\/PCIP-licenciamento-ambientaljpg-figura-2-686x1024.jpg\" class=\"elementor-animation-float attachment-large size-large\" alt=\"PCIP - Licenciamento Ambiental - Figura 2\" srcset=\"https:\/\/eudigital.net\/licenciamento\/wp-content\/uploads\/2020\/09\/PCIP-licenciamento-ambientaljpg-figura-2-686x1024.jpg 686w, https:\/\/eudigital.net\/licenciamento\/wp-content\/uploads\/2020\/09\/PCIP-licenciamento-ambientaljpg-figura-2-201x300.jpg 201w, https:\/\/eudigital.net\/licenciamento\/wp-content\/uploads\/2020\/09\/PCIP-licenciamento-ambientaljpg-figura-2-768x1146.jpg 768w, https:\/\/eudigital.net\/licenciamento\/wp-content\/uploads\/2020\/09\/PCIP-licenciamento-ambientaljpg-figura-2.jpg 940w\" sizes=\"auto, (max-width: 686px) 100vw, 686px\" \/>\t\t\t\t\t\t\t\t<\/a>\n\t\t\t\t\t\t\t\t\t\t\t<\/div>\n\t\t\t\t<\/div>\n\t\t\t\t<\/div>\n\t\t\t\t<div class=\"elementor-element elementor-element-854d7ff elementor-widget elementor-widget-image\" data-id=\"854d7ff\" data-element_type=\"widget\" data-widget_type=\"image.default\">\n\t\t\t\t<div class=\"elementor-widget-container\">\n\t\t\t\t\t<div class=\"elementor-image\">\n\t\t\t\t\t\t\t\t\t\t\t<a href=\"https:\/\/eudigital.net\/licenciamento\/wp-content\/uploads\/2020\/09\/PCIP-licenciamento-ambientaljpg-figura-3.jpg\" data-elementor-open-lightbox=\"yes\" data-elementor-lightbox-title=\"PCIP - Licenciamento Ambiental - Figura 3\">\n\t\t\t\t\t\t\t<img loading=\"lazy\" decoding=\"async\" width=\"1024\" height=\"795\" src=\"https:\/\/eudigital.net\/licenciamento\/wp-content\/uploads\/2020\/09\/PCIP-licenciamento-ambientaljpg-figura-3-1024x795.jpg\" class=\"elementor-animation-float attachment-large size-large\" alt=\"PCIP - Licenciamento Ambiental - Figura 3\" srcset=\"https:\/\/eudigital.net\/licenciamento\/wp-content\/uploads\/2020\/09\/PCIP-licenciamento-ambientaljpg-figura-3-1024x795.jpg 1024w, https:\/\/eudigital.net\/licenciamento\/wp-content\/uploads\/2020\/09\/PCIP-licenciamento-ambientaljpg-figura-3-300x233.jpg 300w, https:\/\/eudigital.net\/licenciamento\/wp-content\/uploads\/2020\/09\/PCIP-licenciamento-ambientaljpg-figura-3-768x597.jpg 768w, https:\/\/eudigital.net\/licenciamento\/wp-content\/uploads\/2020\/09\/PCIP-licenciamento-ambientaljpg-figura-3-1536x1193.jpg 1536w, https:\/\/eudigital.net\/licenciamento\/wp-content\/uploads\/2020\/09\/PCIP-licenciamento-ambientaljpg-figura-3-2048x1591.jpg 2048w\" sizes=\"auto, (max-width: 1024px) 100vw, 1024px\" \/>\t\t\t\t\t\t\t\t<\/a>\n\t\t\t\t\t\t\t\t\t\t\t<\/div>\n\t\t\t\t<\/div>\n\t\t\t\t<\/div>\n\t\t\t\t<div class=\"elementor-element elementor-element-af8e6e0 elementor-widget elementor-widget-text-editor\" data-id=\"af8e6e0\" data-element_type=\"widget\" data-widget_type=\"text-editor.default\">\n\t\t\t\t<div class=\"elementor-widget-container\">\n\t\t\t\t\t<div class=\"elementor-text-editor elementor-clearfix\"><p><span data-contrast=\"auto\">O M\u00f3dulo<\/span><span data-contrast=\"auto\"> Licenciamento \u00fanico ambiental, doravante denominado, m\u00f3dulo <\/span><span data-contrast=\"auto\">LUA funciona a partir da plataforma eletr\u00f3nica <\/span><span data-contrast=\"auto\">SILiAmb<\/span><span data-contrast=\"auto\"> \u2013 Sistema Integrado de Licenciamento do Ambiente alojada no portal da APA<\/span><span data-contrast=\"auto\">. Este m\u00f3dulo<\/span><span data-contrast=\"auto\"> visa possibilitar a tramita\u00e7\u00e3o eletr\u00f3nica de todos os pedido<\/span><span data-contrast=\"auto\">s<\/span><span data-contrast=\"auto\"> de licenciamento e autoriza\u00e7\u00e3o relativos a projetos e atividades abrangidas.<\/span><span data-ccp-props=\"{\">\u00a0<\/span><\/p><p><span data-contrast=\"auto\">O m\u00f3dulo LUA compreende um simulador din\u00e2mico que informa o requerente dos enquadramento<\/span><span data-contrast=\"auto\">s<\/span><span data-contrast=\"auto\"> aplic\u00e1veis ao pedido efetuado, as taxas e prazos aplic\u00e1veis por regime bem como a respetiva entidade licenciadora por regime. Em fun\u00e7\u00e3o dos resultados do simulador, o requerente pode, no estrito cumprimento das legisla\u00e7\u00f5es de licenciamento no dom\u00ednio do ambiente, submeter o referido pedido de licenciamento forma integrada (todos os regimes aplic\u00e1veis em simult\u00e2neo) ou faseada (por regime), sendo que o formul\u00e1rio gerado \u00e9 igualmente din\u00e2mico em fun\u00e7\u00e3o dos regimes solicitados. \u202fS\u00f3 ap\u00f3s o preenchimento do formul\u00e1rio \u00fanico (que compreende toda a informa\u00e7\u00e3o necess\u00e1ria para a emiss\u00e3o das decis\u00f5es dos regimes solicitados pelo requerente) \u00e9 poss\u00edvel ao requerente efetuar a respetiva submiss\u00e3o.<\/span><span data-ccp-props=\"{\">\u00a0<\/span><\/p><p><span data-contrast=\"auto\">Neste contexto o antigo formul\u00e1rio PCIP foi completamente desmaterializado neste novo formul\u00e1rio eletr\u00f3nico de preenchimento obrigat\u00f3rio para os pedidos submetidos via m\u00f3dulo LUA. \u202f<\/span><span data-ccp-props=\"{\">\u00a0<\/span><\/p><p><span data-contrast=\"auto\">O separador relativo \u00e0 PCIP solicita a informa\u00e7\u00e3o espec\u00edfica relativa a este regime jur\u00eddico e que n\u00e3o consta no m\u00f3dulo comum, nomeadamente:<\/span><\/p><\/div>\n\t\t\t\t<\/div>\n\t\t\t\t<\/div>\n\t\t\t\t<div class=\"elementor-element elementor-element-919f62c elementor-icon-list--layout-traditional elementor-list-item-link-full_width elementor-widget elementor-widget-icon-list\" data-id=\"919f62c\" data-element_type=\"widget\" data-widget_type=\"icon-list.default\">\n\t\t\t\t<div class=\"elementor-widget-container\">\n\t\t\t\t\t<ul class=\"elementor-icon-list-items\">\n\t\t\t\t\t\t\t<li class=\"elementor-icon-list-item\">\n\t\t\t\t\t\t\t\t\t\t\t<span class=\"elementor-icon-list-icon\">\n\t\t\t\t\t\t\t<i aria-hidden=\"true\" class=\"fas fa-chevron-right\"><\/i>\t\t\t\t\t\t<\/span>\n\t\t\t\t\t\t\t\t\t\t<span class=\"elementor-icon-list-text\">A atividade PCIP desenvolvida ou a desenvolver, com indica\u00e7\u00e3o da capacidade instalada associada a cada atividade PCIP. <\/span>\n\t\t\t\t\t\t\t\t\t<\/li>\n\t\t\t\t\t\t\t\t<li class=\"elementor-icon-list-item\">\n\t\t\t\t\t\t\t\t\t\t\t<span class=\"elementor-icon-list-icon\">\n\t\t\t\t\t\t\t<i aria-hidden=\"true\" class=\"fas fa-chevron-right\"><\/i>\t\t\t\t\t\t<\/span>\n\t\t\t\t\t\t\t\t\t\t<span class=\"elementor-icon-list-text\">Listagem das melhores t\u00e9cnicas dispon\u00edveis (MTD), os valores de emiss\u00e3o associados (VEA) aplic\u00e1veis preconizados nos Documentos de Refer\u00eancia (BREF) elaborados no \u00e2mbito da PCIP e aplic\u00e1veis \u00e0 instala\u00e7\u00e3o \/ estabelecimento, ou a justifica\u00e7\u00e3o da n\u00e3o aplica\u00e7\u00e3o das MTD potencialmente aplic\u00e1veis. <\/span>\n\t\t\t\t\t\t\t\t\t<\/li>\n\t\t\t\t\t\t\t\t<li class=\"elementor-icon-list-item\">\n\t\t\t\t\t\t\t\t\t\t\t<span class=\"elementor-icon-list-icon\">\n\t\t\t\t\t\t\t<i aria-hidden=\"true\" class=\"fas fa-chevron-right\"><\/i>\t\t\t\t\t\t<\/span>\n\t\t\t\t\t\t\t\t\t\t<span class=\"elementor-icon-list-text\">Avalia\u00e7\u00e3o da aplicabilidade dos documentos de refer\u00eancia transversais eventualmente aplic\u00e1veis \u00e0 instala\u00e7\u00e3o \/ estabelecimento;  <\/span>\n\t\t\t\t\t\t\t\t\t<\/li>\n\t\t\t\t\t\t\t\t<li class=\"elementor-icon-list-item\">\n\t\t\t\t\t\t\t\t\t\t\t<span class=\"elementor-icon-list-icon\">\n\t\t\t\t\t\t\t<i aria-hidden=\"true\" class=\"fas fa-chevron-right\"><\/i>\t\t\t\t\t\t<\/span>\n\t\t\t\t\t\t\t\t\t\t<span class=\"elementor-icon-list-text\">Relat\u00f3rio de base ou documento relativo \u00e0 Avalia\u00e7\u00e3o da necessidade do Relat\u00f3rio de Base; <\/span>\n\t\t\t\t\t\t\t\t\t<\/li>\n\t\t\t\t\t\t\t\t<li class=\"elementor-icon-list-item\">\n\t\t\t\t\t\t\t\t\t\t\t<span class=\"elementor-icon-list-icon\">\n\t\t\t\t\t\t\t<i aria-hidden=\"true\" class=\"fas fa-chevron-right\"><\/i>\t\t\t\t\t\t<\/span>\n\t\t\t\t\t\t\t\t\t\t<span class=\"elementor-icon-list-text\">No caso de ser exercida a atividade de gest\u00e3o de efluentes pecu\u00e1rios, apresenta\u00e7\u00e3o de c\u00f3pia do parecer de aprova\u00e7\u00e3o do plano de gest\u00e3o de efluentes pecu\u00e1rios, se aplic\u00e1vel, ou comprovativo de submiss\u00e3o junto da entidade coordenadora. <\/span>\n\t\t\t\t\t\t\t\t\t<\/li>\n\t\t\t\t\t\t<\/ul>\n\t\t\t\t<\/div>\n\t\t\t\t<\/div>\n\t\t\t\t<div class=\"elementor-element elementor-element-ae81c34 elementor-widget elementor-widget-text-editor\" data-id=\"ae81c34\" data-element_type=\"widget\" data-widget_type=\"text-editor.default\">\n\t\t\t\t<div class=\"elementor-widget-container\">\n\t\t\t\t\t<div class=\"elementor-text-editor elementor-clearfix\"><p><span class=\"TextRun SCXW36024518 BCX4\" lang=\"PT-PT\" xml:lang=\"PT-PT\" data-contrast=\"auto\"><span class=\"NormalTextRun SCXW36024518 BCX4\">Nota: Dever\u00e1 ser utilizado<\/span><\/span><span class=\"TextRun SCXW36024518 BCX4\" lang=\"PT-PT\" xml:lang=\"PT-PT\" data-contrast=\"auto\"><span class=\"NormalTextRun SCXW36024518 BCX4\"> documento Excel para a sistematiza\u00e7\u00e3o das MTD aplic\u00e1veis \u00e0s instala\u00e7\u00f5es PCIP<\/span><\/span><span class=\"TextRun SCXW36024518 BCX4\" lang=\"PT-PT\" xml:lang=\"PT-PT\" data-contrast=\"auto\"><span class=\"NormalTextRun SCXW36024518 BCX4\">, localiza na plataforma APA.\u00a0<\/span><\/span><span class=\"EOP SCXW36024518 BCX4\" data-ccp-props=\"{&quot;201341983&quot;:0,&quot;335551550&quot;:6,&quot;335551620&quot;:6,&quot;335559739&quot;:120,&quot;335559740&quot;:300}\">\u00a0<\/span><\/p><\/div>\n\t\t\t\t<\/div>\n\t\t\t\t<\/div>\n\t\t\t\t<div class=\"elementor-element elementor-element-47f0caf elementor-widget elementor-widget-spacer\" data-id=\"47f0caf\" data-element_type=\"widget\" data-widget_type=\"spacer.default\">\n\t\t\t\t<div class=\"elementor-widget-container\">\n\t\t\t\t\t<div class=\"elementor-spacer\">\n\t\t\t<div class=\"elementor-spacer-inner\"><\/div>\n\t\t<\/div>\n\t\t\t\t<\/div>\n\t\t\t\t<\/div>\n\t\t\t\t<div class=\"elementor-element elementor-element-cc698b8 elementor-widget elementor-widget-heading\" data-id=\"cc698b8\" data-element_type=\"widget\" id=\"section3\" data-widget_type=\"heading.default\">\n\t\t\t\t<div class=\"elementor-widget-container\">\n\t\t\t<h2 class=\"elementor-heading-title elementor-size-default\">Relat\u00f3rio Base <\/h2>\t\t<\/div>\n\t\t\t\t<\/div>\n\t\t\t\t<div class=\"elementor-element elementor-element-461e5fa elementor-widget elementor-widget-text-editor\" data-id=\"461e5fa\" data-element_type=\"widget\" data-widget_type=\"text-editor.default\">\n\t\t\t\t<div class=\"elementor-widget-container\">\n\t\t\t\t\t<div class=\"elementor-text-editor elementor-clearfix\"><p><span data-contrast=\"auto\">O Relat\u00f3rio de Base \u00e9 obrigat\u00f3rio no caso de a atividade envolver a utiliza\u00e7\u00e3o, produ\u00e7\u00e3o ou liberta\u00e7\u00e3o de subst\u00e2ncias perigosas relevantes, e dever\u00e1 ser entregue em conjunto com o processo de licenciamento ambiental, para novas instala\u00e7\u00f5es, ou aquando da primeira renova\u00e7\u00e3o ou altera\u00e7\u00e3o, para instala\u00e7\u00f5es detentoras de LA.<\/span><span data-ccp-props=\"{&quot;201341983&quot;:0,&quot;335551550&quot;:6,&quot;335551620&quot;:6,&quot;335559739&quot;:120,&quot;335559740&quot;:300}\">\u00a0<\/span><\/p><p><span data-contrast=\"auto\">A <\/span><span data-contrast=\"auto\">necessidade de realiza\u00e7\u00e3o do relat\u00f3rio base <\/span><span data-contrast=\"auto\">pode ser definido por <\/span><span data-contrast=\"auto\">duas fases:<\/span><span data-ccp-props=\"{&quot;201341983&quot;:0,&quot;335551550&quot;:6,&quot;335551620&quot;:6,&quot;335559739&quot;:120,&quot;335559740&quot;:300}\">\u00a0<\/span><\/p><\/div>\n\t\t\t\t<\/div>\n\t\t\t\t<\/div>\n\t\t\t\t<div class=\"elementor-element elementor-element-79d778d elementor-widget elementor-widget-heading\" data-id=\"79d778d\" data-element_type=\"widget\" data-widget_type=\"heading.default\">\n\t\t\t\t<div class=\"elementor-widget-container\">\n\t\t\t<h3 class=\"elementor-heading-title elementor-size-default\">1. Avalia\u00e7\u00e3o da necessidade do Relat\u00f3rio de Base  <\/h3>\t\t<\/div>\n\t\t\t\t<\/div>\n\t\t\t\t<div class=\"elementor-element elementor-element-2ea54bb elementor-icon-list--layout-traditional elementor-list-item-link-full_width elementor-widget elementor-widget-icon-list\" data-id=\"2ea54bb\" data-element_type=\"widget\" data-widget_type=\"icon-list.default\">\n\t\t\t\t<div class=\"elementor-widget-container\">\n\t\t\t\t\t<ul class=\"elementor-icon-list-items\">\n\t\t\t\t\t\t\t<li class=\"elementor-icon-list-item\">\n\t\t\t\t\t\t\t\t\t\t\t<span class=\"elementor-icon-list-icon\">\n\t\t\t\t\t\t\t<i aria-hidden=\"true\" class=\"fas fa-chevron-right\"><\/i>\t\t\t\t\t\t<\/span>\n\t\t\t\t\t\t\t\t\t\t<span class=\"elementor-icon-list-text\">Identifica\u00e7\u00e3o (listagem ou quadro) dos res\u00edduos perigosos e das subst\u00e2ncias perigosas usadas, produzidas ou libertadas na instala\u00e7\u00e3o. Deve ser elaborada listagem de todas as subst\u00e2ncias perigosas presentes na instala\u00e7\u00e3o, sejam elas mat\u00e9rias-primas, mat\u00e9rias subsidi\u00e1rias, produtos, subprodutos, res\u00edduos, etc., utilizadas ou produzidas no \u00e2mbito das atividades PCIP constantes do Anexo I do Diploma REI ou atividades associadas \u00e0 atividade PCIP. <\/span>\n\t\t\t\t\t\t\t\t\t<\/li>\n\t\t\t\t\t\t\t\t<li class=\"elementor-icon-list-item\">\n\t\t\t\t\t\t\t\t\t\t\t<span class=\"elementor-icon-list-icon\">\n\t\t\t\t\t\t\t<i aria-hidden=\"true\" class=\"fas fa-chevron-right\"><\/i>\t\t\t\t\t\t<\/span>\n\t\t\t\t\t\t\t\t\t\t<span class=\"elementor-icon-list-text\">Identifica\u00e7\u00e3o, de entre as subst\u00e2ncias listadas no ponto anterior, as que s\u00e3o pass\u00edveis de provocar contamina\u00e7\u00e3o dos solos e \u00e1guas subterr\u00e2neas. <\/span>\n\t\t\t\t\t\t\t\t\t<\/li>\n\t\t\t\t\t\t\t\t<li class=\"elementor-icon-list-item\">\n\t\t\t\t\t\t\t\t\t\t\t<span class=\"elementor-icon-list-icon\">\n\t\t\t\t\t\t\t<i aria-hidden=\"true\" class=\"fas fa-chevron-right\"><\/i>\t\t\t\t\t\t<\/span>\n\t\t\t\t\t\t\t\t\t\t<span class=\"elementor-icon-list-text\">Identifica\u00e7\u00e3o, de entre as subst\u00e2ncias listadas, as que, tendo em considera\u00e7\u00e3o as suas caracter\u00edsticas, quantidades presentes e medidas previstas e implementadas para o manuseamento, armazenamento e transporte, ainda s\u00e3o suscet\u00edveis de provocar contamina\u00e7\u00e3o do solo e \u00e1guas subterr\u00e2neas do local onde se encontra a instala\u00e7\u00e3o. <\/span>\n\t\t\t\t\t\t\t\t\t<\/li>\n\t\t\t\t\t\t\t\t<li class=\"elementor-icon-list-item\">\n\t\t\t\t\t\t\t\t\t\t\t<span class=\"elementor-icon-list-icon\">\n\t\t\t\t\t\t\t<i aria-hidden=\"true\" class=\"fas fa-chevron-right\"><\/i>\t\t\t\t\t\t<\/span>\n\t\t\t\t\t\t\t\t\t\t<span class=\"elementor-icon-list-text\">Conclus\u00e3o sobre a necessidade de elabora\u00e7\u00e3o do Relat\u00f3rio de Base, atendendo ao resultado dos pontos anteriores. <\/span>\n\t\t\t\t\t\t\t\t\t<\/li>\n\t\t\t\t\t\t<\/ul>\n\t\t\t\t<\/div>\n\t\t\t\t<\/div>\n\t\t\t\t<div class=\"elementor-element elementor-element-a0f689d elementor-widget elementor-widget-text-editor\" data-id=\"a0f689d\" data-element_type=\"widget\" data-widget_type=\"text-editor.default\">\n\t\t\t\t<div class=\"elementor-widget-container\">\n\t\t\t\t\t<div class=\"elementor-text-editor elementor-clearfix\"><p><span class=\"TextRun SCXW17924534 BCX4\" lang=\"PT-PT\" xml:lang=\"PT-PT\" data-contrast=\"auto\"><span class=\"NormalTextRun SCXW17924534 BCX4\">Dependendo do resultado desta avalia\u00e7\u00e3o (e posterior valida\u00e7\u00e3o pela APA), o operador ser\u00e1 informado da decis\u00e3o da APA. Decis\u00e3o esse que indicar\u00e1 a isen\u00e7\u00e3o ou n\u00e3o da elabora\u00e7\u00e3o do relat\u00f3rio de base.\u00a0<\/span><\/span><span class=\"EOP SCXW17924534 BCX4\" data-ccp-props=\"{&quot;201341983&quot;:0,&quot;335551550&quot;:6,&quot;335551620&quot;:6,&quot;335559739&quot;:120,&quot;335559740&quot;:300}\">\u00a0<\/span><\/p><\/div>\n\t\t\t\t<\/div>\n\t\t\t\t<\/div>\n\t\t\t\t<div class=\"elementor-element elementor-element-65baf51 elementor-widget elementor-widget-heading\" data-id=\"65baf51\" data-element_type=\"widget\" data-widget_type=\"heading.default\">\n\t\t\t\t<div class=\"elementor-widget-container\">\n\t\t\t<h3 class=\"elementor-heading-title elementor-size-default\">2. Relat\u00f3rio de Base <\/h3>\t\t<\/div>\n\t\t\t\t<\/div>\n\t\t\t\t<div class=\"elementor-element elementor-element-6ecee77 elementor-widget elementor-widget-text-editor\" data-id=\"6ecee77\" data-element_type=\"widget\" data-widget_type=\"text-editor.default\">\n\t\t\t\t<div class=\"elementor-widget-container\">\n\t\t\t\t\t<div class=\"elementor-text-editor elementor-clearfix\"><p><span class=\"TextRun SCXW227099236 BCX4\" lang=\"PT-PT\" xml:lang=\"PT-PT\" data-contrast=\"auto\"><span class=\"NormalTextRun SCXW227099236 BCX4\">Em caso de obrigatoriedade de elabora\u00e7\u00e3o do Relat\u00f3rio de Base, o relat\u00f3rio dever\u00e1 seguir a seguinte estrutura:<\/span><\/span><span class=\"EOP SCXW227099236 BCX4\" data-ccp-props=\"{&quot;201341983&quot;:0,&quot;335551550&quot;:6,&quot;335551620&quot;:6,&quot;335559739&quot;:120,&quot;335559740&quot;:300}\">\u00a0<\/span><\/p><\/div>\n\t\t\t\t<\/div>\n\t\t\t\t<\/div>\n\t\t\t\t<div class=\"elementor-element elementor-element-577285a elementor-icon-list--layout-traditional elementor-list-item-link-full_width elementor-widget elementor-widget-icon-list\" data-id=\"577285a\" data-element_type=\"widget\" data-widget_type=\"icon-list.default\">\n\t\t\t\t<div class=\"elementor-widget-container\">\n\t\t\t\t\t<ul class=\"elementor-icon-list-items\">\n\t\t\t\t\t\t\t<li class=\"elementor-icon-list-item\">\n\t\t\t\t\t\t\t\t\t\t<span class=\"elementor-icon-list-text\"><span style=\"font-weight:700;color:#203C89\">1. <\/span>  Identifica\u00e7\u00e3o da instala\u00e7\u00e3o <\/span>\n\t\t\t\t\t\t\t\t\t<\/li>\n\t\t\t\t\t\t\t\t<li class=\"elementor-icon-list-item\">\n\t\t\t\t\t\t\t\t\t\t<span class=\"elementor-icon-list-text\"><span style=\"font-weight:700;color:#203C89\">2. <\/span>  Listagem das subst\u00e2ncias identificadas na Fase 1, 2 e 3 acompanhada de justifica\u00e7\u00e3o clara dos motivos que motivaram a elimina\u00e7\u00e3o de subst\u00e2ncias de uma fase para a seguinte <\/span>\n\t\t\t\t\t\t\t\t\t<\/li>\n\t\t\t\t\t\t<\/ul>\n\t\t\t\t<\/div>\n\t\t\t\t<\/div>\n\t\t\t\t<div class=\"elementor-element elementor-element-bea1605 elementor-icon-list--layout-traditional elementor-list-item-link-full_width elementor-widget elementor-widget-icon-list\" data-id=\"bea1605\" data-element_type=\"widget\" data-widget_type=\"icon-list.default\">\n\t\t\t\t<div class=\"elementor-widget-container\">\n\t\t\t\t\t<ul class=\"elementor-icon-list-items\">\n\t\t\t\t\t\t\t<li class=\"elementor-icon-list-item\">\n\t\t\t\t\t\t\t\t\t\t\t<span class=\"elementor-icon-list-icon\">\n\t\t\t\t\t\t\t<i aria-hidden=\"true\" class=\"fas fa-chevron-right\"><\/i>\t\t\t\t\t\t<\/span>\n\t\t\t\t\t\t\t\t\t\t<span class=\"elementor-icon-list-text\">Conclus\u00e3o sobre a necessidade de elabora\u00e7\u00e3o do Relat\u00f3rio de Base, atendendo ao resultado dos pontos anteriores. <\/span>\n\t\t\t\t\t\t\t\t\t<\/li>\n\t\t\t\t\t\t<\/ul>\n\t\t\t\t<\/div>\n\t\t\t\t<\/div>\n\t\t\t\t<div class=\"elementor-element elementor-element-b55206d elementor-icon-list--layout-traditional elementor-list-item-link-full_width elementor-widget elementor-widget-icon-list\" data-id=\"b55206d\" data-element_type=\"widget\" data-widget_type=\"icon-list.default\">\n\t\t\t\t<div class=\"elementor-widget-container\">\n\t\t\t\t\t<ul class=\"elementor-icon-list-items\">\n\t\t\t\t\t\t\t<li class=\"elementor-icon-list-item\">\n\t\t\t\t\t\t\t\t\t\t<span class=\"elementor-icon-list-text\"><span style=\"font-weight:700;color:#203C89\">3. <\/span>Conclus\u00e3o sobre a necessidade de elabora\u00e7\u00e3o do Relat\u00f3rio de Base, e quais as Subst\u00e2ncias Perigosas Relevantes  <\/span>\n\t\t\t\t\t\t\t\t\t<\/li>\n\t\t\t\t\t\t\t\t<li class=\"elementor-icon-list-item\">\n\t\t\t\t\t\t\t\t\t\t<span class=\"elementor-icon-list-text\"><span style=\"font-weight:700;color:#203C89\">4. <\/span> Identifica\u00e7\u00e3o de contamina\u00e7\u00e3o hist\u00f3rica  <\/span>\n\t\t\t\t\t\t\t\t\t<\/li>\n\t\t\t\t\t\t<\/ul>\n\t\t\t\t<\/div>\n\t\t\t\t<\/div>\n\t\t\t\t<div class=\"elementor-element elementor-element-e66af9b elementor-icon-list--layout-traditional elementor-list-item-link-full_width elementor-widget elementor-widget-icon-list\" data-id=\"e66af9b\" data-element_type=\"widget\" data-widget_type=\"icon-list.default\">\n\t\t\t\t<div class=\"elementor-widget-container\">\n\t\t\t\t\t<ul class=\"elementor-icon-list-items\">\n\t\t\t\t\t\t\t<li class=\"elementor-icon-list-item\">\n\t\t\t\t\t\t\t\t\t\t\t<span class=\"elementor-icon-list-icon\">\n\t\t\t\t\t\t\t<i aria-hidden=\"true\" class=\"fas fa-chevron-right\"><\/i>\t\t\t\t\t\t<\/span>\n\t\t\t\t\t\t\t\t\t\t<span class=\"elementor-icon-list-text\">Enumerar as utiliza\u00e7\u00f5es do local de implanta\u00e7\u00e3o da instala\u00e7\u00e3o  <\/span>\n\t\t\t\t\t\t\t\t\t<\/li>\n\t\t\t\t\t\t\t\t<li class=\"elementor-icon-list-item\">\n\t\t\t\t\t\t\t\t\t\t\t<span class=\"elementor-icon-list-icon\">\n\t\t\t\t\t\t\t<i aria-hidden=\"true\" class=\"fas fa-chevron-right\"><\/i>\t\t\t\t\t\t<\/span>\n\t\t\t\t\t\t\t\t\t\t<span class=\"elementor-icon-list-text\">Listar acidentes e emiss\u00f5es ocorridas anteriormente  <\/span>\n\t\t\t\t\t\t\t\t\t<\/li>\n\t\t\t\t\t\t\t\t<li class=\"elementor-icon-list-item\">\n\t\t\t\t\t\t\t\t\t\t\t<span class=\"elementor-icon-list-icon\">\n\t\t\t\t\t\t\t<i aria-hidden=\"true\" class=\"fas fa-chevron-right\"><\/i>\t\t\t\t\t\t<\/span>\n\t\t\t\t\t\t\t\t\t\t<span class=\"elementor-icon-list-text\">Indicar a possibilidade de contamina\u00e7\u00f5es provenientes de instala\u00e7\u00f5es vizinhas  <\/span>\n\t\t\t\t\t\t\t\t\t<\/li>\n\t\t\t\t\t\t\t\t<li class=\"elementor-icon-list-item\">\n\t\t\t\t\t\t\t\t\t\t\t<span class=\"elementor-icon-list-icon\">\n\t\t\t\t\t\t\t<i aria-hidden=\"true\" class=\"fas fa-chevron-right\"><\/i>\t\t\t\t\t\t<\/span>\n\t\t\t\t\t\t\t\t\t\t<span class=\"elementor-icon-list-text\">Descrever altera\u00e7\u00f5es na instala\u00e7\u00e3o com implica\u00e7\u00e3o nos riscos de contamina\u00e7\u00e3o, e motivos que levaram \u00e0 sua implementa\u00e7\u00e3o  <\/span>\n\t\t\t\t\t\t\t\t\t<\/li>\n\t\t\t\t\t\t<\/ul>\n\t\t\t\t<\/div>\n\t\t\t\t<\/div>\n\t\t\t\t<div class=\"elementor-element elementor-element-8471421 elementor-icon-list--layout-traditional elementor-list-item-link-full_width elementor-widget elementor-widget-icon-list\" data-id=\"8471421\" data-element_type=\"widget\" data-widget_type=\"icon-list.default\">\n\t\t\t\t<div class=\"elementor-widget-container\">\n\t\t\t\t\t<ul class=\"elementor-icon-list-items\">\n\t\t\t\t\t\t\t<li class=\"elementor-icon-list-item\">\n\t\t\t\t\t\t\t\t\t\t<span class=\"elementor-icon-list-text\"><span style=\"font-weight:700;color:#203C89\">5. <\/span> Enquadramento ambiental  <\/span>\n\t\t\t\t\t\t\t\t\t<\/li>\n\t\t\t\t\t\t<\/ul>\n\t\t\t\t<\/div>\n\t\t\t\t<\/div>\n\t\t\t\t<div class=\"elementor-element elementor-element-045513b elementor-icon-list--layout-traditional elementor-list-item-link-full_width elementor-widget elementor-widget-icon-list\" data-id=\"045513b\" data-element_type=\"widget\" data-widget_type=\"icon-list.default\">\n\t\t\t\t<div class=\"elementor-widget-container\">\n\t\t\t\t\t<ul class=\"elementor-icon-list-items\">\n\t\t\t\t\t\t\t<li class=\"elementor-icon-list-item\">\n\t\t\t\t\t\t\t\t\t\t\t<span class=\"elementor-icon-list-icon\">\n\t\t\t\t\t\t\t<i aria-hidden=\"true\" class=\"fas fa-chevron-right\"><\/i>\t\t\t\t\t\t<\/span>\n\t\t\t\t\t\t\t\t\t\t<span class=\"elementor-icon-list-text\">Caracterizar o local de implanta\u00e7\u00e3o (indicando as fontes de informa\u00e7\u00e3o): <\/span>\n\t\t\t\t\t\t\t\t\t<\/li>\n\t\t\t\t\t\t<\/ul>\n\t\t\t\t<\/div>\n\t\t\t\t<\/div>\n\t\t\t\t<div class=\"elementor-element elementor-element-80d6ef3 elementor-icon-list--layout-traditional elementor-list-item-link-full_width elementor-widget elementor-widget-icon-list\" data-id=\"80d6ef3\" data-element_type=\"widget\" data-widget_type=\"icon-list.default\">\n\t\t\t\t<div class=\"elementor-widget-container\">\n\t\t\t\t\t<ul class=\"elementor-icon-list-items\">\n\t\t\t\t\t\t\t<li class=\"elementor-icon-list-item\">\n\t\t\t\t\t\t\t\t\t\t\t<span class=\"elementor-icon-list-icon\">\n\t\t\t\t\t\t\t<i aria-hidden=\"true\" class=\"fas fa-check\"><\/i>\t\t\t\t\t\t<\/span>\n\t\t\t\t\t\t\t\t\t\t<span class=\"elementor-icon-list-text\">Topografia<\/span>\n\t\t\t\t\t\t\t\t\t<\/li>\n\t\t\t\t\t\t\t\t<li class=\"elementor-icon-list-item\">\n\t\t\t\t\t\t\t\t\t\t\t<span class=\"elementor-icon-list-icon\">\n\t\t\t\t\t\t\t<i aria-hidden=\"true\" class=\"fas fa-check\"><\/i>\t\t\t\t\t\t<\/span>\n\t\t\t\t\t\t\t\t\t\t<span class=\"elementor-icon-list-text\">Geologia e hidrogeologia  <\/span>\n\t\t\t\t\t\t\t\t\t<\/li>\n\t\t\t\t\t\t\t\t<li class=\"elementor-icon-list-item\">\n\t\t\t\t\t\t\t\t\t\t\t<span class=\"elementor-icon-list-icon\">\n\t\t\t\t\t\t\t<i aria-hidden=\"true\" class=\"fas fa-check\"><\/i>\t\t\t\t\t\t<\/span>\n\t\t\t\t\t\t\t\t\t\t<span class=\"elementor-icon-list-text\">Hidrologia<\/span>\n\t\t\t\t\t\t\t\t\t<\/li>\n\t\t\t\t\t\t\t\t<li class=\"elementor-icon-list-item\">\n\t\t\t\t\t\t\t\t\t\t\t<span class=\"elementor-icon-list-icon\">\n\t\t\t\t\t\t\t<i aria-hidden=\"true\" class=\"fas fa-check\"><\/i>\t\t\t\t\t\t<\/span>\n\t\t\t\t\t\t\t\t\t\t<span class=\"elementor-icon-list-text\">Vias constru\u00eddas  <\/span>\n\t\t\t\t\t\t\t\t\t<\/li>\n\t\t\t\t\t\t\t\t<li class=\"elementor-icon-list-item\">\n\t\t\t\t\t\t\t\t\t\t\t<span class=\"elementor-icon-list-icon\">\n\t\t\t\t\t\t\t<i aria-hidden=\"true\" class=\"fas fa-check\"><\/i>\t\t\t\t\t\t<\/span>\n\t\t\t\t\t\t\t\t\t\t<span class=\"elementor-icon-list-text\">Utiliza\u00e7\u00e3o de terrenos circundantes  <\/span>\n\t\t\t\t\t\t\t\t\t<\/li>\n\t\t\t\t\t\t<\/ul>\n\t\t\t\t<\/div>\n\t\t\t\t<\/div>\n\t\t\t\t<div class=\"elementor-element elementor-element-12abdc2 elementor-icon-list--layout-traditional elementor-list-item-link-full_width elementor-widget elementor-widget-icon-list\" data-id=\"12abdc2\" data-element_type=\"widget\" data-widget_type=\"icon-list.default\">\n\t\t\t\t<div class=\"elementor-widget-container\">\n\t\t\t\t\t<ul class=\"elementor-icon-list-items\">\n\t\t\t\t\t\t\t<li class=\"elementor-icon-list-item\">\n\t\t\t\t\t\t\t\t\t\t<span class=\"elementor-icon-list-text\"><span style=\"font-weight:700;color:#203C89\">6. <\/span> Caracteriza\u00e7\u00e3o e investiga\u00e7\u00e3o do local de implanta\u00e7\u00e3o da instala\u00e7\u00e3o  <\/span>\n\t\t\t\t\t\t\t\t\t<\/li>\n\t\t\t\t\t\t<\/ul>\n\t\t\t\t<\/div>\n\t\t\t\t<\/div>\n\t\t\t\t<div class=\"elementor-element elementor-element-adc6c3b elementor-icon-list--layout-traditional elementor-list-item-link-full_width elementor-widget elementor-widget-icon-list\" data-id=\"adc6c3b\" data-element_type=\"widget\" data-widget_type=\"icon-list.default\">\n\t\t\t\t<div class=\"elementor-widget-container\">\n\t\t\t\t\t<ul class=\"elementor-icon-list-items\">\n\t\t\t\t\t\t\t<li class=\"elementor-icon-list-item\">\n\t\t\t\t\t\t\t\t\t\t\t<span class=\"elementor-icon-list-icon\">\n\t\t\t\t\t\t\t<i aria-hidden=\"true\" class=\"fas fa-chevron-right\"><\/i>\t\t\t\t\t\t<\/span>\n\t\t\t\t\t\t\t\t\t\t<span class=\"elementor-icon-list-text\">Planta com os locais identificados como possivelmente contaminados ou fonte de polui\u00e7\u00e3o, e respetivas subst\u00e2ncias contaminantes  <\/span>\n\t\t\t\t\t\t\t\t\t<\/li>\n\t\t\t\t\t\t\t\t<li class=\"elementor-icon-list-item\">\n\t\t\t\t\t\t\t\t\t\t\t<span class=\"elementor-icon-list-icon\">\n\t\t\t\t\t\t\t<i aria-hidden=\"true\" class=\"fas fa-chevron-right\"><\/i>\t\t\t\t\t\t<\/span>\n\t\t\t\t\t\t\t\t\t\t<span class=\"elementor-icon-list-text\">Listagem das fontes potenciais de contamina\u00e7\u00e3o associ\u00e1veis a cada ponto de investiga\u00e7\u00e3o proposto  <\/span>\n\t\t\t\t\t\t\t\t\t<\/li>\n\t\t\t\t\t\t\t\t<li class=\"elementor-icon-list-item\">\n\t\t\t\t\t\t\t\t\t\t\t<span class=\"elementor-icon-list-icon\">\n\t\t\t\t\t\t\t<i aria-hidden=\"true\" class=\"fas fa-chevron-right\"><\/i>\t\t\t\t\t\t<\/span>\n\t\t\t\t\t\t\t\t\t\t<span class=\"elementor-icon-list-text\">Estrat\u00e9gia de amostragem \u2013 orientada ou n\u00e3o-orientada, com justifica\u00e7\u00e3o da escolha dos pontos de amostragem <\/span>\n\t\t\t\t\t\t\t\t\t<\/li>\n\t\t\t\t\t\t\t\t<li class=\"elementor-icon-list-item\">\n\t\t\t\t\t\t\t\t\t\t\t<span class=\"elementor-icon-list-icon\">\n\t\t\t\t\t\t\t<i aria-hidden=\"true\" class=\"fas fa-chevron-right\"><\/i>\t\t\t\t\t\t<\/span>\n\t\t\t\t\t\t\t\t\t\t<span class=\"elementor-icon-list-text\">M\u00e9todos utilizados para a recolha e an\u00e1lise das amostras  <\/span>\n\t\t\t\t\t\t\t\t\t<\/li>\n\t\t\t\t\t\t<\/ul>\n\t\t\t\t<\/div>\n\t\t\t\t<\/div>\n\t\t\t\t<div class=\"elementor-element elementor-element-8598243 elementor-icon-list--layout-traditional elementor-list-item-link-full_width elementor-widget elementor-widget-icon-list\" data-id=\"8598243\" data-element_type=\"widget\" data-widget_type=\"icon-list.default\">\n\t\t\t\t<div class=\"elementor-widget-container\">\n\t\t\t\t\t<ul class=\"elementor-icon-list-items\">\n\t\t\t\t\t\t\t<li class=\"elementor-icon-list-item\">\n\t\t\t\t\t\t\t\t\t\t<span class=\"elementor-icon-list-text\"><span style=\"font-weight:700;color:#203C89\">7. <\/span> Anexos  <\/span>\n\t\t\t\t\t\t\t\t\t<\/li>\n\t\t\t\t\t\t<\/ul>\n\t\t\t\t<\/div>\n\t\t\t\t<\/div>\n\t\t\t\t<div class=\"elementor-element elementor-element-0017832 elementor-icon-list--layout-traditional elementor-list-item-link-full_width elementor-widget elementor-widget-icon-list\" data-id=\"0017832\" data-element_type=\"widget\" data-widget_type=\"icon-list.default\">\n\t\t\t\t<div class=\"elementor-widget-container\">\n\t\t\t\t\t<ul class=\"elementor-icon-list-items\">\n\t\t\t\t\t\t\t<li class=\"elementor-icon-list-item\">\n\t\t\t\t\t\t\t\t\t\t\t<span class=\"elementor-icon-list-icon\">\n\t\t\t\t\t\t\t<i aria-hidden=\"true\" class=\"fas fa-chevron-right\"><\/i>\t\t\t\t\t\t<\/span>\n\t\t\t\t\t\t\t\t\t\t<span class=\"elementor-icon-list-text\">Planta com a localiza\u00e7\u00e3o dos pontos de monitoriza\u00e7\u00e3o e de colheita de amostras  <\/span>\n\t\t\t\t\t\t\t\t\t<\/li>\n\t\t\t\t\t\t\t\t<li class=\"elementor-icon-list-item\">\n\t\t\t\t\t\t\t\t\t\t\t<span class=\"elementor-icon-list-icon\">\n\t\t\t\t\t\t\t<i aria-hidden=\"true\" class=\"fas fa-chevron-right\"><\/i>\t\t\t\t\t\t<\/span>\n\t\t\t\t\t\t\t\t\t\t<span class=\"elementor-icon-list-text\">Registos dos diversos tipos de perfura\u00e7\u00f5es e sondagens explorat\u00f3rias <\/span>\n\t\t\t\t\t\t\t\t\t<\/li>\n\t\t\t\t\t\t\t\t<li class=\"elementor-icon-list-item\">\n\t\t\t\t\t\t\t\t\t\t\t<span class=\"elementor-icon-list-icon\">\n\t\t\t\t\t\t\t<i aria-hidden=\"true\" class=\"fas fa-chevron-right\"><\/i>\t\t\t\t\t\t<\/span>\n\t\t\t\t\t\t\t\t\t\t<span class=\"elementor-icon-list-text\">Resultados da monitoriza\u00e7\u00e3o  <\/span>\n\t\t\t\t\t\t\t\t\t<\/li>\n\t\t\t\t\t\t\t\t<li class=\"elementor-icon-list-item\">\n\t\t\t\t\t\t\t\t\t\t\t<span class=\"elementor-icon-list-icon\">\n\t\t\t\t\t\t\t<i aria-hidden=\"true\" class=\"fas fa-chevron-right\"><\/i>\t\t\t\t\t\t<\/span>\n\t\t\t\t\t\t\t\t\t\t<span class=\"elementor-icon-list-text\">Descri\u00e7\u00e3o das amostras enviadas para an\u00e1lise  <\/span>\n\t\t\t\t\t\t\t\t\t<\/li>\n\t\t\t\t\t\t\t\t<li class=\"elementor-icon-list-item\">\n\t\t\t\t\t\t\t\t\t\t\t<span class=\"elementor-icon-list-icon\">\n\t\t\t\t\t\t\t<i aria-hidden=\"true\" class=\"fas fa-chevron-right\"><\/i>\t\t\t\t\t\t<\/span>\n\t\t\t\t\t\t\t\t\t\t<span class=\"elementor-icon-list-text\">Dados pertinentes de garantia\/controlo de qualidade  <\/span>\n\t\t\t\t\t\t\t\t\t<\/li>\n\t\t\t\t\t\t\t\t<li class=\"elementor-icon-list-item\">\n\t\t\t\t\t\t\t\t\t\t\t<span class=\"elementor-icon-list-icon\">\n\t\t\t\t\t\t\t<i aria-hidden=\"true\" class=\"fas fa-chevron-right\"><\/i>\t\t\t\t\t\t<\/span>\n\t\t\t\t\t\t\t\t\t\t<span class=\"elementor-icon-list-text\">Relat\u00f3rios das an\u00e1lises laboratoriais <\/span>\n\t\t\t\t\t\t\t\t\t<\/li>\n\t\t\t\t\t\t<\/ul>\n\t\t\t\t<\/div>\n\t\t\t\t<\/div>\n\t\t\t\t<div class=\"elementor-element elementor-element-9c9c7c4 elementor-widget elementor-widget-spacer\" data-id=\"9c9c7c4\" data-element_type=\"widget\" data-widget_type=\"spacer.default\">\n\t\t\t\t<div class=\"elementor-widget-container\">\n\t\t\t\t\t<div class=\"elementor-spacer\">\n\t\t\t<div class=\"elementor-spacer-inner\"><\/div>\n\t\t<\/div>\n\t\t\t\t<\/div>\n\t\t\t\t<\/div>\n\t\t\t\t<div class=\"elementor-element elementor-element-36000d2 elementor-widget elementor-widget-heading\" data-id=\"36000d2\" data-element_type=\"widget\" id=\"section4\" data-widget_type=\"heading.default\">\n\t\t\t\t<div class=\"elementor-widget-container\">\n\t\t\t<h2 class=\"elementor-heading-title elementor-size-default\">Relat\u00f3rio Ambiental Anual (RAA) <\/h2>\t\t<\/div>\n\t\t\t\t<\/div>\n\t\t\t\t<div class=\"elementor-element elementor-element-c8c7035 elementor-widget elementor-widget-text-editor\" data-id=\"c8c7035\" data-element_type=\"widget\" data-widget_type=\"text-editor.default\">\n\t\t\t\t<div class=\"elementor-widget-container\">\n\t\t\t\t\t<div class=\"elementor-text-editor elementor-clearfix\"><p><span data-contrast=\"auto\">O relat\u00f3rio ambiental anual, <\/span><span data-contrast=\"auto\">a <\/span><span data-contrast=\"auto\">realizar pelo operador detentor da Licen\u00e7a Ambiental (LA) ou T\u00edtulo \u00fanico Ambiental (TUA)\u202f &#8211; decis\u00e3o PCIP, assume-se como o documento que re\u00fane os elementos demonstrativos do cumprimento das condi\u00e7\u00f5es impostas na decis\u00e3o PCIP emitida e v\u00e1lida para o ano de refer\u00eancia (que incluem condi\u00e7\u00f5es de explora\u00e7\u00e3o\/encerramento e p\u00f3s encerramento (quando aplic\u00e1vel) e obriga\u00e7\u00f5es de comunica\u00e7\u00e3o), com pontos de situa\u00e7\u00e3o relativos aos diferentes descritores das referidas decis\u00f5es e de acordo com o previsto no art.\u00ba 14\u00ba do Decreto-Lei n.\u00ba 127\/2013, de 30 de agosto. A elabora\u00e7\u00e3o do RAA pelo operador, dever\u00e1 ter em considera\u00e7\u00e3o as constata\u00e7\u00f5es registadas no Relat\u00f3rio de Verifica\u00e7\u00e3o do ano anterior, caso existente.<\/span><span data-ccp-props=\"{&quot;201341983&quot;:0,&quot;335551550&quot;:6,&quot;335551620&quot;:6,&quot;335559739&quot;:120,&quot;335559740&quot;:300}\">\u00a0<\/span><\/p><p><span data-contrast=\"auto\">A ag\u00eancia Portuguesa do Ambiente disponibiliza um modelo de RAA, contudo, este modelo n\u00e3o \u00e9 obrigat\u00f3rio.\u00a0<\/span><span data-ccp-props=\"{&quot;201341983&quot;:0,&quot;335551550&quot;:6,&quot;335551620&quot;:6,&quot;335559739&quot;:120,&quot;335559740&quot;:300}\">\u00a0<\/span><\/p><p><span data-contrast=\"auto\">Ap\u00f3s a elabora\u00e7\u00e3o do RAA, o operador dever\u00e1 contratar um verificador qualificado (correspondente \u00e0 categoria PCIP principal da sua instala\u00e7\u00e3o) para valida\u00e7\u00e3o do seu RAA &#8211; a lista de verificadores PCIP-RAA pode ser consultada na plataforma da APA.<\/span><span data-ccp-props=\"{&quot;201341983&quot;:0,&quot;335551550&quot;:6,&quot;335551620&quot;:6,&quot;335559739&quot;:120,&quot;335559740&quot;:300}\">\u00a0<\/span><\/p><p><span data-contrast=\"auto\">Ap\u00f3s a contrata\u00e7\u00e3o do verificador, o operador dever\u00e1 remeter \u00e0 APA a identifica\u00e7\u00e3o do verificador qualificado contratado, tendo at\u00e9 1 de abril para o fazer.\u00a0<\/span><span data-ccp-props=\"{&quot;201341983&quot;:0,&quot;335551550&quot;:6,&quot;335551620&quot;:6,&quot;335559739&quot;:120,&quot;335559740&quot;:300}\">\u00a0<\/span><\/p><p><span data-contrast=\"auto\">A submiss\u00e3o do RAA e o respetivo relat\u00f3rio de verifica\u00e7\u00e3o devem ser submetidos at\u00e9 30 de abril para o emai<\/span><span data-contrast=\"auto\">l <\/span><a href=\"mailto:ippc@apambiente.pt\"><span data-contrast=\"none\">ippc@apambiente.pt<\/span><\/a><span data-contrast=\"auto\">.\u00a0<\/span><span data-ccp-props=\"{&quot;201341983&quot;:0,&quot;335551550&quot;:6,&quot;335551620&quot;:6,&quot;335559739&quot;:160,&quot;335559740&quot;:259}\">\u00a0<\/span><\/p><\/div>\n\t\t\t\t<\/div>\n\t\t\t\t<\/div>\n\t\t\t\t<div class=\"elementor-element elementor-element-5d9e3d1 elementor-widget elementor-widget-spacer\" data-id=\"5d9e3d1\" data-element_type=\"widget\" data-widget_type=\"spacer.default\">\n\t\t\t\t<div class=\"elementor-widget-container\">\n\t\t\t\t\t<div class=\"elementor-spacer\">\n\t\t\t<div class=\"elementor-spacer-inner\"><\/div>\n\t\t<\/div>\n\t\t\t\t<\/div>\n\t\t\t\t<\/div>\n\t\t\t\t<div class=\"elementor-element elementor-element-14e351c elementor-widget elementor-widget-heading\" data-id=\"14e351c\" data-element_type=\"widget\" id=\"section5\" data-widget_type=\"heading.default\">\n\t\t\t\t<div class=\"elementor-widget-container\">\n\t\t\t<h2 class=\"elementor-heading-title elementor-size-default\">3. FAQs<\/h2>\t\t<\/div>\n\t\t\t\t<\/div>\n\t\t\t\t<div class=\"elementor-element elementor-element-f575f6e elementor-widget elementor-widget-toggle\" data-id=\"f575f6e\" data-element_type=\"widget\" data-widget_type=\"toggle.default\">\n\t\t\t\t<div class=\"elementor-widget-container\">\n\t\t\t\t\t<div class=\"elementor-toggle\" role=\"tablist\">\n\t\t\t\t\t\t\t<div class=\"elementor-toggle-item\">\n\t\t\t\t\t<div id=\"elementor-tab-title-2571\" class=\"elementor-tab-title\" data-tab=\"1\" role=\"tab\" aria-controls=\"elementor-tab-content-2571\" aria-expanded=\"false\">\n\t\t\t\t\t\t\t\t\t\t\t\t<span class=\"elementor-toggle-icon elementor-toggle-icon-left\" aria-hidden=\"true\">\n\t\t\t\t\t\t\t\t\t\t\t\t\t\t\t<span class=\"elementor-toggle-icon-closed\"><i class=\"fas fa-chevron-down\"><\/i><\/span>\n\t\t\t\t\t\t\t\t<span class=\"elementor-toggle-icon-opened\"><i class=\"elementor-toggle-icon-opened fas fa-chevron-up\"><\/i><\/span>\n\t\t\t\t\t\t\t\t\t\t\t\t\t<\/span>\n\t\t\t\t\t\t\t\t\t\t\t\t<a href=\"\" class=\"elementor-toggle-title\">1. Que atividades est\u00e3o abrangidas pelo regime PCIP? <\/a>\n\t\t\t\t\t<\/div>\n\t\t\t\t\t<div id=\"elementor-tab-content-2571\" class=\"elementor-tab-content elementor-clearfix\" data-tab=\"1\" role=\"tabpanel\" aria-labelledby=\"elementor-tab-title-2571\"><p><span data-contrast=\"auto\">As a<\/span><span data-contrast=\"auto\">tividades econ\u00f3micas potencialmente associadas a polui\u00e7\u00e3o significativa de acordo com a natureza e\/ou capacidade de produ\u00e7\u00e3o das instala\u00e7\u00f5es<\/span><span data-contrast=\"auto\"> est\u00e3o abrangidas pelo regime PCIP<\/span><span data-contrast=\"auto\">.<\/span><span data-ccp-props=\"{&quot;201341983&quot;:0,&quot;335551550&quot;:6,&quot;335551620&quot;:6,&quot;335559739&quot;:120,&quot;335559740&quot;:300}\">\u00a0<\/span><\/p><p><span data-contrast=\"auto\">As <\/span><span data-contrast=\"auto\">atividades<\/span><span data-contrast=\"auto\"> abrangidas pel<\/span><span data-contrast=\"auto\">o<\/span> <span data-contrast=\"auto\">regime <\/span><span data-contrast=\"auto\">de emiss\u00f5es industriais aplic\u00e1vel \u00e0 PCIP <\/span><span data-contrast=\"auto\">encontram-se identificadas no artigo 2\u00ba do Decreto-Lei n.\u00ba 127\/2013, de 30 de agosto<\/span><span data-contrast=\"auto\">:<\/span><span data-ccp-props=\"{&quot;201341983&quot;:0,&quot;335551550&quot;:6,&quot;335551620&quot;:6,&quot;335559739&quot;:120,&quot;335559740&quot;:300}\">\u00a0<\/span><\/p><ul><li data-leveltext=\"\uf0b7\" data-font=\"Symbol\" data-listid=\"38\" aria-setsize=\"-1\" data-aria-posinset=\"1\" data-aria-level=\"1\"><span data-contrast=\"auto\">Atividades previstas no anexo I <\/span><span data-contrast=\"auto\">do <\/span><span data-contrast=\"auto\">decreto-le<\/span><span data-contrast=\"auto\">i;<\/span><span data-contrast=\"auto\">\u00a0<\/span><span data-ccp-props=\"{&quot;134233279&quot;:true,&quot;201341983&quot;:0,&quot;335551550&quot;:6,&quot;335551620&quot;:6,&quot;335559739&quot;:120,&quot;335559740&quot;:300}\">\u00a0<\/span><\/li><\/ul><ul><li data-leveltext=\"\uf0b7\" data-font=\"Symbol\" data-listid=\"38\" aria-setsize=\"-1\" data-aria-posinset=\"1\" data-aria-level=\"1\"><span data-contrast=\"auto\">Atividades que us<\/span><span data-contrast=\"auto\">e<\/span><span data-contrast=\"auto\">m solventes org\u00e2nicos e com limiares de consumo superiores aos previstos no anexo VII <\/span><span data-contrast=\"auto\">d<\/span><span data-contrast=\"auto\">o decreto-lei;\u00a0<\/span><span data-ccp-props=\"{&quot;134233279&quot;:true,&quot;201341983&quot;:0,&quot;335551550&quot;:6,&quot;335551620&quot;:6,&quot;335559739&quot;:120,&quot;335559740&quot;:300}\">\u00a0<\/span><\/li><li data-leveltext=\"\uf0b7\" data-font=\"Symbol\" data-listid=\"38\" aria-setsize=\"-1\" data-aria-posinset=\"2\" data-aria-level=\"1\"><span data-contrast=\"auto\">Atividades de incinera\u00e7\u00e3o e de coincinera\u00e7\u00e3o de res\u00edduos.<\/span><span data-ccp-props=\"{&quot;134233279&quot;:true,&quot;201341983&quot;:0,&quot;335551550&quot;:6,&quot;335551620&quot;:6,&quot;335559739&quot;:120,&quot;335559740&quot;:300}\">\u00a0<\/span><\/li><\/ul><p><span data-contrast=\"auto\">Est\u00e3o exclu\u00eddas as atividades de investiga\u00e7\u00e3o e desenvolvimento, bem como o ensaio de novos produtos e processos.<\/span><span data-ccp-props=\"{&quot;201341983&quot;:0,&quot;335551550&quot;:6,&quot;335551620&quot;:6,&quot;335559739&quot;:120,&quot;335559740&quot;:300}\">\u00a0<\/span><\/p><p><span data-contrast=\"auto\">Precisam de licen\u00e7a ambiental as atividades que desenvolv<\/span><span data-contrast=\"auto\">a<\/span><span data-contrast=\"auto\">m uma ou mais atividades previstas no anexo I<\/span><span data-contrast=\"auto\"> do DL 127\/2013<\/span><span data-contrast=\"auto\">, bem <\/span><span data-contrast=\"auto\">como as instala\u00e7\u00f5es de combust\u00e3o e as instala\u00e7\u00f5es de incinera\u00e7\u00e3o de res\u00edduos e de coincinera\u00e7\u00e3o de res\u00edduos<\/span><span data-contrast=\"auto\">.<\/span><span data-ccp-props=\"{&quot;201341983&quot;:0,&quot;335551550&quot;:6,&quot;335551620&quot;:6,&quot;335559739&quot;:120,&quot;335559740&quot;:300}\">\u00a0<\/span><\/p><\/div>\n\t\t\t\t<\/div>\n\t\t\t\t\t\t\t<div class=\"elementor-toggle-item\">\n\t\t\t\t\t<div id=\"elementor-tab-title-2572\" class=\"elementor-tab-title\" data-tab=\"2\" role=\"tab\" aria-controls=\"elementor-tab-content-2572\" aria-expanded=\"false\">\n\t\t\t\t\t\t\t\t\t\t\t\t<span class=\"elementor-toggle-icon elementor-toggle-icon-left\" aria-hidden=\"true\">\n\t\t\t\t\t\t\t\t\t\t\t\t\t\t\t<span class=\"elementor-toggle-icon-closed\"><i class=\"fas fa-chevron-down\"><\/i><\/span>\n\t\t\t\t\t\t\t\t<span class=\"elementor-toggle-icon-opened\"><i class=\"elementor-toggle-icon-opened fas fa-chevron-up\"><\/i><\/span>\n\t\t\t\t\t\t\t\t\t\t\t\t\t<\/span>\n\t\t\t\t\t\t\t\t\t\t\t\t<a href=\"\" class=\"elementor-toggle-title\">2. Todas as instala\u00e7\u00f5es com atividades inclu\u00eddas no Anexo I precisam de Licen\u00e7a Ambiental? <\/a>\n\t\t\t\t\t<\/div>\n\t\t\t\t\t<div id=\"elementor-tab-content-2572\" class=\"elementor-tab-content elementor-clearfix\" data-tab=\"2\" role=\"tabpanel\" aria-labelledby=\"elementor-tab-title-2572\"><p><span class=\"TextRun SCXW13574218 BCX4\" lang=\"PT-PT\" xml:lang=\"PT-PT\" data-contrast=\"auto\"><span class=\"NormalTextRun SCXW13574218 BCX4\">Podem ser exclu\u00eddos da sujei\u00e7\u00e3o <\/span><\/span><span class=\"TextRun SCXW13574218 BCX4\" lang=\"PT-PT\" xml:lang=\"PT-PT\" data-contrast=\"auto\"><span class=\"NormalTextRun SCXW13574218 BCX4\">ao regime PCIP <\/span><\/span><span class=\"TextRun SCXW13574218 BCX4\" lang=\"PT-PT\" xml:lang=\"PT-PT\" data-contrast=\"auto\"><span class=\"NormalTextRun SCXW13574218 BCX4\">os operadores das instala\u00e7\u00f5es que demonstrem n\u00e3o se encontrar em condi\u00e7\u00f5es de utilizar a capacidade nominal da instala\u00e7\u00e3o<\/span><\/span><span class=\"TextRun SCXW13574218 BCX4\" lang=\"PT-PT\" xml:lang=\"PT-PT\" data-contrast=\"auto\"><span class=\"NormalTextRun SCXW13574218 BCX4\">, pr\u00e9vio requerimento \u00e0 EC de forma fundamentada.<\/span><\/span><span class=\"EOP SCXW13574218 BCX4\" data-ccp-props=\"{&quot;201341983&quot;:0,&quot;335551550&quot;:6,&quot;335551620&quot;:6,&quot;335559739&quot;:120,&quot;335559740&quot;:300}\">\u00a0<\/span><\/p><\/div>\n\t\t\t\t<\/div>\n\t\t\t\t\t\t\t<div class=\"elementor-toggle-item\">\n\t\t\t\t\t<div id=\"elementor-tab-title-2573\" class=\"elementor-tab-title\" data-tab=\"3\" role=\"tab\" aria-controls=\"elementor-tab-content-2573\" aria-expanded=\"false\">\n\t\t\t\t\t\t\t\t\t\t\t\t<span class=\"elementor-toggle-icon elementor-toggle-icon-left\" aria-hidden=\"true\">\n\t\t\t\t\t\t\t\t\t\t\t\t\t\t\t<span class=\"elementor-toggle-icon-closed\"><i class=\"fas fa-chevron-down\"><\/i><\/span>\n\t\t\t\t\t\t\t\t<span class=\"elementor-toggle-icon-opened\"><i class=\"elementor-toggle-icon-opened fas fa-chevron-up\"><\/i><\/span>\n\t\t\t\t\t\t\t\t\t\t\t\t\t<\/span>\n\t\t\t\t\t\t\t\t\t\t\t\t<a href=\"\" class=\"elementor-toggle-title\">3. O que \u00e9 considerado \u201cinstala\u00e7\u00e3o\u201d para o regime PCIP? <\/a>\n\t\t\t\t\t<\/div>\n\t\t\t\t\t<div id=\"elementor-tab-content-2573\" class=\"elementor-tab-content elementor-clearfix\" data-tab=\"3\" role=\"tabpanel\" aria-labelledby=\"elementor-tab-title-2573\"><p><span class=\"TextRun SCXW144386990 BCX4\" lang=\"PT-PT\" xml:lang=\"PT-PT\" data-contrast=\"auto\"><span class=\"NormalTextRun SCXW144386990 BCX4\">O Decreto-Lei n.\u00ba 127\/2013 considera instala\u00e7\u00e3o a <\/span><\/span><span class=\"TextRun SCXW144386990 BCX4\" lang=\"PT-PT\" xml:lang=\"PT-PT\" data-contrast=\"auto\"><span class=\"NormalTextRun SCXW144386990 BCX4\">uma unidade t\u00e9cnica fixa onde s\u00e3o desenvolvidas uma ou mais atividades previstas nas al\u00edneas a) e b) do n.\u00ba 1 do artigo 2.\u00ba, bem como outras atividades diretamente associadas ou que tenham uma rela\u00e7\u00e3o t\u00e9cnica com as atividades exercidas no local e que possam ter efeitos sobre as emiss\u00f5es e a polui\u00e7\u00e3o<\/span><\/span><span class=\"TextRun SCXW144386990 BCX4\" lang=\"PT-PT\" xml:lang=\"PT-PT\" data-contrast=\"auto\"><span class=\"NormalTextRun SCXW144386990 BCX4\">.<\/span><\/span><span class=\"EOP SCXW144386990 BCX4\" data-ccp-props=\"{&quot;201341983&quot;:0,&quot;335551550&quot;:6,&quot;335551620&quot;:6,&quot;335559739&quot;:120,&quot;335559740&quot;:300}\">\u00a0<\/span><\/p><\/div>\n\t\t\t\t<\/div>\n\t\t\t\t\t\t\t<div class=\"elementor-toggle-item\">\n\t\t\t\t\t<div id=\"elementor-tab-title-2574\" class=\"elementor-tab-title\" data-tab=\"4\" role=\"tab\" aria-controls=\"elementor-tab-content-2574\" aria-expanded=\"false\">\n\t\t\t\t\t\t\t\t\t\t\t\t<span class=\"elementor-toggle-icon elementor-toggle-icon-left\" aria-hidden=\"true\">\n\t\t\t\t\t\t\t\t\t\t\t\t\t\t\t<span class=\"elementor-toggle-icon-closed\"><i class=\"fas fa-chevron-down\"><\/i><\/span>\n\t\t\t\t\t\t\t\t<span class=\"elementor-toggle-icon-opened\"><i class=\"elementor-toggle-icon-opened fas fa-chevron-up\"><\/i><\/span>\n\t\t\t\t\t\t\t\t\t\t\t\t\t<\/span>\n\t\t\t\t\t\t\t\t\t\t\t\t<a href=\"\" class=\"elementor-toggle-title\">4. O que \u00e9 considerado \u201coperador\u201d para o regime PCIP? <\/a>\n\t\t\t\t\t<\/div>\n\t\t\t\t\t<div id=\"elementor-tab-content-2574\" class=\"elementor-tab-content elementor-clearfix\" data-tab=\"4\" role=\"tabpanel\" aria-labelledby=\"elementor-tab-title-2574\"><p><span class=\"TextRun SCXW36418793 BCX4\" lang=\"PT-PT\" xml:lang=\"PT-PT\" data-contrast=\"auto\"><span class=\"NormalTextRun SCXW36418793 BCX4\">O Decreto-Lei n.\u00ba 127\/2013 considera operador a <\/span><\/span><span class=\"TextRun SCXW36418793 BCX4\" lang=\"PT-PT\" xml:lang=\"PT-PT\" data-contrast=\"auto\"><span class=\"NormalTextRun SCXW36418793 BCX4\">qualquer pessoa singular ou coletiva, p\u00fablica ou privada, que pretenda explorar, explore ou seja propriet\u00e1rio de instala\u00e7\u00e3o<\/span><\/span><span class=\"TextRun SCXW36418793 BCX4\" lang=\"PT-PT\" xml:lang=\"PT-PT\" data-contrast=\"auto\"><span class=\"NormalTextRun SCXW36418793 BCX4\">.<\/span><\/span><span class=\"EOP SCXW36418793 BCX4\" data-ccp-props=\"{&quot;201341983&quot;:0,&quot;335551550&quot;:6,&quot;335551620&quot;:6,&quot;335559739&quot;:120,&quot;335559740&quot;:300}\">\u00a0<\/span><\/p><\/div>\n\t\t\t\t<\/div>\n\t\t\t\t\t\t\t<div class=\"elementor-toggle-item\">\n\t\t\t\t\t<div id=\"elementor-tab-title-2575\" class=\"elementor-tab-title\" data-tab=\"5\" role=\"tab\" aria-controls=\"elementor-tab-content-2575\" aria-expanded=\"false\">\n\t\t\t\t\t\t\t\t\t\t\t\t<span class=\"elementor-toggle-icon elementor-toggle-icon-left\" aria-hidden=\"true\">\n\t\t\t\t\t\t\t\t\t\t\t\t\t\t\t<span class=\"elementor-toggle-icon-closed\"><i class=\"fas fa-chevron-down\"><\/i><\/span>\n\t\t\t\t\t\t\t\t<span class=\"elementor-toggle-icon-opened\"><i class=\"elementor-toggle-icon-opened fas fa-chevron-up\"><\/i><\/span>\n\t\t\t\t\t\t\t\t\t\t\t\t\t<\/span>\n\t\t\t\t\t\t\t\t\t\t\t\t<a href=\"\" class=\"elementor-toggle-title\">5. Quais op\u00e7\u00f5es de simplifica\u00e7\u00e3o da licen\u00e7a existem? <\/a>\n\t\t\t\t\t<\/div>\n\t\t\t\t\t<div id=\"elementor-tab-content-2575\" class=\"elementor-tab-content elementor-clearfix\" data-tab=\"5\" role=\"tabpanel\" aria-labelledby=\"elementor-tab-title-2575\"><p><span data-contrast=\"auto\">Quando<\/span><span data-contrast=\"auto\"> a atividade principal \u00e9 a gest\u00e3o de res\u00edduos<\/span> <span data-contrast=\"auto\">\u00e9 emitida apenas a Licen\u00e7a de Explora\u00e7\u00e3o que integra as condi\u00e7\u00f5es de licenciamento ambiental. <\/span><span data-contrast=\"auto\">No restante dos casos ser\u00e1 emitida uma licen\u00e7a ambiental com as condi\u00e7\u00f5es de licenciamento.<\/span><span data-ccp-props=\"{&quot;201341983&quot;:0,&quot;335551550&quot;:6,&quot;335551620&quot;:6,&quot;335559739&quot;:120,&quot;335559740&quot;:300}\">\u00a0<\/span><\/p><p><span data-contrast=\"auto\">Quando se trate de atividades de incinera\u00e7\u00e3o ou coincinera\u00e7\u00e3o de res\u00edduos, a <\/span><span data-contrast=\"auto\">licen\u00e7a ambiental<\/span><span data-contrast=\"auto\"> integra as condi\u00e7\u00f5es relativas ao licenciamento de estas atividades.<\/span><span data-ccp-props=\"{&quot;201341983&quot;:0,&quot;335551550&quot;:6,&quot;335551620&quot;:6,&quot;335559739&quot;:120,&quot;335559740&quot;:300}\">\u00a0<\/span><\/p><p><span data-contrast=\"auto\">Quando a atividade principal seja a de incinera\u00e7\u00e3o ou coincinera\u00e7\u00e3o de res\u00edduos a <\/span><span data-contrast=\"auto\">licen\u00e7a ambiental<\/span><span data-contrast=\"auto\"> ser\u00e1 integrada na <\/span><span data-contrast=\"auto\">licen\u00e7a de explora\u00e7\u00e3o<\/span><span data-contrast=\"auto\">.<\/span><span data-ccp-props=\"{&quot;201341983&quot;:0,&quot;335551550&quot;:6,&quot;335551620&quot;:6,&quot;335559739&quot;:120,&quot;335559740&quot;:300}\">\u00a0<\/span><\/p><p><span data-contrast=\"auto\">S\u00e3o integradas na <\/span><span data-contrast=\"auto\">licen\u00e7a ambiental<\/span><span data-contrast=\"auto\"> as condi\u00e7\u00f5es relativas ao licenciamento de instala\u00e7\u00f5es de combust\u00e3o ou de produ\u00e7\u00e3o de di\u00f3xido de tit\u00e2nio, bem como as condi\u00e7\u00f5es relativas ao licenciamento das instala\u00e7\u00f5es <\/span><span data-contrast=\"auto\">que desenvolvem a atividade de tratamento de \u00e1guas residuais n\u00e3o abrangidas pelo Decreto-Lei n.\u00ba 348\/98<\/span><span data-contrast=\"auto\">.<\/span><span data-ccp-props=\"{&quot;201341983&quot;:0,&quot;335551550&quot;:6,&quot;335551620&quot;:6,&quot;335559739&quot;:120,&quot;335559740&quot;:300}\">\u00a0<\/span><\/p><\/div>\n\t\t\t\t<\/div>\n\t\t\t\t\t\t\t<div class=\"elementor-toggle-item\">\n\t\t\t\t\t<div id=\"elementor-tab-title-2576\" class=\"elementor-tab-title\" data-tab=\"6\" role=\"tab\" aria-controls=\"elementor-tab-content-2576\" aria-expanded=\"false\">\n\t\t\t\t\t\t\t\t\t\t\t\t<span class=\"elementor-toggle-icon elementor-toggle-icon-left\" aria-hidden=\"true\">\n\t\t\t\t\t\t\t\t\t\t\t\t\t\t\t<span class=\"elementor-toggle-icon-closed\"><i class=\"fas fa-chevron-down\"><\/i><\/span>\n\t\t\t\t\t\t\t\t<span class=\"elementor-toggle-icon-opened\"><i class=\"elementor-toggle-icon-opened fas fa-chevron-up\"><\/i><\/span>\n\t\t\t\t\t\t\t\t\t\t\t\t\t<\/span>\n\t\t\t\t\t\t\t\t\t\t\t\t<a href=\"\" class=\"elementor-toggle-title\">6. Qual \u00e9 a Autoridade Competente para a emiss\u00e3o da Licen\u00e7a Ambiental? <\/a>\n\t\t\t\t\t<\/div>\n\t\t\t\t\t<div id=\"elementor-tab-content-2576\" class=\"elementor-tab-content elementor-clearfix\" data-tab=\"6\" role=\"tabpanel\" aria-labelledby=\"elementor-tab-title-2576\"><p><span data-contrast=\"auto\">A autoridade competente para a emiss\u00e3o da Licen\u00e7a Ambiental \u00e9 a Autoridade Portuguesa do Ambiente (APA).\u00a0<\/span><span data-ccp-props=\"{&quot;201341983&quot;:0,&quot;335551550&quot;:6,&quot;335551620&quot;:6,&quot;335559739&quot;:120,&quot;335559740&quot;:300}\">\u00a0<\/span><\/p><p><span data-contrast=\"auto\">Existem, no entanto, neste \u00e2mbito, outras compet\u00eancias que correspondem tamb\u00e9m \u00e0 APA e outras que correspondem \u00e0s CCDR ou outras entidades p\u00fablicas como podem ser \u00e0s<\/span><span data-contrast=\"auto\"> Dire\u00e7\u00f5es Regionais de Economia, \u00e0 Dire\u00e7\u00e3o-Geral de Energia e Geologia, \u00e0s Dire\u00e7\u00f5es Regionais de Agricultura e Pescas, \u00e0 Dire\u00e7\u00e3o-Geral de Alimenta\u00e7\u00e3o e Veterin\u00e1ria e \u00e0 Dire\u00e7\u00e3o-Geral da Sa\u00fade, no \u00e2mbito das Opera\u00e7\u00f5es de Gest\u00e3o de Res\u00edduos (OGR).<\/span><span data-ccp-props=\"{&quot;201341983&quot;:0,&quot;335551550&quot;:6,&quot;335551620&quot;:6,&quot;335559739&quot;:120,&quot;335559740&quot;:300}\">\u00a0<\/span><\/p><p><span data-ccp-props=\"{&quot;201341983&quot;:0,&quot;335551550&quot;:6,&quot;335551620&quot;:6,&quot;335559739&quot;:120,&quot;335559740&quot;:300}\">\u00a0<\/span><\/p><\/div>\n\t\t\t\t<\/div>\n\t\t\t\t\t\t\t<div class=\"elementor-toggle-item\">\n\t\t\t\t\t<div id=\"elementor-tab-title-2577\" class=\"elementor-tab-title\" data-tab=\"7\" role=\"tab\" aria-controls=\"elementor-tab-content-2577\" aria-expanded=\"false\">\n\t\t\t\t\t\t\t\t\t\t\t\t<span class=\"elementor-toggle-icon elementor-toggle-icon-left\" aria-hidden=\"true\">\n\t\t\t\t\t\t\t\t\t\t\t\t\t\t\t<span class=\"elementor-toggle-icon-closed\"><i class=\"fas fa-chevron-down\"><\/i><\/span>\n\t\t\t\t\t\t\t\t<span class=\"elementor-toggle-icon-opened\"><i class=\"elementor-toggle-icon-opened fas fa-chevron-up\"><\/i><\/span>\n\t\t\t\t\t\t\t\t\t\t\t\t\t<\/span>\n\t\t\t\t\t\t\t\t\t\t\t\t<a href=\"\" class=\"elementor-toggle-title\">7. Como tramitar ou submeter um pedido de Licenciamento Ambiental? <\/a>\n\t\t\t\t\t<\/div>\n\t\t\t\t\t<div id=\"elementor-tab-content-2577\" class=\"elementor-tab-content elementor-clearfix\" data-tab=\"7\" role=\"tabpanel\" aria-labelledby=\"elementor-tab-title-2577\"><p><span data-contrast=\"auto\">A autoridade competente para a emiss\u00e3o da Licen\u00e7a Ambiental \u00e9 a Autoridade Portuguesa do Ambiente (APA).\u00a0<\/span><span data-ccp-props=\"{&quot;201341983&quot;:0,&quot;335551550&quot;:6,&quot;335551620&quot;:6,&quot;335559739&quot;:120,&quot;335559740&quot;:300}\">\u00a0<\/span><\/p><p><span data-contrast=\"auto\">Existem, no entanto, neste \u00e2mbito, outras compet\u00eancias que correspondem tamb\u00e9m \u00e0 APA e outras que correspondem \u00e0s CCDR ou outras entidades p\u00fablicas como podem ser \u00e0s<\/span><span data-contrast=\"auto\"> Dire\u00e7\u00f5es Regionais de Economia, \u00e0 Dire\u00e7\u00e3o-Geral de Energia e Geologia, \u00e0s Dire\u00e7\u00f5es Regionais de Agricultura e Pescas, \u00e0 Dire\u00e7\u00e3o-Geral de Alimenta\u00e7\u00e3o e Veterin\u00e1ria e \u00e0 Dire\u00e7\u00e3o-Geral da Sa\u00fade, no \u00e2mbito das Opera\u00e7\u00f5es de Gest\u00e3o de Res\u00edduos (OGR).<\/span><span data-ccp-props=\"{&quot;201341983&quot;:0,&quot;335551550&quot;:6,&quot;335551620&quot;:6,&quot;335559739&quot;:120,&quot;335559740&quot;:300}\">\u00a0<\/span><\/p><p><span data-ccp-props=\"{&quot;201341983&quot;:0,&quot;335551550&quot;:6,&quot;335551620&quot;:6,&quot;335559739&quot;:120,&quot;335559740&quot;:300}\">\u00a0<\/span><\/p><\/div>\n\t\t\t\t<\/div>\n\t\t\t\t\t\t\t<div class=\"elementor-toggle-item\">\n\t\t\t\t\t<div id=\"elementor-tab-title-2578\" class=\"elementor-tab-title\" data-tab=\"8\" role=\"tab\" aria-controls=\"elementor-tab-content-2578\" aria-expanded=\"false\">\n\t\t\t\t\t\t\t\t\t\t\t\t<span class=\"elementor-toggle-icon elementor-toggle-icon-left\" aria-hidden=\"true\">\n\t\t\t\t\t\t\t\t\t\t\t\t\t\t\t<span class=\"elementor-toggle-icon-closed\"><i class=\"fas fa-chevron-down\"><\/i><\/span>\n\t\t\t\t\t\t\t\t<span class=\"elementor-toggle-icon-opened\"><i class=\"elementor-toggle-icon-opened fas fa-chevron-up\"><\/i><\/span>\n\t\t\t\t\t\t\t\t\t\t\t\t\t<\/span>\n\t\t\t\t\t\t\t\t\t\t\t\t<a href=\"\" class=\"elementor-toggle-title\">8. Como tramitar ou submeter um pedido de Licenciamento Ambiental? <\/a>\n\t\t\t\t\t<\/div>\n\t\t\t\t\t<div id=\"elementor-tab-content-2578\" class=\"elementor-tab-content elementor-clearfix\" data-tab=\"8\" role=\"tabpanel\" aria-labelledby=\"elementor-tab-title-2578\"><p><span data-contrast=\"auto\">A autoridade competente para a emiss\u00e3o da Licen\u00e7a Ambiental \u00e9 a Autoridade Portuguesa do Ambiente (APA).\u00a0<\/span><span data-ccp-props=\"{&quot;201341983&quot;:0,&quot;335551550&quot;:6,&quot;335551620&quot;:6,&quot;335559739&quot;:120,&quot;335559740&quot;:300}\">\u00a0<\/span><\/p><p><span data-contrast=\"auto\">Existem, no entanto, neste \u00e2mbito, outras compet\u00eancias que correspondem tamb\u00e9m \u00e0 APA e outras que correspondem \u00e0s CCDR ou outras entidades p\u00fablicas como podem ser \u00e0s<\/span><span data-contrast=\"auto\"> Dire\u00e7\u00f5es Regionais de Economia, \u00e0 Dire\u00e7\u00e3o-Geral de Energia e Geologia, \u00e0s Dire\u00e7\u00f5es Regionais de Agricultura e Pescas, \u00e0 Dire\u00e7\u00e3o-Geral de Alimenta\u00e7\u00e3o e Veterin\u00e1ria e \u00e0 Dire\u00e7\u00e3o-Geral da Sa\u00fade, no \u00e2mbito das Opera\u00e7\u00f5es de Gest\u00e3o de Res\u00edduos (OGR).<\/span><span data-ccp-props=\"{&quot;201341983&quot;:0,&quot;335551550&quot;:6,&quot;335551620&quot;:6,&quot;335559739&quot;:120,&quot;335559740&quot;:300}\">\u00a0<\/span><\/p><p><span data-ccp-props=\"{&quot;201341983&quot;:0,&quot;335551550&quot;:6,&quot;335551620&quot;:6,&quot;335559739&quot;:120,&quot;335559740&quot;:300}\">\u00a0<\/span><\/p><\/div>\n\t\t\t\t<\/div>\n\t\t\t\t\t\t\t<div class=\"elementor-toggle-item\">\n\t\t\t\t\t<div id=\"elementor-tab-title-2579\" class=\"elementor-tab-title\" data-tab=\"9\" role=\"tab\" aria-controls=\"elementor-tab-content-2579\" aria-expanded=\"false\">\n\t\t\t\t\t\t\t\t\t\t\t\t<span class=\"elementor-toggle-icon elementor-toggle-icon-left\" aria-hidden=\"true\">\n\t\t\t\t\t\t\t\t\t\t\t\t\t\t\t<span class=\"elementor-toggle-icon-closed\"><i class=\"fas fa-chevron-down\"><\/i><\/span>\n\t\t\t\t\t\t\t\t<span class=\"elementor-toggle-icon-opened\"><i class=\"elementor-toggle-icon-opened fas fa-chevron-up\"><\/i><\/span>\n\t\t\t\t\t\t\t\t\t\t\t\t\t<\/span>\n\t\t\t\t\t\t\t\t\t\t\t\t<a href=\"\" class=\"elementor-toggle-title\">9. Em que momento devo solicitar o Licenciamento Ambiental? <\/a>\n\t\t\t\t\t<\/div>\n\t\t\t\t\t<div id=\"elementor-tab-content-2579\" class=\"elementor-tab-content elementor-clearfix\" data-tab=\"9\" role=\"tabpanel\" aria-labelledby=\"elementor-tab-title-2579\"><p><span data-contrast=\"auto\">O funcionamento das instala\u00e7\u00f5es onde se desenvolvem atividades PCIP est\u00e1 condicionado \u00e0 obten\u00e7\u00e3o de uma Licen\u00e7a Ambiental, sendo que a emiss\u00e3o da Licen\u00e7a Ambiental \u00e9 condi\u00e7\u00e3o obrigat\u00f3ria pr\u00e9via \u00e0 explora\u00e7\u00e3o da instala\u00e7\u00e3o.<\/span><span data-contrast=\"auto\">\u00a0<\/span><span data-ccp-props=\"{&quot;201341983&quot;:0,&quot;335551550&quot;:6,&quot;335551620&quot;:6,&quot;335559739&quot;:120,&quot;335559740&quot;:300}\">\u00a0<\/span><\/p><p><span data-contrast=\"auto\">Como indica o artigo 11 do DL 127\/2013, de 30 de agosto, o t\u00edtulo de explora\u00e7\u00e3o de uma instala\u00e7\u00e3o emitido pela Entidade Coordenadora \u00e9 precedido do deferimento do pedido de Licen\u00e7a Ambiental ou do seu deferimento t\u00e1cito, sendo nulas as decis\u00f5es relativas ao in\u00edcio da explora\u00e7\u00e3o da instala\u00e7\u00e3o proferidas em viola\u00e7\u00e3o de esta disposi\u00e7\u00e3o.<\/span><span data-contrast=\"auto\">\u00a0<\/span><span data-ccp-props=\"{&quot;201341983&quot;:0,&quot;335551550&quot;:6,&quot;335551620&quot;:6,&quot;335559739&quot;:120,&quot;335559740&quot;:300}\">\u00a0<\/span><\/p><p><span data-contrast=\"auto\">A L<\/span><span data-contrast=\"auto\">icen\u00e7a Ambiental<\/span><span data-contrast=\"auto\"> \u00e9 parte integrante do t\u00edtulo de explora\u00e7\u00e3o da instala\u00e7\u00e3o emitido pela <\/span><span data-contrast=\"auto\">entidade competente<\/span><span data-contrast=\"auto\">, que \u00e9 precedido do deferimento do pedido de <\/span><span data-contrast=\"auto\">Licen\u00e7a Ambiental <\/span><span data-contrast=\"auto\">ou do seu deferimento t\u00e1cito.<\/span><span data-ccp-props=\"{&quot;201341983&quot;:0,&quot;335551550&quot;:6,&quot;335551620&quot;:6,&quot;335559739&quot;:120,&quot;335559740&quot;:300}\">\u00a0<\/span><\/p><p><span data-ccp-props=\"{&quot;201341983&quot;:0,&quot;335551550&quot;:6,&quot;335551620&quot;:6,&quot;335559739&quot;:120,&quot;335559740&quot;:300}\">\u00a0<\/span><\/p><p><span data-contrast=\"auto\">No caso de uma instala\u00e7\u00e3o sujeita a AIA, o pedido de L<\/span><span data-contrast=\"auto\">icen\u00e7a <\/span><span data-contrast=\"auto\">A<\/span><span data-contrast=\"auto\">mbiental<\/span><span data-contrast=\"auto\"> \u00e9 entregue ap\u00f3s:\u00a0<\/span><span data-ccp-props=\"{&quot;201341983&quot;:0,&quot;335551550&quot;:6,&quot;335551620&quot;:6,&quot;335559739&quot;:120,&quot;335559740&quot;:300}\">\u00a0<\/span><\/p><ul><li data-leveltext=\"\uf0b7\" data-font=\"Symbol\" data-listid=\"39\" aria-setsize=\"-1\" data-aria-posinset=\"1\" data-aria-level=\"1\"><span data-contrast=\"auto\">A emiss\u00e3o da DIA favor\u00e1vel ou favor\u00e1vel condicionada, no caso de o procedimento de AIA decorrer em fase de projeto de execu\u00e7\u00e3o;<\/span><span data-ccp-props=\"{&quot;134233279&quot;:true,&quot;201341983&quot;:0,&quot;335551550&quot;:6,&quot;335551620&quot;:6,&quot;335559739&quot;:120,&quot;335559740&quot;:300}\">\u00a0<\/span><\/li><li data-leveltext=\"\uf0b7\" data-font=\"Symbol\" data-listid=\"39\" aria-setsize=\"-1\" data-aria-posinset=\"2\" data-aria-level=\"1\"><span data-contrast=\"auto\">A emiss\u00e3o de decis\u00e3o de conformidade ambiental do projeto de execu\u00e7\u00e3o com a DIA, no caso de o procedimento de AIA decorrer em fase de estudo pr\u00e9vio ou anteprojeto;\u00a0<\/span><span data-ccp-props=\"{&quot;134233279&quot;:true,&quot;201341983&quot;:0,&quot;335551550&quot;:6,&quot;335551620&quot;:6,&quot;335559739&quot;:120,&quot;335559740&quot;:300}\">\u00a0<\/span><\/li><li data-leveltext=\"\uf0b7\" data-font=\"Symbol\" data-listid=\"39\" aria-setsize=\"-1\" data-aria-posinset=\"3\" data-aria-level=\"1\"><span data-contrast=\"auto\">A decis\u00e3o de dispensa do procedimento de AIA;\u00a0<\/span><span data-ccp-props=\"{&quot;134233279&quot;:true,&quot;201341983&quot;:0,&quot;335551550&quot;:6,&quot;335551620&quot;:6,&quot;335559739&quot;:120,&quot;335559740&quot;:300}\">\u00a0<\/span><\/li><li data-leveltext=\"\uf0b7\" data-font=\"Symbol\" data-listid=\"39\" aria-setsize=\"-1\" data-aria-posinset=\"4\" data-aria-level=\"1\"><span data-contrast=\"auto\">Termo do prazo de deferimento t\u00e1cito nos termos previstos no RJAIA.<\/span><span data-ccp-props=\"{&quot;134233279&quot;:true,&quot;201341983&quot;:0,&quot;335551550&quot;:6,&quot;335551620&quot;:6,&quot;335559739&quot;:120,&quot;335559740&quot;:300}\">\u00a0<\/span><\/li><\/ul><p><span data-contrast=\"auto\">N<\/span><span data-contrast=\"auto\">o caso de uma instala\u00e7\u00e3o sujeita ao RPAG, o pedido de LA \u00e9 entregue ap\u00f3s a emiss\u00e3o do parecer da APA, I.P., favor\u00e1vel \u00e0 localiza\u00e7\u00e3o e ou ap\u00f3s a aprova\u00e7\u00e3o do relat\u00f3rio de seguran\u00e7a, nos termos do respetivo regime jur\u00eddico.\u00a0<\/span><span data-ccp-props=\"{&quot;201341983&quot;:0,&quot;335551550&quot;:6,&quot;335551620&quot;:6,&quot;335559739&quot;:120,&quot;335559740&quot;:300}\">\u00a0<\/span><\/p><p><span data-contrast=\"auto\">A pedido do operador, o procedimento de L<\/span><span data-contrast=\"auto\">icen\u00e7a <\/span><span data-contrast=\"auto\">A<\/span><span data-contrast=\"auto\">mbiental<\/span><span data-contrast=\"auto\"> pode decorrer em simult\u00e2neo com o procedimento do RPAG ou com o procedimento de AIA se for relativo a um projeto de execu\u00e7\u00e3o.<\/span><span data-ccp-props=\"{&quot;201341983&quot;:0,&quot;335551550&quot;:6,&quot;335551620&quot;:6,&quot;335559739&quot;:120,&quot;335559740&quot;:300}\">\u00a0<\/span><\/p><\/div>\n\t\t\t\t<\/div>\n\t\t\t\t\t\t\t<div class=\"elementor-toggle-item\">\n\t\t\t\t\t<div id=\"elementor-tab-title-25710\" class=\"elementor-tab-title\" data-tab=\"10\" role=\"tab\" aria-controls=\"elementor-tab-content-25710\" aria-expanded=\"false\">\n\t\t\t\t\t\t\t\t\t\t\t\t<span class=\"elementor-toggle-icon elementor-toggle-icon-left\" aria-hidden=\"true\">\n\t\t\t\t\t\t\t\t\t\t\t\t\t\t\t<span class=\"elementor-toggle-icon-closed\"><i class=\"fas fa-chevron-down\"><\/i><\/span>\n\t\t\t\t\t\t\t\t<span class=\"elementor-toggle-icon-opened\"><i class=\"elementor-toggle-icon-opened fas fa-chevron-up\"><\/i><\/span>\n\t\t\t\t\t\t\t\t\t\t\t\t\t<\/span>\n\t\t\t\t\t\t\t\t\t\t\t\t<a href=\"\" class=\"elementor-toggle-title\">10. Onde posso consultar as Licen\u00e7as Ambientais emitidas? <\/a>\n\t\t\t\t\t<\/div>\n\t\t\t\t\t<div id=\"elementor-tab-content-25710\" class=\"elementor-tab-content elementor-clearfix\" data-tab=\"10\" role=\"tabpanel\" aria-labelledby=\"elementor-tab-title-25710\"><p><span data-contrast=\"auto\">Pode consultar as Licen\u00e7as Ambientais emitidas <\/span><span data-contrast=\"auto\">e outros documentos relevantes no \u00e2mbito da tomada de decis\u00e3o <\/span><span data-contrast=\"auto\">aqui: <\/span><a href=\"http:\/\/ladigital.apambiente.pt\/\"><span data-contrast=\"none\">http:\/\/ladigital.apambiente.pt\/<\/span><\/a><span data-ccp-props=\"{&quot;201341983&quot;:0,&quot;335551550&quot;:6,&quot;335551620&quot;:6,&quot;335559739&quot;:120,&quot;335559740&quot;:300}\">\u00a0<\/span><\/p><p><span data-ccp-props=\"{&quot;201341983&quot;:0,&quot;335551550&quot;:6,&quot;335551620&quot;:6,&quot;335559739&quot;:120,&quot;335559740&quot;:300}\">\u00a0<\/span><\/p><\/div>\n\t\t\t\t<\/div>\n\t\t\t\t\t\t\t<div class=\"elementor-toggle-item\">\n\t\t\t\t\t<div id=\"elementor-tab-title-25711\" class=\"elementor-tab-title\" data-tab=\"11\" role=\"tab\" aria-controls=\"elementor-tab-content-25711\" aria-expanded=\"false\">\n\t\t\t\t\t\t\t\t\t\t\t\t<span class=\"elementor-toggle-icon elementor-toggle-icon-left\" aria-hidden=\"true\">\n\t\t\t\t\t\t\t\t\t\t\t\t\t\t\t<span class=\"elementor-toggle-icon-closed\"><i class=\"fas fa-chevron-down\"><\/i><\/span>\n\t\t\t\t\t\t\t\t<span class=\"elementor-toggle-icon-opened\"><i class=\"elementor-toggle-icon-opened fas fa-chevron-up\"><\/i><\/span>\n\t\t\t\t\t\t\t\t\t\t\t\t\t<\/span>\n\t\t\t\t\t\t\t\t\t\t\t\t<a href=\"\" class=\"elementor-toggle-title\">11. Qual o prazo m\u00e1ximo de validade da LA para instala\u00e7\u00f5es com atividade principal abrangida pelo Anexo I do DL 127\/2013?  <\/a>\n\t\t\t\t\t<\/div>\n\t\t\t\t\t<div id=\"elementor-tab-content-25711\" class=\"elementor-tab-content elementor-clearfix\" data-tab=\"11\" role=\"tabpanel\" aria-labelledby=\"elementor-tab-title-25711\"><p><span class=\"TextRun SCXW125066666 BCX4\" lang=\"PT-PT\" xml:lang=\"PT-PT\" data-contrast=\"auto\"><span class=\"NormalTextRun SCXW125066666 BCX4\">O prazo m\u00e1ximo de validade da LA \u00e9 de 10 anos.<\/span><\/span><span class=\"EOP SCXW125066666 BCX4\" data-ccp-props=\"{&quot;201341983&quot;:0,&quot;335551550&quot;:6,&quot;335551620&quot;:6,&quot;335559739&quot;:120,&quot;335559740&quot;:300}\">\u00a0<\/span><\/p><\/div>\n\t\t\t\t<\/div>\n\t\t\t\t\t\t\t<div class=\"elementor-toggle-item\">\n\t\t\t\t\t<div id=\"elementor-tab-title-25712\" class=\"elementor-tab-title\" data-tab=\"12\" role=\"tab\" aria-controls=\"elementor-tab-content-25712\" aria-expanded=\"false\">\n\t\t\t\t\t\t\t\t\t\t\t\t<span class=\"elementor-toggle-icon elementor-toggle-icon-left\" aria-hidden=\"true\">\n\t\t\t\t\t\t\t\t\t\t\t\t\t\t\t<span class=\"elementor-toggle-icon-closed\"><i class=\"fas fa-chevron-down\"><\/i><\/span>\n\t\t\t\t\t\t\t\t<span class=\"elementor-toggle-icon-opened\"><i class=\"elementor-toggle-icon-opened fas fa-chevron-up\"><\/i><\/span>\n\t\t\t\t\t\t\t\t\t\t\t\t\t<\/span>\n\t\t\t\t\t\t\t\t\t\t\t\t<a href=\"\" class=\"elementor-toggle-title\">12. A aus\u00eancia de atividade na instala\u00e7\u00e3o pode fazer caducar a minha licen\u00e7a? <\/a>\n\t\t\t\t\t<\/div>\n\t\t\t\t\t<div id=\"elementor-tab-content-25712\" class=\"elementor-tab-content elementor-clearfix\" data-tab=\"12\" role=\"tabpanel\" aria-labelledby=\"elementor-tab-title-25712\"><p><span data-contrast=\"auto\">Sim, quando a inatividade seja imput\u00e1vel ao operador.\u00a0<\/span><span data-ccp-props=\"{&quot;201341983&quot;:0,&quot;335551550&quot;:6,&quot;335551620&quot;:6,&quot;335559739&quot;:120,&quot;335559740&quot;:300}\">\u00a0<\/span><\/p><p><span data-contrast=\"auto\">Conforme o estabelecido no artigo 22\u00ba do DL 127\/2013, a aus\u00eancia de atividade de uma instala\u00e7\u00e3o por motivo imput\u00e1vel ao operador determina a caducidade das licen\u00e7as por per\u00edodo igual ou superior a tr\u00eas anos, no caso da LA; e no caso de L<\/span><span data-contrast=\"auto\">icen\u00e7a de <\/span><span data-contrast=\"auto\">E<\/span><span data-contrast=\"auto\">xplora\u00e7\u00e3o<\/span><span data-contrast=\"auto\">, quando seja por per\u00edodo igual ou superior a um ano.<\/span><span data-ccp-props=\"{&quot;201341983&quot;:0,&quot;335551550&quot;:6,&quot;335551620&quot;:6,&quot;335559739&quot;:120,&quot;335559740&quot;:300}\">\u00a0<\/span><\/p><p><span data-ccp-props=\"{&quot;201341983&quot;:0,&quot;335551550&quot;:6,&quot;335551620&quot;:6,&quot;335559739&quot;:120,&quot;335559740&quot;:300}\">\u00a0<\/span><\/p><\/div>\n\t\t\t\t<\/div>\n\t\t\t\t\t\t\t<div class=\"elementor-toggle-item\">\n\t\t\t\t\t<div id=\"elementor-tab-title-25713\" class=\"elementor-tab-title\" data-tab=\"13\" role=\"tab\" aria-controls=\"elementor-tab-content-25713\" aria-expanded=\"false\">\n\t\t\t\t\t\t\t\t\t\t\t\t<span class=\"elementor-toggle-icon elementor-toggle-icon-left\" aria-hidden=\"true\">\n\t\t\t\t\t\t\t\t\t\t\t\t\t\t\t<span class=\"elementor-toggle-icon-closed\"><i class=\"fas fa-chevron-down\"><\/i><\/span>\n\t\t\t\t\t\t\t\t<span class=\"elementor-toggle-icon-opened\"><i class=\"elementor-toggle-icon-opened fas fa-chevron-up\"><\/i><\/span>\n\t\t\t\t\t\t\t\t\t\t\t\t\t<\/span>\n\t\t\t\t\t\t\t\t\t\t\t\t<a href=\"\" class=\"elementor-toggle-title\">13. Quais os motivos de caducidade de uma licen\u00e7a ambiental? <\/a>\n\t\t\t\t\t<\/div>\n\t\t\t\t\t<div id=\"elementor-tab-content-25713\" class=\"elementor-tab-content elementor-clearfix\" data-tab=\"13\" role=\"tabpanel\" aria-labelledby=\"elementor-tab-title-25713\"><p><span data-contrast=\"auto\">A licen\u00e7a ambiental pode caducar pelos seguintes motivos:<\/span><span data-ccp-props=\"{&quot;201341983&quot;:0,&quot;335551550&quot;:6,&quot;335551620&quot;:6,&quot;335559739&quot;:120,&quot;335559740&quot;:300}\">\u00a0<\/span><\/p><ul><li data-leveltext=\"\uf0b7\" data-font=\"Symbol\" data-listid=\"63\" aria-setsize=\"-1\" data-aria-posinset=\"1\" data-aria-level=\"1\"><span data-contrast=\"auto\">Inatividade da instala\u00e7\u00e3o, por per\u00edodo igual ou superior a tr\u00eas anos.<\/span><span data-ccp-props=\"{&quot;134233279&quot;:true,&quot;201341983&quot;:0,&quot;335551550&quot;:6,&quot;335551620&quot;:6,&quot;335559739&quot;:120,&quot;335559740&quot;:300}\">\u00a0<\/span><\/li><li data-leveltext=\"\uf0b7\" data-font=\"Symbol\" data-listid=\"63\" aria-setsize=\"-1\" data-aria-posinset=\"2\" data-aria-level=\"1\"><span data-contrast=\"auto\">Caducidade do t\u00edtulo ou da autoriza\u00e7\u00e3o de explora\u00e7\u00e3o<\/span><span data-ccp-props=\"{&quot;134233279&quot;:true,&quot;201341983&quot;:0,&quot;335551550&quot;:6,&quot;335551620&quot;:6,&quot;335559739&quot;:120,&quot;335559740&quot;:300}\">\u00a0<\/span><\/li><li data-leveltext=\"\uf0b7\" data-font=\"Symbol\" data-listid=\"63\" aria-setsize=\"-1\" data-aria-posinset=\"3\" data-aria-level=\"1\"><span data-contrast=\"auto\">Diminui\u00e7\u00e3o da capacidade instalada para valores inferiores aos limiares de abrang\u00eancia do anexo I.<\/span><span data-ccp-props=\"{&quot;134233279&quot;:true,&quot;201341983&quot;:0,&quot;335551550&quot;:6,&quot;335551620&quot;:6,&quot;335559739&quot;:120,&quot;335559740&quot;:300}\">\u00a0<\/span><\/li><li data-leveltext=\"\uf0b7\" data-font=\"Symbol\" data-listid=\"63\" aria-setsize=\"-1\" data-aria-posinset=\"4\" data-aria-level=\"1\"><span data-contrast=\"auto\">Obten\u00e7\u00e3o da exclus\u00e3o de aplica\u00e7\u00e3o de presente regime.<\/span><span data-ccp-props=\"{&quot;134233279&quot;:true,&quot;201341983&quot;:0,&quot;335551550&quot;:6,&quot;335551620&quot;:6,&quot;335559739&quot;:120,&quot;335559740&quot;:300}\">\u00a0<\/span><\/li><li data-leveltext=\"\uf0b7\" data-font=\"Symbol\" data-listid=\"63\" aria-setsize=\"-1\" data-aria-posinset=\"5\" data-aria-level=\"1\"><span data-contrast=\"auto\">Transmiss\u00e3o de parte da instala\u00e7\u00e3o que desenvolva atividades previstas no anexo I<\/span><span data-ccp-props=\"{&quot;134233279&quot;:true,&quot;201341983&quot;:0,&quot;335551550&quot;:6,&quot;335551620&quot;:6,&quot;335559739&quot;:120,&quot;335559740&quot;:300}\">\u00a0<\/span><\/li><\/ul><ul><li data-leveltext=\"\uf0b7\" data-font=\"Symbol\" data-listid=\"63\" aria-setsize=\"-1\" data-aria-posinset=\"1\" data-aria-level=\"1\"><span data-contrast=\"auto\">Quando n\u00e3o se prestem os elementos necess\u00e1rios para a devida renova\u00e7\u00e3o da licen\u00e7a<\/span><span data-ccp-props=\"{&quot;134233279&quot;:true,&quot;201341983&quot;:0,&quot;335551550&quot;:6,&quot;335551620&quot;:6,&quot;335559739&quot;:120,&quot;335559740&quot;:300}\">\u00a0<\/span><\/li><li data-leveltext=\"\uf0b7\" data-font=\"Symbol\" data-listid=\"63\" aria-setsize=\"-1\" data-aria-posinset=\"2\" data-aria-level=\"1\"><span data-contrast=\"auto\">Quando a explora\u00e7\u00e3o da instala\u00e7\u00e3o de incinera\u00e7\u00e3o ou coincinera\u00e7\u00e3o de res\u00edduos n\u00e3o seja iniciada no prazo de seis meses a contar da data da sua emiss\u00e3o<\/span><span data-ccp-props=\"{&quot;134233279&quot;:true,&quot;201341983&quot;:0,&quot;335551550&quot;:6,&quot;335551620&quot;:6,&quot;335559739&quot;:120,&quot;335559740&quot;:300}\">\u00a0<\/span><\/li><\/ul><\/div>\n\t\t\t\t<\/div>\n\t\t\t\t\t\t\t<div class=\"elementor-toggle-item\">\n\t\t\t\t\t<div id=\"elementor-tab-title-25714\" class=\"elementor-tab-title\" data-tab=\"14\" role=\"tab\" aria-controls=\"elementor-tab-content-25714\" aria-expanded=\"false\">\n\t\t\t\t\t\t\t\t\t\t\t\t<span class=\"elementor-toggle-icon elementor-toggle-icon-left\" aria-hidden=\"true\">\n\t\t\t\t\t\t\t\t\t\t\t\t\t\t\t<span class=\"elementor-toggle-icon-closed\"><i class=\"fas fa-chevron-down\"><\/i><\/span>\n\t\t\t\t\t\t\t\t<span class=\"elementor-toggle-icon-opened\"><i class=\"elementor-toggle-icon-opened fas fa-chevron-up\"><\/i><\/span>\n\t\t\t\t\t\t\t\t\t\t\t\t\t<\/span>\n\t\t\t\t\t\t\t\t\t\t\t\t<a href=\"\" class=\"elementor-toggle-title\">14. Ap\u00f3s a caducidade de uma Licen\u00e7a Ambiental, \u00e9 necess\u00e1rio realizar um novo pedido para explorar a instala\u00e7\u00e3o? <\/a>\n\t\t\t\t\t<\/div>\n\t\t\t\t\t<div id=\"elementor-tab-content-25714\" class=\"elementor-tab-content elementor-clearfix\" data-tab=\"14\" role=\"tabpanel\" aria-labelledby=\"elementor-tab-title-25714\"><p><span data-contrast=\"auto\">Ap\u00f3s a caducidade da licen\u00e7a<\/span><span data-contrast=\"auto\">, a subsequente explora\u00e7\u00e3o da instala\u00e7\u00e3o implica a formula\u00e7\u00e3o de novo pedido de licen\u00e7a, podendo a APA, I.P., determinar quais os procedimentos que n\u00e3o necessitam ser repetidos.<\/span><span data-ccp-props=\"{&quot;201341983&quot;:0,&quot;335551550&quot;:6,&quot;335551620&quot;:6,&quot;335559739&quot;:120,&quot;335559740&quot;:300}\">\u00a0<\/span><\/p><p><span data-ccp-props=\"{&quot;201341983&quot;:0,&quot;335551550&quot;:6,&quot;335551620&quot;:6,&quot;335559739&quot;:120,&quot;335559740&quot;:300}\">\u00a0<\/span><\/p><\/div>\n\t\t\t\t<\/div>\n\t\t\t\t\t\t\t<div class=\"elementor-toggle-item\">\n\t\t\t\t\t<div id=\"elementor-tab-title-25715\" class=\"elementor-tab-title\" data-tab=\"15\" role=\"tab\" aria-controls=\"elementor-tab-content-25715\" aria-expanded=\"false\">\n\t\t\t\t\t\t\t\t\t\t\t\t<span class=\"elementor-toggle-icon elementor-toggle-icon-left\" aria-hidden=\"true\">\n\t\t\t\t\t\t\t\t\t\t\t\t\t\t\t<span class=\"elementor-toggle-icon-closed\"><i class=\"fas fa-chevron-down\"><\/i><\/span>\n\t\t\t\t\t\t\t\t<span class=\"elementor-toggle-icon-opened\"><i class=\"elementor-toggle-icon-opened fas fa-chevron-up\"><\/i><\/span>\n\t\t\t\t\t\t\t\t\t\t\t\t\t<\/span>\n\t\t\t\t\t\t\t\t\t\t\t\t<a href=\"\" class=\"elementor-toggle-title\">15. Em que situa\u00e7\u00f5es \u00e9 necess\u00e1rio o Registo de operadores de instala\u00e7\u00f5es? <\/a>\n\t\t\t\t\t<\/div>\n\t\t\t\t\t<div id=\"elementor-tab-content-25715\" class=\"elementor-tab-content elementor-clearfix\" data-tab=\"15\" role=\"tabpanel\" aria-labelledby=\"elementor-tab-title-25715\"><p><span class=\"TextRun SCXW75392478 BCX4\" lang=\"PT-PT\" xml:lang=\"PT-PT\" data-contrast=\"auto\"><span class=\"NormalTextRun SCXW75392478 BCX4\">Est\u00e3o sujeitos a inscri\u00e7\u00e3o e a registo de dados na APA, I.P., os operadores de instala\u00e7\u00f5es abrangidas pelo anexo I, bem como de instala\u00e7\u00f5es de incinera\u00e7\u00e3o e coincinera\u00e7\u00e3o de res\u00edduos. O registo deve ser efetuado \u00e0 data do respetivo pedido de licenciamento e ser atualizado pelo operador, no prazo de cinco dias, sempre que ocorrer a altera\u00e7\u00e3o do respons\u00e1vel t\u00e9cnico ambiental<\/span><\/span><span class=\"TextRun SCXW75392478 BCX4\" lang=\"PT-PT\" xml:lang=\"PT-PT\" data-contrast=\"auto\"><span class=\"NormalTextRun SCXW75392478 BCX4\">.<\/span><\/span><span class=\"EOP SCXW75392478 BCX4\" data-ccp-props=\"{&quot;201341983&quot;:0,&quot;335551550&quot;:6,&quot;335551620&quot;:6,&quot;335559739&quot;:120,&quot;335559740&quot;:300}\">\u00a0<\/span><\/p><\/div>\n\t\t\t\t<\/div>\n\t\t\t\t\t\t\t<div class=\"elementor-toggle-item\">\n\t\t\t\t\t<div id=\"elementor-tab-title-25716\" class=\"elementor-tab-title\" data-tab=\"16\" role=\"tab\" aria-controls=\"elementor-tab-content-25716\" aria-expanded=\"false\">\n\t\t\t\t\t\t\t\t\t\t\t\t<span class=\"elementor-toggle-icon elementor-toggle-icon-left\" aria-hidden=\"true\">\n\t\t\t\t\t\t\t\t\t\t\t\t\t\t\t<span class=\"elementor-toggle-icon-closed\"><i class=\"fas fa-chevron-down\"><\/i><\/span>\n\t\t\t\t\t\t\t\t<span class=\"elementor-toggle-icon-opened\"><i class=\"elementor-toggle-icon-opened fas fa-chevron-up\"><\/i><\/span>\n\t\t\t\t\t\t\t\t\t\t\t\t\t<\/span>\n\t\t\t\t\t\t\t\t\t\t\t\t<a href=\"\" class=\"elementor-toggle-title\">16. Em que casos de altera\u00e7\u00e3o da instala\u00e7\u00e3o \u00e9 necess\u00e1ria uma altera\u00e7\u00e3o da Licen\u00e7a Ambiental? <\/a>\n\t\t\t\t\t<\/div>\n\t\t\t\t\t<div id=\"elementor-tab-content-25716\" class=\"elementor-tab-content elementor-clearfix\" data-tab=\"16\" role=\"tabpanel\" aria-labelledby=\"elementor-tab-title-25716\"><p><span data-contrast=\"auto\">Consideram-se altera\u00e7\u00f5es de explora\u00e7\u00e3o para efeitos de LA:\u00a0<\/span><span data-ccp-props=\"{&quot;201341983&quot;:0,&quot;335551550&quot;:6,&quot;335551620&quot;:6,&quot;335559739&quot;:120,&quot;335559740&quot;:300}\">\u00a0<\/span><\/p><ol><li><span data-contrast=\"auto\">a) A modifica\u00e7\u00e3o das caracter\u00edsticas ou do funcionamento ou uma amplia\u00e7\u00e3o da instala\u00e7\u00e3o que possa ter consequ\u00eancias no ambiente, nomeadamente as que induzam um efeito relevante nas condi\u00e7\u00f5es especificamente estabelecidas na LA emitida;\u00a0<\/span><\/li><li><span data-contrast=\"auto\">b) A altera\u00e7\u00e3o substancial nas atividades desenvolvidas numa instala\u00e7\u00e3o que corresponda aos limiares estabelecidos no anexo I;\u00a0<\/span><\/li><li><span data-contrast=\"auto\">c) A transmiss\u00e3o, a qualquer t\u00edtulo, da explora\u00e7\u00e3o ou propriedade de parte da instala\u00e7\u00e3o, sujeita a uma mesma LA;\u00a0<\/span><\/li><li><span data-contrast=\"auto\">d) A atualiza\u00e7\u00e3o da LA decorrente do disposto no n.\u00ba 7<\/span><span data-contrast=\"auto\"> do Decreto-Lei <\/span><span data-contrast=\"auto\">127\/2013, de 30 de agosto<\/span><span data-contrast=\"auto\">.<\/span><\/li><\/ol><\/div>\n\t\t\t\t<\/div>\n\t\t\t\t\t\t\t<div class=\"elementor-toggle-item\">\n\t\t\t\t\t<div id=\"elementor-tab-title-25717\" class=\"elementor-tab-title\" data-tab=\"17\" role=\"tab\" aria-controls=\"elementor-tab-content-25717\" aria-expanded=\"false\">\n\t\t\t\t\t\t\t\t\t\t\t\t<span class=\"elementor-toggle-icon elementor-toggle-icon-left\" aria-hidden=\"true\">\n\t\t\t\t\t\t\t\t\t\t\t\t\t\t\t<span class=\"elementor-toggle-icon-closed\"><i class=\"fas fa-chevron-down\"><\/i><\/span>\n\t\t\t\t\t\t\t\t<span class=\"elementor-toggle-icon-opened\"><i class=\"elementor-toggle-icon-opened fas fa-chevron-up\"><\/i><\/span>\n\t\t\t\t\t\t\t\t\t\t\t\t\t<\/span>\n\t\t\t\t\t\t\t\t\t\t\t\t<a href=\"\" class=\"elementor-toggle-title\">17. Em caso de necessidade de altera\u00e7\u00e3o da Licen\u00e7a Ambiental que partes da instala\u00e7\u00e3o est\u00e3o abrangidas? <\/a>\n\t\t\t\t\t<\/div>\n\t\t\t\t\t<div id=\"elementor-tab-content-25717\" class=\"elementor-tab-content elementor-clearfix\" data-tab=\"17\" role=\"tabpanel\" aria-labelledby=\"elementor-tab-title-25717\"><p><span data-contrast=\"auto\">No caso de uma altera\u00e7\u00e3o da instala\u00e7\u00e3o que obrigue a altera\u00e7\u00e3o da L<\/span><span data-contrast=\"auto\">icen\u00e7a <\/span><span data-contrast=\"auto\">A<\/span><span data-contrast=\"auto\">mbiental<\/span><span data-contrast=\"auto\">, o pedido abrange apenas as partes da instala\u00e7\u00e3o e os elementos referidos no n.\u00ba 1 que possam ser afetados por essa altera\u00e7\u00e3o.<\/span><span data-ccp-props=\"{&quot;201341983&quot;:0,&quot;335551550&quot;:6,&quot;335551620&quot;:6,&quot;335559739&quot;:120,&quot;335559740&quot;:300}\">\u00a0<\/span><\/p><p><span data-ccp-props=\"{&quot;201341983&quot;:0,&quot;335551550&quot;:6,&quot;335551620&quot;:6,&quot;335559739&quot;:120,&quot;335559740&quot;:300}\">\u00a0<\/span><\/p><\/div>\n\t\t\t\t<\/div>\n\t\t\t\t\t\t\t<div class=\"elementor-toggle-item\">\n\t\t\t\t\t<div id=\"elementor-tab-title-25718\" class=\"elementor-tab-title\" data-tab=\"18\" role=\"tab\" aria-controls=\"elementor-tab-content-25718\" aria-expanded=\"false\">\n\t\t\t\t\t\t\t\t\t\t\t\t<span class=\"elementor-toggle-icon elementor-toggle-icon-left\" aria-hidden=\"true\">\n\t\t\t\t\t\t\t\t\t\t\t\t\t\t\t<span class=\"elementor-toggle-icon-closed\"><i class=\"fas fa-chevron-down\"><\/i><\/span>\n\t\t\t\t\t\t\t\t<span class=\"elementor-toggle-icon-opened\"><i class=\"elementor-toggle-icon-opened fas fa-chevron-up\"><\/i><\/span>\n\t\t\t\t\t\t\t\t\t\t\t\t\t<\/span>\n\t\t\t\t\t\t\t\t\t\t\t\t<a href=\"\" class=\"elementor-toggle-title\">18. Em que consiste o Relat\u00f3rio Ambiental Anual e quem o tem de elaborar? <\/a>\n\t\t\t\t\t<\/div>\n\t\t\t\t\t<div id=\"elementor-tab-content-25718\" class=\"elementor-tab-content elementor-clearfix\" data-tab=\"18\" role=\"tabpanel\" aria-labelledby=\"elementor-tab-title-25718\"><p><span data-contrast=\"auto\">O Relat\u00f3rio Ambiental Anual (RAA) \u00e9 o documento que re\u00fane os elementos demonstrativos do cumprimento da decis\u00e3o PCIP <\/span><span data-contrast=\"auto\">(Licen\u00e7a Ambiental\/ T\u00edtulo \u00danico de Ambiente), <\/span><span data-contrast=\"auto\">com pontos de si<\/span><span data-contrast=\"auto\">tua\u00e7\u00e3o relativos aos diferentes descritores das referidas decis\u00f5es.<\/span><span data-ccp-props=\"{&quot;201341983&quot;:0,&quot;335551550&quot;:6,&quot;335551620&quot;:6,&quot;335559739&quot;:120,&quot;335559740&quot;:300}\">\u00a0<\/span><\/p><p><span data-contrast=\"auto\">O operador deve elaborar o RAA<\/span><span data-contrast=\"auto\"> o qual tem de conter sistematizadas todas as condicionantes da respetiva Licen\u00e7a Ambiental (LA) ou T\u00edtulo \u00danico Ambiental (TUA) e a respetiva<\/span><span data-contrast=\"auto\"> resposta, informa\u00e7\u00e3o ou evidencias a reportar em sede de RAA, para cada uma das condicionantes.<\/span><span data-ccp-props=\"{&quot;201341983&quot;:0,&quot;335551550&quot;:6,&quot;335551620&quot;:6,&quot;335559739&quot;:120,&quot;335559740&quot;:300}\">\u00a0<\/span><\/p><p><span data-contrast=\"auto\">No portal da APA podemos encontrar um Modelo de Relat\u00f3rio Ambiental Anual.<\/span><span data-ccp-props=\"{&quot;201341983&quot;:0,&quot;335551550&quot;:6,&quot;335551620&quot;:6,&quot;335559739&quot;:120,&quot;335559740&quot;:300}\">\u00a0<\/span><\/p><p><a href=\"https:\/\/apambiente.pt\/_zdata\/Instrumentos\/Licenciamento%20Ambiental\/Modelo_RAA_v6_25.07.2019.xlsx\"><span data-contrast=\"none\">https:\/\/apambiente.pt\/_zdata\/Instrumentos\/Licenciamento%20Ambiental\/Modelo_RAA_v6_25.07.2019.xlsx<\/span><\/a><span data-ccp-props=\"{&quot;201341983&quot;:0,&quot;335551550&quot;:6,&quot;335551620&quot;:6,&quot;335559739&quot;:120,&quot;335559740&quot;:300}\">\u00a0<\/span><\/p><p><span data-contrast=\"auto\">Para poder submeter <\/span><span data-contrast=\"auto\">o RAA \u00e0 APA \u00e9 preciso uma verifica\u00e7\u00e3o pr\u00e9via por verificador qualificado.<\/span><span data-ccp-props=\"{&quot;201341983&quot;:0,&quot;335551550&quot;:6,&quot;335551620&quot;:6,&quot;335559739&quot;:120,&quot;335559740&quot;:300}\">\u00a0<\/span><\/p><\/div>\n\t\t\t\t<\/div>\n\t\t\t\t\t<\/div>\n\t\t\t\t<\/div>\n\t\t\t\t<\/div>\n\t\t\t\t\t\t<\/div>\n\t\t\t\t\t<\/div>\n\t\t<\/div>\n\t\t\t\t\t\t\t\t<\/div>\n\t\t\t\t\t<\/div>\n\t\t<\/section>\n\t\t\t\t\t\t<\/div>\n\t\t\t\t\t\t<\/div>\n\t\t\t\t\t<\/div>\n\t\t","protected":false},"excerpt":{"rendered":"<p>Enquadramento Legal Licenciamento Ambiental para Instala\u00e7\u00f5es que Desenvolvam Atividades Previstas no Anexo I Relat\u00f3rio Base Relat\u00f3rio Ambiental Anual (RAA) FAQs O licenciamento ambiental para a Preven\u00e7\u00e3o e Controlo Integrados de Polui\u00e7\u00e3o (PCIP) representa a nova filosofia europeia em termos de abordagem dos problemas ambientais. Por vezes, \u00e9 tamb\u00e9m utilizada a express\u00e3o original em ingl\u00eas IPPC [&hellip;]<\/p>\n","protected":false},"author":1,"featured_media":0,"parent":0,"menu_order":0,"comment_status":"closed","ping_status":"closed","template":"","meta":{"footnotes":""},"class_list":["post-480","page","type-page","status-publish","hentry"],"_links":{"self":[{"href":"https:\/\/eudigital.net\/licenciamento\/wp-json\/wp\/v2\/pages\/480","targetHints":{"allow":["GET"]}}],"collection":[{"href":"https:\/\/eudigital.net\/licenciamento\/wp-json\/wp\/v2\/pages"}],"about":[{"href":"https:\/\/eudigital.net\/licenciamento\/wp-json\/wp\/v2\/types\/page"}],"author":[{"embeddable":true,"href":"https:\/\/eudigital.net\/licenciamento\/wp-json\/wp\/v2\/users\/1"}],"replies":[{"embeddable":true,"href":"https:\/\/eudigital.net\/licenciamento\/wp-json\/wp\/v2\/comments?post=480"}],"version-history":[{"count":24,"href":"https:\/\/eudigital.net\/licenciamento\/wp-json\/wp\/v2\/pages\/480\/revisions"}],"predecessor-version":[{"id":825,"href":"https:\/\/eudigital.net\/licenciamento\/wp-json\/wp\/v2\/pages\/480\/revisions\/825"}],"wp:attachment":[{"href":"https:\/\/eudigital.net\/licenciamento\/wp-json\/wp\/v2\/media?parent=480"}],"curies":[{"name":"wp","href":"https:\/\/api.w.org\/{rel}","templated":true}]}}