{"id":68,"date":"2020-07-20T00:39:42","date_gmt":"2020-07-20T00:39:42","guid":{"rendered":"https:\/\/eudigital.net\/licenciamento\/?page_id=68"},"modified":"2021-03-29T13:15:24","modified_gmt":"2021-03-29T13:15:24","slug":"avaliacao-de-impacte-ambiental","status":"publish","type":"page","link":"https:\/\/eudigital.net\/licenciamento\/construcao\/avaliacao-de-impacte-ambiental\/","title":{"rendered":"AIA &#8211; Avalia\u00e7\u00e3o de Impacte Ambiental"},"content":{"rendered":"\t\t<div data-elementor-type=\"wp-page\" data-elementor-id=\"68\" class=\"elementor elementor-68\" data-elementor-settings=\"[]\">\n\t\t\t\t\t\t<div class=\"elementor-inner\">\n\t\t\t\t\t\t\t<div class=\"elementor-section-wrap\">\n\t\t\t\t\t\t\t<section class=\"elementor-section elementor-top-section elementor-element elementor-element-03411cb elementor-section-boxed elementor-section-height-default elementor-section-height-default\" data-id=\"03411cb\" data-element_type=\"section\">\n\t\t\t\t\t\t<div class=\"elementor-container elementor-column-gap-default\">\n\t\t\t\t\t\t\t<div class=\"elementor-row\">\n\t\t\t\t\t<div class=\"elementor-column elementor-col-100 elementor-top-column elementor-element elementor-element-ba14408\" data-id=\"ba14408\" data-element_type=\"column\">\n\t\t\t<div class=\"elementor-column-wrap elementor-element-populated\">\n\t\t\t\t\t\t\t<div class=\"elementor-widget-wrap\">\n\t\t\t\t\t\t<div class=\"elementor-element elementor-element-45e4c6c elementor-icon-list--layout-traditional elementor-list-item-link-full_width elementor-widget elementor-widget-icon-list\" data-id=\"45e4c6c\" data-element_type=\"widget\" data-widget_type=\"icon-list.default\">\n\t\t\t\t<div class=\"elementor-widget-container\">\n\t\t\t\t\t<ul class=\"elementor-icon-list-items\">\n\t\t\t\t\t\t\t<li class=\"elementor-icon-list-item\">\n\t\t\t\t\t<a href=\"#aia-1\">\t\t\t\t\t\t<span class=\"elementor-icon-list-icon\">\n\t\t\t\t\t\t\t<i aria-hidden=\"true\" class=\"fas fa-chevron-right\"><\/i>\t\t\t\t\t\t<\/span>\n\t\t\t\t\t\t\t\t\t\t<span class=\"elementor-icon-list-text\">Aprecia\u00e7\u00e3o pr\u00e9via e decis\u00e3o de sujei\u00e7\u00e3o a AIA\u200b<\/span>\n\t\t\t\t\t\t\t\t\t\t\t<\/a>\n\t\t\t\t\t\t\t\t\t<\/li>\n\t\t\t\t\t\t\t\t<li class=\"elementor-icon-list-item\">\n\t\t\t\t\t<a href=\"#aia-1-1\">\t\t\t\t\t\t<span class=\"elementor-icon-list-icon\">\n\t\t\t\t\t\t\t<i aria-hidden=\"true\" class=\"fas fa-chevron-right\"><\/i>\t\t\t\t\t\t<\/span>\n\t\t\t\t\t\t\t\t\t\t<span class=\"elementor-icon-list-text\">1.1 - Procedimento para projetos que n\u00e3o se encontram em \u00e1rea sens\u00edvel <\/span>\n\t\t\t\t\t\t\t\t\t\t\t<\/a>\n\t\t\t\t\t\t\t\t\t<\/li>\n\t\t\t\t\t\t\t\t<li class=\"elementor-icon-list-item\">\n\t\t\t\t\t<a href=\"#aia-1-2\">\t\t\t\t\t\t<span class=\"elementor-icon-list-icon\">\n\t\t\t\t\t\t\t<i aria-hidden=\"true\" class=\"fas fa-chevron-right\"><\/i>\t\t\t\t\t\t<\/span>\n\t\t\t\t\t\t\t\t\t\t<span class=\"elementor-icon-list-text\">1.2 - Procedimento para projetos que se encontram em \u00e1rea sens\u00edvel total ou parcialmente. <\/span>\n\t\t\t\t\t\t\t\t\t\t\t<\/a>\n\t\t\t\t\t\t\t\t\t<\/li>\n\t\t\t\t\t\t\t\t<li class=\"elementor-icon-list-item\">\n\t\t\t\t\t<a href=\"#aia-1-3\">\t\t\t\t\t\t<span class=\"elementor-icon-list-icon\">\n\t\t\t\t\t\t\t<i aria-hidden=\"true\" class=\"fas fa-chevron-right\"><\/i>\t\t\t\t\t\t<\/span>\n\t\t\t\t\t\t\t\t\t\t<span class=\"elementor-icon-list-text\">1.3. - Elementos a fornecer pelo proponente para a aprecia\u00e7\u00e3o pr\u00e9via e decis\u00e3o de sujei\u00e7\u00e3o a AIA.<\/span>\n\t\t\t\t\t\t\t\t\t\t\t<\/a>\n\t\t\t\t\t\t\t\t\t<\/li>\n\t\t\t\t\t\t\t\t<li class=\"elementor-icon-list-item\">\n\t\t\t\t\t<a href=\"#aia-2\">\t\t\t\t\t\t<span class=\"elementor-icon-list-icon\">\n\t\t\t\t\t\t\t<i aria-hidden=\"true\" class=\"fas fa-chevron-right\"><\/i>\t\t\t\t\t\t<\/span>\n\t\t\t\t\t\t\t\t\t\t<span class=\"elementor-icon-list-text\">2.  Defini\u00e7\u00e3o do \u00c2mbito do Eia.   Procedimento Pr\u00e9vio, Facultativo e Vinculante.  <\/span>\n\t\t\t\t\t\t\t\t\t\t\t<\/a>\n\t\t\t\t\t\t\t\t\t<\/li>\n\t\t\t\t\t\t\t\t<li class=\"elementor-icon-list-item\">\n\t\t\t\t\t<a href=\"#aia-3\">\t\t\t\t\t\t<span class=\"elementor-icon-list-icon\">\n\t\t\t\t\t\t\t<i aria-hidden=\"true\" class=\"fas fa-chevron-right\"><\/i>\t\t\t\t\t\t<\/span>\n\t\t\t\t\t\t\t\t\t\t<span class=\"elementor-icon-list-text\">3 - Procedimento de AIA.<\/span>\n\t\t\t\t\t\t\t\t\t\t\t<\/a>\n\t\t\t\t\t\t\t\t\t<\/li>\n\t\t\t\t\t\t\t\t<li class=\"elementor-icon-list-item\">\n\t\t\t\t\t<a href=\"#aia-3-1\">\t\t\t\t\t\t<span class=\"elementor-icon-list-icon\">\n\t\t\t\t\t\t\t<i aria-hidden=\"true\" class=\"fas fa-chevron-right\"><\/i>\t\t\t\t\t\t<\/span>\n\t\t\t\t\t\t\t\t\t\t<span class=\"elementor-icon-list-text\">3.1 - Instru\u00e7\u00e3o e aprecia\u00e7\u00e3o pr\u00e9via <\/span>\n\t\t\t\t\t\t\t\t\t\t\t<\/a>\n\t\t\t\t\t\t\t\t\t<\/li>\n\t\t\t\t\t\t\t\t<li class=\"elementor-icon-list-item\">\n\t\t\t\t\t<a href=\"#aia-3-2\">\t\t\t\t\t\t<span class=\"elementor-icon-list-icon\">\n\t\t\t\t\t\t\t<i aria-hidden=\"true\" class=\"fas fa-chevron-right\"><\/i>\t\t\t\t\t\t<\/span>\n\t\t\t\t\t\t\t\t\t\t<span class=\"elementor-icon-list-text\">3.2 - Tramita\u00e7\u00e3o do procedimento de AIA \u2013 P1: Conformidade do EIA <\/span>\n\t\t\t\t\t\t\t\t\t\t\t<\/a>\n\t\t\t\t\t\t\t\t\t<\/li>\n\t\t\t\t\t\t\t\t<li class=\"elementor-icon-list-item\">\n\t\t\t\t\t<a href=\"#aia-3-3\">\t\t\t\t\t\t<span class=\"elementor-icon-list-icon\">\n\t\t\t\t\t\t\t<i aria-hidden=\"true\" class=\"fas fa-chevron-right\"><\/i>\t\t\t\t\t\t<\/span>\n\t\t\t\t\t\t\t\t\t\t<span class=\"elementor-icon-list-text\">3.3 - Tramita\u00e7\u00e3o do procedimento de AIA \u2013 P2: Decis\u00e3o do procedimento de AIA <\/span>\n\t\t\t\t\t\t\t\t\t\t\t<\/a>\n\t\t\t\t\t\t\t\t\t<\/li>\n\t\t\t\t\t\t\t\t<li class=\"elementor-icon-list-item\">\n\t\t\t\t\t<a href=\"#aia-4\">\t\t\t\t\t\t<span class=\"elementor-icon-list-icon\">\n\t\t\t\t\t\t\t<i aria-hidden=\"true\" class=\"fas fa-chevron-right\"><\/i>\t\t\t\t\t\t<\/span>\n\t\t\t\t\t\t\t\t\t\t<span class=\"elementor-icon-list-text\">4. Decis\u00e3o sobre a cConformidade Ambiental do Projeto de Execu\u00e7\u00e3o<\/span>\n\t\t\t\t\t\t\t\t\t\t\t<\/a>\n\t\t\t\t\t\t\t\t\t<\/li>\n\t\t\t\t\t\t\t\t<li class=\"elementor-icon-list-item\">\n\t\t\t\t\t<a href=\"#aia-5\">\t\t\t\t\t\t<span class=\"elementor-icon-list-icon\">\n\t\t\t\t\t\t\t<i aria-hidden=\"true\" class=\"fas fa-chevron-right\"><\/i>\t\t\t\t\t\t<\/span>\n\t\t\t\t\t\t\t\t\t\t<span class=\"elementor-icon-list-text\">5. Auditorias de p\u00f3s-avalia\u00e7\u00e3o Ambiental <\/span>\n\t\t\t\t\t\t\t\t\t\t\t<\/a>\n\t\t\t\t\t\t\t\t\t<\/li>\n\t\t\t\t\t\t\t\t<li class=\"elementor-icon-list-item\">\n\t\t\t\t\t<a href=\"#aia-5-1\">\t\t\t\t\t\t<span class=\"elementor-icon-list-icon\">\n\t\t\t\t\t\t\t<i aria-hidden=\"true\" class=\"fas fa-chevron-right\"><\/i>\t\t\t\t\t\t<\/span>\n\t\t\t\t\t\t\t\t\t\t<span class=\"elementor-icon-list-text\">5.1 - Procedimento <\/span>\n\t\t\t\t\t\t\t\t\t\t\t<\/a>\n\t\t\t\t\t\t\t\t\t<\/li>\n\t\t\t\t\t\t\t\t<li class=\"elementor-icon-list-item\">\n\t\t\t\t\t<a href=\"#aia-5-2\">\t\t\t\t\t\t<span class=\"elementor-icon-list-icon\">\n\t\t\t\t\t\t\t<i aria-hidden=\"true\" class=\"fas fa-chevron-right\"><\/i>\t\t\t\t\t\t<\/span>\n\t\t\t\t\t\t\t\t\t\t<span class=\"elementor-icon-list-text\">5.2 - Auditoria <\/span>\n\t\t\t\t\t\t\t\t\t\t\t<\/a>\n\t\t\t\t\t\t\t\t\t<\/li>\n\t\t\t\t\t\t\t\t<li class=\"elementor-icon-list-item\">\n\t\t\t\t\t<a href=\"#aia-5-2\">\t\t\t\t\t\t<span class=\"elementor-icon-list-icon\">\n\t\t\t\t\t\t\t<i aria-hidden=\"true\" class=\"fas fa-chevron-right\"><\/i>\t\t\t\t\t\t<\/span>\n\t\t\t\t\t\t\t\t\t\t<span class=\"elementor-icon-list-text\">6. FAQs<\/span>\n\t\t\t\t\t\t\t\t\t\t\t<\/a>\n\t\t\t\t\t\t\t\t\t<\/li>\n\t\t\t\t\t\t<\/ul>\n\t\t\t\t<\/div>\n\t\t\t\t<\/div>\n\t\t\t\t<div class=\"elementor-element elementor-element-6f1a0c3 elementor-widget elementor-widget-spacer\" data-id=\"6f1a0c3\" data-element_type=\"widget\" data-widget_type=\"spacer.default\">\n\t\t\t\t<div class=\"elementor-widget-container\">\n\t\t\t\t\t<div class=\"elementor-spacer\">\n\t\t\t<div class=\"elementor-spacer-inner\"><\/div>\n\t\t<\/div>\n\t\t\t\t<\/div>\n\t\t\t\t<\/div>\n\t\t\t\t<div class=\"elementor-element elementor-element-dc44c82 elementor-widget elementor-widget-text-editor\" data-id=\"dc44c82\" data-element_type=\"widget\" data-widget_type=\"text-editor.default\">\n\t\t\t\t<div class=\"elementor-widget-container\">\n\t\t\t\t\t<div class=\"elementor-text-editor elementor-clearfix\"><p>O <a href=\"https:\/\/dre.pt\/pesquisa\/-\/search\/513863\/details\/normal?l=1%2Fen%2Fen\" target=\"_blank\" rel=\"noopener\">Decreto-Lei 151-B\/2013<\/a>, de 31 de outubro, alterado pelo <a href=\"https:\/\/dre.pt\/pesquisa\/-\/search\/114337013\/details\/maximized\" target=\"_blank\" rel=\"noopener\">Decreto-Lei 152-B\/2017<\/a>, de 1 de dezembro, estabelece o Regime Jur\u00eddico de Avalia\u00e7\u00e3o de Impacte Ambiental (AIA), que transp\u00f5e para a ordem jur\u00eddica interna a <a href=\"https:\/\/eur-lex.europa.eu\/legal-content\/PT\/TXT\/PDF\/?uri=CELEX:32014L0052\" target=\"_blank\" rel=\"noopener\">Diretiva n\u00ba. 2014\/52\/EU<\/a>, relativa \u00e0 avalia\u00e7\u00e3o dos efeitos de determinados projetos p\u00fablicos e privados no ambiente.<span class=\"Apple-converted-space\">\u00a0<\/span><\/p><p>A AIA \u00e9 um instrumento de car\u00e1cter preventivo da pol\u00edtica do ambiente, sustentado na realiza\u00e7\u00e3o de estudos e consultas que t\u00eam por objeto a recolha de informa\u00e7\u00e3o, identifica\u00e7\u00e3o e previs\u00e3o dos efeitos ambientais de determinados projetos, bem como a identifica\u00e7\u00e3o e proposta de medidas que evitem, minimizem ou compensem esses efeitos, tendo em vista uma decis\u00e3o sobre a viabilidade da execu\u00e7\u00e3o de tais projetos e respetiva p\u00f3s-avalia\u00e7\u00e3o. \u00a0<\/p><p>Neste \u00e2mbito realizamos Estudos de Impacte Ambiental, Estudos de Incid\u00eancias Ambientais, Estudos Pr\u00e9vios e Consultas que puderem ser necess\u00e1rias para o pedido de AIA, acompanhamento do processo de AIA at\u00e9 a obten\u00e7\u00e3o da licen\u00e7a ou autoriza\u00e7\u00e3o pretendida, ou atividades de monitoriza\u00e7\u00e3o posteriores necess\u00e1rias.<\/p><p>Tamb\u00e9m realizamos auditorias no \u00e2mbito do procedimento de p\u00f3s-avalia\u00e7\u00e3o, obrigat\u00f3rio para projetos ou atividades com uma AIA favor\u00e1vel, nos casos em que a nossa empresa n\u00e3o tenha realizado os estudos de AIA. A <a href=\"http:\/\/envisolutions.eu\" target=\"_blank\" rel=\"noopener\">EnviSolutions<\/a> conta com um verificador qualificado, entre os seus colaboradores, para a realiza\u00e7\u00e3o de atividades de p\u00f3s-avalia\u00e7\u00e3o.<\/p><\/div>\n\t\t\t\t<\/div>\n\t\t\t\t<\/div>\n\t\t\t\t<div class=\"elementor-element elementor-element-0c5e65c elementor-widget elementor-widget-spacer\" data-id=\"0c5e65c\" data-element_type=\"widget\" data-widget_type=\"spacer.default\">\n\t\t\t\t<div class=\"elementor-widget-container\">\n\t\t\t\t\t<div class=\"elementor-spacer\">\n\t\t\t<div class=\"elementor-spacer-inner\"><\/div>\n\t\t<\/div>\n\t\t\t\t<\/div>\n\t\t\t\t<\/div>\n\t\t\t\t<div class=\"elementor-element elementor-element-8f0c7d5 elementor-widget elementor-widget-heading\" data-id=\"8f0c7d5\" data-element_type=\"widget\" data-widget_type=\"heading.default\">\n\t\t\t\t<div class=\"elementor-widget-container\">\n\t\t\t<h2 class=\"elementor-heading-title elementor-size-default\">Processo de AIA:<\/h2>\t\t<\/div>\n\t\t\t\t<\/div>\n\t\t\t\t<div class=\"elementor-element elementor-element-f23c2c5 elementor-widget elementor-widget-text-editor\" data-id=\"f23c2c5\" data-element_type=\"widget\" data-widget_type=\"text-editor.default\">\n\t\t\t\t<div class=\"elementor-widget-container\">\n\t\t\t\t\t<div class=\"elementor-text-editor elementor-clearfix\"><p>A AIA \u00e9 um procedimento PR\u00c9VIO e obrigat\u00f3rio para os projetos sujeitos a esta avalia\u00e7\u00e3o.<\/p><\/div>\n\t\t\t\t<\/div>\n\t\t\t\t<\/div>\n\t\t\t\t<div class=\"elementor-element elementor-element-96fedb2 elementor-widget elementor-widget-image\" data-id=\"96fedb2\" data-element_type=\"widget\" data-widget_type=\"image.default\">\n\t\t\t\t<div class=\"elementor-widget-container\">\n\t\t\t\t\t<div class=\"elementor-image\">\n\t\t\t\t\t\t\t<figure class=\"wp-caption\">\n\t\t\t\t\t\t\t\t\t\t\t<a href=\"https:\/\/eudigital.net\/licenciamento\/wp-content\/uploads\/2020\/09\/AIA-avaliacao-impacte-ambiental.jpg\" data-elementor-open-lightbox=\"yes\" data-elementor-lightbox-title=\"AIA-avaliacao-impacte-ambiental\">\n\t\t\t\t\t\t\t<img loading=\"lazy\" decoding=\"async\" width=\"1024\" height=\"321\" src=\"https:\/\/eudigital.net\/licenciamento\/wp-content\/uploads\/2020\/09\/AIA-avaliacao-impacte-ambiental-1024x321.jpg\" class=\"elementor-animation-float attachment-large size-large\" alt=\"\" srcset=\"https:\/\/eudigital.net\/licenciamento\/wp-content\/uploads\/2020\/09\/AIA-avaliacao-impacte-ambiental-1024x321.jpg 1024w, https:\/\/eudigital.net\/licenciamento\/wp-content\/uploads\/2020\/09\/AIA-avaliacao-impacte-ambiental-300x94.jpg 300w, https:\/\/eudigital.net\/licenciamento\/wp-content\/uploads\/2020\/09\/AIA-avaliacao-impacte-ambiental-768x241.jpg 768w, https:\/\/eudigital.net\/licenciamento\/wp-content\/uploads\/2020\/09\/AIA-avaliacao-impacte-ambiental.jpg 1168w\" sizes=\"auto, (max-width: 1024px) 100vw, 1024px\" \/>\t\t\t\t\t\t\t\t<\/a>\n\t\t\t\t\t\t\t\t\t\t\t<figcaption class=\"widget-image-caption wp-caption-text\"><\/figcaption>\n\t\t\t\t\t\t\t\t\t\t<\/figure>\n\t\t\t\t\t<\/div>\n\t\t\t\t<\/div>\n\t\t\t\t<\/div>\n\t\t\t\t<div class=\"elementor-element elementor-element-c0a75e4 elementor-widget elementor-widget-spacer\" data-id=\"c0a75e4\" data-element_type=\"widget\" data-widget_type=\"spacer.default\">\n\t\t\t\t<div class=\"elementor-widget-container\">\n\t\t\t\t\t<div class=\"elementor-spacer\">\n\t\t\t<div class=\"elementor-spacer-inner\"><\/div>\n\t\t<\/div>\n\t\t\t\t<\/div>\n\t\t\t\t<\/div>\n\t\t\t\t<div class=\"elementor-element elementor-element-a748067 elementor-widget elementor-widget-heading\" data-id=\"a748067\" data-element_type=\"widget\" id=\"aia-1\" data-widget_type=\"heading.default\">\n\t\t\t\t<div class=\"elementor-widget-container\">\n\t\t\t<h2 class=\"elementor-heading-title elementor-size-default\">1 - Aprecia\u00e7\u00e3o pr\u00e9via e decis\u00e3o de sujei\u00e7\u00e3o a AIA<\/h2>\t\t<\/div>\n\t\t\t\t<\/div>\n\t\t\t\t<div class=\"elementor-element elementor-element-44473c1 elementor-widget elementor-widget-text-editor\" data-id=\"44473c1\" data-element_type=\"widget\" data-widget_type=\"text-editor.default\">\n\t\t\t\t<div class=\"elementor-widget-container\">\n\t\t\t\t\t<div class=\"elementor-text-editor elementor-clearfix\"><p>O primeiro passo no procedimento de AIA \u00e9 saber se o projeto est\u00e1 sujeito ou n\u00e3o a esta avalia\u00e7\u00e3o.<span class=\"Apple-converted-space\">\u00a0<\/span><\/p><p>A entidade licenciadora ou competente, ou a autoridade da AIA, para os casos em que o projeto se localize total ou parcialmente em \u00e1rea sens\u00edvel, devem decidir se o licenciamento ou autoriza\u00e7\u00e3o esta sujeito a uma AIA pr\u00e9via. Tamb\u00e9m ser\u00e1 da sua compet\u00eancia indeferir este pedido at\u00e9 que se obtenha decis\u00e3o, expressa ou t\u00e1cita, sobre a AIA.<span class=\"Apple-converted-space\">\u00a0<\/span><\/p><\/div>\n\t\t\t\t<\/div>\n\t\t\t\t<\/div>\n\t\t\t\t<div class=\"elementor-element elementor-element-1ad32c8 elementor-widget elementor-widget-heading\" data-id=\"1ad32c8\" data-element_type=\"widget\" id=\"aia-1-1\" data-widget_type=\"heading.default\">\n\t\t\t\t<div class=\"elementor-widget-container\">\n\t\t\t<h3 class=\"elementor-heading-title elementor-size-default\">1.1 - Procedimento para projetos que n\u00e3o se encontram em \u00e1rea sens\u00edvel \n<\/h3>\t\t<\/div>\n\t\t\t\t<\/div>\n\t\t\t\t<div class=\"elementor-element elementor-element-e961a0f elementor-widget elementor-widget-text-editor\" data-id=\"e961a0f\" data-element_type=\"widget\" data-widget_type=\"text-editor.default\">\n\t\t\t\t<div class=\"elementor-widget-container\">\n\t\t\t\t\t<div class=\"elementor-text-editor elementor-clearfix\"><p>Para os casos em que o projeto n\u00e3o se encontre em \u00e1rea sens\u00edvel \u00e9 compet\u00eancia da entidade licenciadora ou competente para a autoriza\u00e7\u00e3o do projeto decidir sobre a sujei\u00e7\u00e3o ou n\u00e3o a AIA.<\/p><\/div>\n\t\t\t\t<\/div>\n\t\t\t\t<\/div>\n\t\t\t\t<div class=\"elementor-element elementor-element-dc21332 elementor-widget elementor-widget-image\" data-id=\"dc21332\" data-element_type=\"widget\" data-widget_type=\"image.default\">\n\t\t\t\t<div class=\"elementor-widget-container\">\n\t\t\t\t\t<div class=\"elementor-image\">\n\t\t\t\t\t\t\t\t\t\t\t<a href=\"https:\/\/eudigital.net\/licenciamento\/wp-content\/uploads\/2020\/09\/AIA-avaliacao-impacte-ambiental-1.jpg\" data-elementor-open-lightbox=\"yes\" data-elementor-lightbox-title=\"AIA-avaliacao-impacte-ambiental-1\">\n\t\t\t\t\t\t\t<img loading=\"lazy\" decoding=\"async\" width=\"929\" height=\"1024\" src=\"https:\/\/eudigital.net\/licenciamento\/wp-content\/uploads\/2020\/09\/AIA-avaliacao-impacte-ambiental-1-929x1024.jpg\" class=\"elementor-animation-float attachment-large size-large\" alt=\"\" srcset=\"https:\/\/eudigital.net\/licenciamento\/wp-content\/uploads\/2020\/09\/AIA-avaliacao-impacte-ambiental-1-929x1024.jpg 929w, https:\/\/eudigital.net\/licenciamento\/wp-content\/uploads\/2020\/09\/AIA-avaliacao-impacte-ambiental-1-272x300.jpg 272w, https:\/\/eudigital.net\/licenciamento\/wp-content\/uploads\/2020\/09\/AIA-avaliacao-impacte-ambiental-1-768x847.jpg 768w, https:\/\/eudigital.net\/licenciamento\/wp-content\/uploads\/2020\/09\/AIA-avaliacao-impacte-ambiental-1-1393x1536.jpg 1393w, https:\/\/eudigital.net\/licenciamento\/wp-content\/uploads\/2020\/09\/AIA-avaliacao-impacte-ambiental-1-1857x2048.jpg 1857w, https:\/\/eudigital.net\/licenciamento\/wp-content\/uploads\/2020\/09\/AIA-avaliacao-impacte-ambiental-1.jpg 1920w\" sizes=\"auto, (max-width: 929px) 100vw, 929px\" \/>\t\t\t\t\t\t\t\t<\/a>\n\t\t\t\t\t\t\t\t\t\t\t<\/div>\n\t\t\t\t<\/div>\n\t\t\t\t<\/div>\n\t\t\t\t<div class=\"elementor-element elementor-element-1d95b65 elementor-widget elementor-widget-spacer\" data-id=\"1d95b65\" data-element_type=\"widget\" data-widget_type=\"spacer.default\">\n\t\t\t\t<div class=\"elementor-widget-container\">\n\t\t\t\t\t<div class=\"elementor-spacer\">\n\t\t\t<div class=\"elementor-spacer-inner\"><\/div>\n\t\t<\/div>\n\t\t\t\t<\/div>\n\t\t\t\t<\/div>\n\t\t\t\t\t\t<\/div>\n\t\t\t\t\t<\/div>\n\t\t<\/div>\n\t\t\t\t\t\t\t\t<\/div>\n\t\t\t\t\t<\/div>\n\t\t<\/section>\n\t\t\t\t<section class=\"elementor-section elementor-top-section elementor-element elementor-element-16b94a7 elementor-section-boxed elementor-section-height-default elementor-section-height-default\" data-id=\"16b94a7\" data-element_type=\"section\">\n\t\t\t\t\t\t<div class=\"elementor-container elementor-column-gap-default\">\n\t\t\t\t\t\t\t<div class=\"elementor-row\">\n\t\t\t\t\t<div class=\"elementor-column elementor-col-100 elementor-top-column elementor-element elementor-element-ee2fa5a\" data-id=\"ee2fa5a\" data-element_type=\"column\">\n\t\t\t<div class=\"elementor-column-wrap elementor-element-populated\">\n\t\t\t\t\t\t\t<div class=\"elementor-widget-wrap\">\n\t\t\t\t\t\t<div class=\"elementor-element elementor-element-9392e71 elementor-widget elementor-widget-heading\" data-id=\"9392e71\" data-element_type=\"widget\" id=\"aia-1-2\" data-widget_type=\"heading.default\">\n\t\t\t\t<div class=\"elementor-widget-container\">\n\t\t\t<h2 class=\"elementor-heading-title elementor-size-default\">1.2 - Procedimento para projetos que se encontram em \u00e1rea sens\u00edvel total ou parcialmente. <\/h2>\t\t<\/div>\n\t\t\t\t<\/div>\n\t\t\t\t<div class=\"elementor-element elementor-element-96d5d0f elementor-widget elementor-widget-text-editor\" data-id=\"96d5d0f\" data-element_type=\"widget\" data-widget_type=\"text-editor.default\">\n\t\t\t\t<div class=\"elementor-widget-container\">\n\t\t\t\t\t<div class=\"elementor-text-editor elementor-clearfix\"><p><span class=\"TextRun SCXW167012948 BCX4\" lang=\"PT-PT\" xml:lang=\"PT-PT\" data-contrast=\"auto\"><span class=\"NormalTextRun SCXW167012948 BCX4\">Quando o projeto se encontre em \u00e1rea sens\u00edvel, o<\/span><\/span><span class=\"TextRun SCXW167012948 BCX4\" lang=\"PT-PT\" xml:lang=\"PT-PT\" data-contrast=\"auto\"><span class=\"NormalTextRun SCXW167012948 BCX4\"> procedimento \u00e9 <\/span><\/span><span class=\"TextRun SCXW167012948 BCX4\" lang=\"PT-PT\" xml:lang=\"PT-PT\" data-contrast=\"auto\"><span class=\"NormalTextRun SCXW167012948 BCX4\">muito similar ao dos<\/span><\/span><span class=\"TextRun SCXW167012948 BCX4\" lang=\"PT-PT\" xml:lang=\"PT-PT\" data-contrast=\"auto\"><span class=\"NormalTextRun SCXW167012948 BCX4\"> projetos em \u00e1reas n\u00e3o sens\u00edveis, s\u00f3 que <\/span><\/span><span class=\"TextRun SCXW167012948 BCX4\" lang=\"PT-PT\" xml:lang=\"PT-PT\" data-contrast=\"auto\"><span class=\"NormalTextRun SCXW167012948 BCX4\">em este caso \u00e9 a autoridade de AIA quem realiza a avalia\u00e7\u00e3o sobre a sujei\u00e7\u00e3o a AIA<\/span><\/span><span class=\"TextRun SCXW167012948 BCX4\" lang=\"PT-PT\" xml:lang=\"PT-PT\" data-contrast=\"auto\"><span class=\"NormalTextRun SCXW167012948 BCX4\">; e que<\/span><\/span><span class=\"TextRun SCXW167012948 BCX4\" lang=\"PT-PT\" xml:lang=\"PT-PT\" data-contrast=\"auto\"><span class=\"NormalTextRun SCXW167012948 BCX4\"> a falta de pronuncia da autoridade de AIA sup\u00f5e a sujei\u00e7\u00e3o a AIA.<\/span><\/span><span class=\"EOP SCXW167012948 BCX4\" data-ccp-props=\"{&quot;134233279&quot;:true,&quot;201341983&quot;:0,&quot;335551550&quot;:6,&quot;335551620&quot;:6,&quot;335559685&quot;:720,&quot;335559739&quot;:120,&quot;335559740&quot;:300}\">\u00a0<\/span><\/p><\/div>\n\t\t\t\t<\/div>\n\t\t\t\t<\/div>\n\t\t\t\t<div class=\"elementor-element elementor-element-95d7703 elementor-widget elementor-widget-image\" data-id=\"95d7703\" data-element_type=\"widget\" data-widget_type=\"image.default\">\n\t\t\t\t<div class=\"elementor-widget-container\">\n\t\t\t\t\t<div class=\"elementor-image\">\n\t\t\t\t\t\t\t\t\t\t\t<a href=\"https:\/\/eudigital.net\/licenciamento\/wp-content\/uploads\/2020\/09\/LUA-licenciamento-unico-ambiental-3-scaled.jpg\" data-elementor-open-lightbox=\"yes\" data-elementor-lightbox-title=\"LUA-licenciamento-unico-ambiental-3\">\n\t\t\t\t\t\t\t<img loading=\"lazy\" decoding=\"async\" width=\"882\" height=\"1024\" src=\"https:\/\/eudigital.net\/licenciamento\/wp-content\/uploads\/2020\/09\/LUA-licenciamento-unico-ambiental-3-882x1024.jpg\" class=\"elementor-animation-float attachment-large size-large\" alt=\"\" srcset=\"https:\/\/eudigital.net\/licenciamento\/wp-content\/uploads\/2020\/09\/LUA-licenciamento-unico-ambiental-3-882x1024.jpg 882w, https:\/\/eudigital.net\/licenciamento\/wp-content\/uploads\/2020\/09\/LUA-licenciamento-unico-ambiental-3-258x300.jpg 258w, https:\/\/eudigital.net\/licenciamento\/wp-content\/uploads\/2020\/09\/LUA-licenciamento-unico-ambiental-3-768x892.jpg 768w, https:\/\/eudigital.net\/licenciamento\/wp-content\/uploads\/2020\/09\/LUA-licenciamento-unico-ambiental-3-1323x1536.jpg 1323w, https:\/\/eudigital.net\/licenciamento\/wp-content\/uploads\/2020\/09\/LUA-licenciamento-unico-ambiental-3-1763x2048.jpg 1763w\" sizes=\"auto, (max-width: 882px) 100vw, 882px\" \/>\t\t\t\t\t\t\t\t<\/a>\n\t\t\t\t\t\t\t\t\t\t\t<\/div>\n\t\t\t\t<\/div>\n\t\t\t\t<\/div>\n\t\t\t\t<div class=\"elementor-element elementor-element-9e5139f elementor-widget elementor-widget-spacer\" data-id=\"9e5139f\" data-element_type=\"widget\" data-widget_type=\"spacer.default\">\n\t\t\t\t<div class=\"elementor-widget-container\">\n\t\t\t\t\t<div class=\"elementor-spacer\">\n\t\t\t<div class=\"elementor-spacer-inner\"><\/div>\n\t\t<\/div>\n\t\t\t\t<\/div>\n\t\t\t\t<\/div>\n\t\t\t\t<div class=\"elementor-element elementor-element-05cb7c6 elementor-widget elementor-widget-heading\" data-id=\"05cb7c6\" data-element_type=\"widget\" id=\"aia-1-3\" data-widget_type=\"heading.default\">\n\t\t\t\t<div class=\"elementor-widget-container\">\n\t\t\t<h2 class=\"elementor-heading-title elementor-size-default\">1.3.  Elementos a fornecer pelo proponente para a aprecia\u00e7\u00e3o pr\u00e9via e decis\u00e3o de sujei\u00e7\u00e3o a AIA.<\/h2>\t\t<\/div>\n\t\t\t\t<\/div>\n\t\t\t\t<section class=\"elementor-section elementor-inner-section elementor-element elementor-element-732d69f elementor-section-boxed elementor-section-height-default elementor-section-height-default\" data-id=\"732d69f\" data-element_type=\"section\" data-settings=\"{&quot;background_background&quot;:&quot;classic&quot;}\">\n\t\t\t\t\t\t<div class=\"elementor-container elementor-column-gap-default\">\n\t\t\t\t\t\t\t<div class=\"elementor-row\">\n\t\t\t\t\t<div class=\"elementor-column elementor-col-100 elementor-inner-column elementor-element elementor-element-40789e9\" data-id=\"40789e9\" data-element_type=\"column\">\n\t\t\t<div class=\"elementor-column-wrap elementor-element-populated\">\n\t\t\t\t\t\t\t<div class=\"elementor-widget-wrap\">\n\t\t\t\t\t\t<div class=\"elementor-element elementor-element-2e4a492 elementor-widget elementor-widget-heading\" data-id=\"2e4a492\" data-element_type=\"widget\" data-widget_type=\"heading.default\">\n\t\t\t\t<div class=\"elementor-widget-container\">\n\t\t\t<h3 class=\"elementor-heading-title elementor-size-default\">Elementos a fornecer pelo proponente <\/h3>\t\t<\/div>\n\t\t\t\t<\/div>\n\t\t\t\t\t\t<\/div>\n\t\t\t\t\t<\/div>\n\t\t<\/div>\n\t\t\t\t\t\t\t\t<\/div>\n\t\t\t\t\t<\/div>\n\t\t<\/section>\n\t\t\t\t<section class=\"elementor-section elementor-inner-section elementor-element elementor-element-40c81d1 elementor-section-boxed elementor-section-height-default elementor-section-height-default\" data-id=\"40c81d1\" data-element_type=\"section\">\n\t\t\t\t\t\t<div class=\"elementor-container elementor-column-gap-default\">\n\t\t\t\t\t\t\t<div class=\"elementor-row\">\n\t\t\t\t\t<div class=\"elementor-column elementor-col-33 elementor-inner-column elementor-element elementor-element-92a26af\" data-id=\"92a26af\" data-element_type=\"column\">\n\t\t\t<div class=\"elementor-column-wrap elementor-element-populated\">\n\t\t\t\t\t\t\t<div class=\"elementor-widget-wrap\">\n\t\t\t\t\t\t<div class=\"elementor-element elementor-element-7f6dd5b elementor-widget elementor-widget-heading\" data-id=\"7f6dd5b\" data-element_type=\"widget\" data-widget_type=\"heading.default\">\n\t\t\t\t<div class=\"elementor-widget-container\">\n\t\t\t<h2 class=\"elementor-heading-title elementor-size-default\">Introdu\u00e7\u00e3o  <\/h2>\t\t<\/div>\n\t\t\t\t<\/div>\n\t\t\t\t\t\t<\/div>\n\t\t\t\t\t<\/div>\n\t\t<\/div>\n\t\t\t\t<div class=\"elementor-column elementor-col-66 elementor-inner-column elementor-element elementor-element-a439ae2\" data-id=\"a439ae2\" data-element_type=\"column\">\n\t\t\t<div class=\"elementor-column-wrap elementor-element-populated\">\n\t\t\t\t\t\t\t<div class=\"elementor-widget-wrap\">\n\t\t\t\t\t\t<div class=\"elementor-element elementor-element-59ebb96 elementor-align-left elementor-icon-list--layout-traditional elementor-list-item-link-full_width elementor-widget elementor-widget-icon-list\" data-id=\"59ebb96\" data-element_type=\"widget\" data-widget_type=\"icon-list.default\">\n\t\t\t\t<div class=\"elementor-widget-container\">\n\t\t\t\t\t<ul class=\"elementor-icon-list-items\">\n\t\t\t\t\t\t\t<li class=\"elementor-icon-list-item\">\n\t\t\t\t\t\t\t\t\t\t<span class=\"elementor-icon-list-text\"><br>Identifica\u00e7\u00e3o do projeto, proponente e licenciador <\/span>\n\t\t\t\t\t\t\t\t\t<\/li>\n\t\t\t\t\t\t\t\t<li class=\"elementor-icon-list-item\">\n\t\t\t\t\t\t\t\t\t\t<span class=\"elementor-icon-list-text\">Contactos do proponente <br><br><\/span>\n\t\t\t\t\t\t\t\t\t<\/li>\n\t\t\t\t\t\t<\/ul>\n\t\t\t\t<\/div>\n\t\t\t\t<\/div>\n\t\t\t\t\t\t<\/div>\n\t\t\t\t\t<\/div>\n\t\t<\/div>\n\t\t\t\t\t\t\t\t<\/div>\n\t\t\t\t\t<\/div>\n\t\t<\/section>\n\t\t\t\t<section class=\"elementor-section elementor-inner-section elementor-element elementor-element-10108dc elementor-section-boxed elementor-section-height-default elementor-section-height-default\" data-id=\"10108dc\" data-element_type=\"section\">\n\t\t\t\t\t\t<div class=\"elementor-container elementor-column-gap-default\">\n\t\t\t\t\t\t\t<div class=\"elementor-row\">\n\t\t\t\t\t<div class=\"elementor-column elementor-col-33 elementor-inner-column elementor-element elementor-element-97f97bc\" data-id=\"97f97bc\" data-element_type=\"column\">\n\t\t\t<div class=\"elementor-column-wrap elementor-element-populated\">\n\t\t\t\t\t\t\t<div class=\"elementor-widget-wrap\">\n\t\t\t\t\t\t<div class=\"elementor-element elementor-element-db8225b elementor-widget elementor-widget-heading\" data-id=\"db8225b\" data-element_type=\"widget\" data-widget_type=\"heading.default\">\n\t\t\t\t<div class=\"elementor-widget-container\">\n\t\t\t<h2 class=\"elementor-heading-title elementor-size-default\">Carateriza\u00e7\u00e3o do projeto <\/h2>\t\t<\/div>\n\t\t\t\t<\/div>\n\t\t\t\t\t\t<\/div>\n\t\t\t\t\t<\/div>\n\t\t<\/div>\n\t\t\t\t<div class=\"elementor-column elementor-col-66 elementor-inner-column elementor-element elementor-element-21e6fe3\" data-id=\"21e6fe3\" data-element_type=\"column\">\n\t\t\t<div class=\"elementor-column-wrap elementor-element-populated\">\n\t\t\t\t\t\t\t<div class=\"elementor-widget-wrap\">\n\t\t\t\t\t\t<div class=\"elementor-element elementor-element-f08bda6 elementor-align-left elementor-icon-list--layout-traditional elementor-list-item-link-full_width elementor-widget elementor-widget-icon-list\" data-id=\"f08bda6\" data-element_type=\"widget\" data-widget_type=\"icon-list.default\">\n\t\t\t\t<div class=\"elementor-widget-container\">\n\t\t\t\t\t<ul class=\"elementor-icon-list-items\">\n\t\t\t\t\t\t\t<li class=\"elementor-icon-list-item\">\n\t\t\t\t\t\t\t\t\t\t<span class=\"elementor-icon-list-text\"><br>Objetivo do projeto <\/span>\n\t\t\t\t\t\t\t\t\t<\/li>\n\t\t\t\t\t\t\t\t<li class=\"elementor-icon-list-item\">\n\t\t\t\t\t\t\t\t\t\t<span class=\"elementor-icon-list-text\">Caracter\u00edsticas f\u00edsicas da totalidade do projeto <\/span>\n\t\t\t\t\t\t\t\t\t<\/li>\n\t\t\t\t\t\t\t\t<li class=\"elementor-icon-list-item\">\n\t\t\t\t\t\t\t\t\t\t<span class=\"elementor-icon-list-text\">Identifica\u00e7\u00e3o do previsto nos instrumentos de gest\u00e3o territorial aplic\u00e1veis <\/span>\n\t\t\t\t\t\t\t\t\t<\/li>\n\t\t\t\t\t\t\t\t<li class=\"elementor-icon-list-item\">\n\t\t\t\t\t\t\t\t\t\t<span class=\"elementor-icon-list-text\">Descri\u00e7\u00e3o dos projetos associados <\/span>\n\t\t\t\t\t\t\t\t\t<\/li>\n\t\t\t\t\t\t\t\t<li class=\"elementor-icon-list-item\">\n\t\t\t\t\t\t\t\t\t\t<span class=\"elementor-icon-list-text\">Descri\u00e7\u00e3o do processo <\/span>\n\t\t\t\t\t\t\t\t\t<\/li>\n\t\t\t\t\t\t\t\t<li class=\"elementor-icon-list-item\">\n\t\t\t\t\t\t\t\t\t\t<span class=\"elementor-icon-list-text\">Acessos a criar ou alterar <\/span>\n\t\t\t\t\t\t\t\t\t<\/li>\n\t\t\t\t\t\t\t\t<li class=\"elementor-icon-list-item\">\n\t\t\t\t\t\t\t\t\t\t<span class=\"elementor-icon-list-text\">Calendariza\u00e7\u00e3o das fases do projeto <\/span>\n\t\t\t\t\t\t\t\t\t<\/li>\n\t\t\t\t\t\t\t\t<li class=\"elementor-icon-list-item\">\n\t\t\t\t\t\t\t\t\t\t<span class=\"elementor-icon-list-text\">Utiliza\u00e7\u00e3o de recursos naturais <\/span>\n\t\t\t\t\t\t\t\t\t<\/li>\n\t\t\t\t\t\t\t\t<li class=\"elementor-icon-list-item\">\n\t\t\t\t\t\t\t\t\t\t<span class=\"elementor-icon-list-text\">Produ\u00e7\u00e3o de efluentes, res\u00edduos e emiss\u00f5es <\/span>\n\t\t\t\t\t\t\t\t\t<\/li>\n\t\t\t\t\t\t\t\t<li class=\"elementor-icon-list-item\">\n\t\t\t\t\t\t\t\t\t\t<span class=\"elementor-icon-list-text\">Risco de acidentes <\/span>\n\t\t\t\t\t\t\t\t\t<\/li>\n\t\t\t\t\t\t\t\t<li class=\"elementor-icon-list-item\">\n\t\t\t\t\t\t\t\t\t\t<span class=\"elementor-icon-list-text\">Alternativas consideradas <\/span>\n\t\t\t\t\t\t\t\t\t<\/li>\n\t\t\t\t\t\t\t\t<li class=\"elementor-icon-list-item\">\n\t\t\t\t\t\t\t\t\t\t<span class=\"elementor-icon-list-text\">Efeitos cumulativos relativamente a outros projetos <br><br><\/span>\n\t\t\t\t\t\t\t\t\t<\/li>\n\t\t\t\t\t\t<\/ul>\n\t\t\t\t<\/div>\n\t\t\t\t<\/div>\n\t\t\t\t\t\t<\/div>\n\t\t\t\t\t<\/div>\n\t\t<\/div>\n\t\t\t\t\t\t\t\t<\/div>\n\t\t\t\t\t<\/div>\n\t\t<\/section>\n\t\t\t\t<section class=\"elementor-section elementor-inner-section elementor-element elementor-element-87f8b88 elementor-section-boxed elementor-section-height-default elementor-section-height-default\" data-id=\"87f8b88\" data-element_type=\"section\">\n\t\t\t\t\t\t<div class=\"elementor-container elementor-column-gap-default\">\n\t\t\t\t\t\t\t<div class=\"elementor-row\">\n\t\t\t\t\t<div class=\"elementor-column elementor-col-33 elementor-inner-column elementor-element elementor-element-d847e58\" data-id=\"d847e58\" data-element_type=\"column\">\n\t\t\t<div class=\"elementor-column-wrap elementor-element-populated\">\n\t\t\t\t\t\t\t<div class=\"elementor-widget-wrap\">\n\t\t\t\t\t\t<div class=\"elementor-element elementor-element-9bbcaa9 elementor-widget elementor-widget-heading\" data-id=\"9bbcaa9\" data-element_type=\"widget\" data-widget_type=\"heading.default\">\n\t\t\t\t<div class=\"elementor-widget-container\">\n\t\t\t<h2 class=\"elementor-heading-title elementor-size-default\">Descri\u00e7\u00e3o do local do projeto <\/h2>\t\t<\/div>\n\t\t\t\t<\/div>\n\t\t\t\t\t\t<\/div>\n\t\t\t\t\t<\/div>\n\t\t<\/div>\n\t\t\t\t<div class=\"elementor-column elementor-col-66 elementor-inner-column elementor-element elementor-element-0504439\" data-id=\"0504439\" data-element_type=\"column\">\n\t\t\t<div class=\"elementor-column-wrap elementor-element-populated\">\n\t\t\t\t\t\t\t<div class=\"elementor-widget-wrap\">\n\t\t\t\t\t\t<div class=\"elementor-element elementor-element-18c4152 elementor-align-left elementor-icon-list--layout-traditional elementor-list-item-link-full_width elementor-widget elementor-widget-icon-list\" data-id=\"18c4152\" data-element_type=\"widget\" data-widget_type=\"icon-list.default\">\n\t\t\t\t<div class=\"elementor-widget-container\">\n\t\t\t\t\t<ul class=\"elementor-icon-list-items\">\n\t\t\t\t\t\t\t<li class=\"elementor-icon-list-item\">\n\t\t\t\t\t\t\t\t\t\t<span class=\"elementor-icon-list-text\"><br>Localiza\u00e7\u00e3o e descri\u00e7\u00e3o geral da \u00e1rea do projeto e envolvente <\/span>\n\t\t\t\t\t\t\t\t\t<\/li>\n\t\t\t\t\t\t\t\t<li class=\"elementor-icon-list-item\">\n\t\t\t\t\t\t\t\t\t\t<span class=\"elementor-icon-list-text\">Apresenta\u00e7\u00e3o da planta de localiza\u00e7\u00e3o com implanta\u00e7\u00e3o do projeto (escala- 1:25 000) <\/span>\n\t\t\t\t\t\t\t\t\t<\/li>\n\t\t\t\t\t\t\t\t<li class=\"elementor-icon-list-item\">\n\t\t\t\t\t\t\t\t\t\t<span class=\"elementor-icon-list-text\">Indica\u00e7\u00e3o das \u00e1reas sens\u00edveis e da ocupa\u00e7\u00e3o atual do solo e da conformidade do projeto com os instrumentos de gest\u00e3o territorial <\/span>\n\t\t\t\t\t\t\t\t\t<\/li>\n\t\t\t\t\t\t\t\t<li class=\"elementor-icon-list-item\">\n\t\t\t\t\t\t\t\t\t\t<span class=\"elementor-icon-list-text\">Descri\u00e7\u00e3o dos elementos do ambiente suscet\u00edveis de serem consideravelmente afetados pelo projeto proposto <\/span>\n\t\t\t\t\t\t\t\t\t<\/li>\n\t\t\t\t\t\t\t\t<li class=\"elementor-icon-list-item\">\n\t\t\t\t\t\t\t\t\t\t<span class=\"elementor-icon-list-text\">Descri\u00e7\u00e3o dos elementos da popula\u00e7\u00e3o e da sa\u00fade humana suscet\u00edveis de serem consideravelmente afetados pelo projeto proposto <br><br><\/span>\n\t\t\t\t\t\t\t\t\t<\/li>\n\t\t\t\t\t\t<\/ul>\n\t\t\t\t<\/div>\n\t\t\t\t<\/div>\n\t\t\t\t\t\t<\/div>\n\t\t\t\t\t<\/div>\n\t\t<\/div>\n\t\t\t\t\t\t\t\t<\/div>\n\t\t\t\t\t<\/div>\n\t\t<\/section>\n\t\t\t\t<section class=\"elementor-section elementor-inner-section elementor-element elementor-element-2567cdb elementor-section-boxed elementor-section-height-default elementor-section-height-default\" data-id=\"2567cdb\" data-element_type=\"section\">\n\t\t\t\t\t\t<div class=\"elementor-container elementor-column-gap-default\">\n\t\t\t\t\t\t\t<div class=\"elementor-row\">\n\t\t\t\t\t<div class=\"elementor-column elementor-col-33 elementor-inner-column elementor-element elementor-element-799e720\" data-id=\"799e720\" data-element_type=\"column\">\n\t\t\t<div class=\"elementor-column-wrap elementor-element-populated\">\n\t\t\t\t\t\t\t<div class=\"elementor-widget-wrap\">\n\t\t\t\t\t\t<div class=\"elementor-element elementor-element-2a3211b elementor-widget elementor-widget-heading\" data-id=\"2a3211b\" data-element_type=\"widget\" data-widget_type=\"heading.default\">\n\t\t\t\t<div class=\"elementor-widget-container\">\n\t\t\t<h2 class=\"elementor-heading-title elementor-size-default\">Descri\u00e7\u00e3o do local do projeto <\/h2>\t\t<\/div>\n\t\t\t\t<\/div>\n\t\t\t\t\t\t<\/div>\n\t\t\t\t\t<\/div>\n\t\t<\/div>\n\t\t\t\t<div class=\"elementor-column elementor-col-66 elementor-inner-column elementor-element elementor-element-b4b734a\" data-id=\"b4b734a\" data-element_type=\"column\">\n\t\t\t<div class=\"elementor-column-wrap elementor-element-populated\">\n\t\t\t\t\t\t\t<div class=\"elementor-widget-wrap\">\n\t\t\t\t\t\t<div class=\"elementor-element elementor-element-e796994 elementor-align-left elementor-icon-list--layout-traditional elementor-list-item-link-full_width elementor-widget elementor-widget-icon-list\" data-id=\"e796994\" data-element_type=\"widget\" data-widget_type=\"icon-list.default\">\n\t\t\t\t<div class=\"elementor-widget-container\">\n\t\t\t\t\t<ul class=\"elementor-icon-list-items\">\n\t\t\t\t\t\t\t<li class=\"elementor-icon-list-item\">\n\t\t\t\t\t\t\t\t\t\t<span class=\"elementor-icon-list-text\"><br>Descri\u00e7\u00e3o qualitativa dos impactes esperados positivos e negativos nas fases de constru\u00e7\u00e3o, explora\u00e7\u00e3o e desativa\u00e7\u00e3o <\/span>\n\t\t\t\t\t\t\t\t\t<\/li>\n\t\t\t\t\t\t\t\t<li class=\"elementor-icon-list-item\">\n\t\t\t\t\t\t\t\t\t\t<span class=\"elementor-icon-list-text\">Indica\u00e7\u00e3o da natureza, magnitude, extens\u00e3o e significado <\/span>\n\t\t\t\t\t\t\t\t\t<\/li>\n\t\t\t\t\t\t\t\t<li class=\"elementor-icon-list-item\">\n\t\t\t\t\t\t\t\t\t\t<span class=\"elementor-icon-list-text\">Identifica\u00e7\u00e3o das medidas do projeto preconizadas para minimizar os impactes negativos expect\u00e1veis nas fases de constru\u00e7\u00e3o, de explora\u00e7\u00e3o e de desativa\u00e7\u00e3o, se aplic\u00e1vel <br><br><\/span>\n\t\t\t\t\t\t\t\t\t<\/li>\n\t\t\t\t\t\t<\/ul>\n\t\t\t\t<\/div>\n\t\t\t\t<\/div>\n\t\t\t\t\t\t<\/div>\n\t\t\t\t\t<\/div>\n\t\t<\/div>\n\t\t\t\t\t\t\t\t<\/div>\n\t\t\t\t\t<\/div>\n\t\t<\/section>\n\t\t\t\t<section class=\"elementor-section elementor-inner-section elementor-element elementor-element-31717b9 elementor-section-boxed elementor-section-height-default elementor-section-height-default\" data-id=\"31717b9\" data-element_type=\"section\">\n\t\t\t\t\t\t<div class=\"elementor-container elementor-column-gap-default\">\n\t\t\t\t\t\t\t<div class=\"elementor-row\">\n\t\t\t\t\t<div class=\"elementor-column elementor-col-100 elementor-inner-column elementor-element elementor-element-15505ca\" data-id=\"15505ca\" data-element_type=\"column\">\n\t\t\t<div class=\"elementor-column-wrap elementor-element-populated\">\n\t\t\t\t\t\t\t<div class=\"elementor-widget-wrap\">\n\t\t\t\t\t\t<div class=\"elementor-element elementor-element-1c96c4a elementor-align-left elementor-icon-list--layout-traditional elementor-list-item-link-full_width elementor-widget elementor-widget-icon-list\" data-id=\"1c96c4a\" data-element_type=\"widget\" data-widget_type=\"icon-list.default\">\n\t\t\t\t<div class=\"elementor-widget-container\">\n\t\t\t\t\t<ul class=\"elementor-icon-list-items\">\n\t\t\t\t\t\t\t<li class=\"elementor-icon-list-item\">\n\t\t\t\t\t\t\t\t\t\t<span class=\"elementor-icon-list-text\"><br>Devem ser tomados em considera\u00e7\u00e3o os crit\u00e9rios previstos no anexo III do DL 152-B\/2017 quando se realize a compila\u00e7\u00e3o de estas informa\u00e7\u00f5es. <br><br><\/span>\n\t\t\t\t\t\t\t\t\t<\/li>\n\t\t\t\t\t\t<\/ul>\n\t\t\t\t<\/div>\n\t\t\t\t<\/div>\n\t\t\t\t\t\t<\/div>\n\t\t\t\t\t<\/div>\n\t\t<\/div>\n\t\t\t\t\t\t\t\t<\/div>\n\t\t\t\t\t<\/div>\n\t\t<\/section>\n\t\t\t\t\t\t<\/div>\n\t\t\t\t\t<\/div>\n\t\t<\/div>\n\t\t\t\t\t\t\t\t<\/div>\n\t\t\t\t\t<\/div>\n\t\t<\/section>\n\t\t\t\t<section class=\"elementor-section elementor-top-section elementor-element elementor-element-5a2440c elementor-section-boxed elementor-section-height-default elementor-section-height-default\" data-id=\"5a2440c\" data-element_type=\"section\">\n\t\t\t\t\t\t<div class=\"elementor-container elementor-column-gap-default\">\n\t\t\t\t\t\t\t<div class=\"elementor-row\">\n\t\t\t\t\t<div class=\"elementor-column elementor-col-100 elementor-top-column elementor-element elementor-element-2de9a5c\" data-id=\"2de9a5c\" data-element_type=\"column\">\n\t\t\t<div class=\"elementor-column-wrap elementor-element-populated\">\n\t\t\t\t\t\t\t<div class=\"elementor-widget-wrap\">\n\t\t\t\t\t\t<div class=\"elementor-element elementor-element-c83b154 elementor-widget elementor-widget-spacer\" data-id=\"c83b154\" data-element_type=\"widget\" data-widget_type=\"spacer.default\">\n\t\t\t\t<div class=\"elementor-widget-container\">\n\t\t\t\t\t<div class=\"elementor-spacer\">\n\t\t\t<div class=\"elementor-spacer-inner\"><\/div>\n\t\t<\/div>\n\t\t\t\t<\/div>\n\t\t\t\t<\/div>\n\t\t\t\t<div class=\"elementor-element elementor-element-6b20968 elementor-widget elementor-widget-heading\" data-id=\"6b20968\" data-element_type=\"widget\" id=\"aia-2\" data-widget_type=\"heading.default\">\n\t\t\t\t<div class=\"elementor-widget-container\">\n\t\t\t<h2 class=\"elementor-heading-title elementor-size-default\">2. DEFINI\u00c7\u00c3O DO \u00c2MBITO DO EIA.  \nPROCEDIMENTO PR\u00c9VIO, FACULTATIVO E VINCULANTE.  <\/h2>\t\t<\/div>\n\t\t\t\t<\/div>\n\t\t\t\t<div class=\"elementor-element elementor-element-7ef85b3 elementor-widget elementor-widget-text-editor\" data-id=\"7ef85b3\" data-element_type=\"widget\" data-widget_type=\"text-editor.default\">\n\t\t\t\t<div class=\"elementor-widget-container\">\n\t\t\t\t\t<div class=\"elementor-text-editor elementor-clearfix\"><p><span class=\"TextRun SCXW127241832 BCX4\" lang=\"PT-PT\" xml:lang=\"PT-PT\" data-contrast=\"auto\"><span class=\"NormalTextRun SCXW127241832 BCX4\">A defini\u00e7\u00e3o do \u00e2mbito do EIA \u00e9 vinculante para o proponente, a autoridade de AIA e as entidades externas consultadas, quanto ao conte\u00fado do EIA, por dois anos.<\/span><\/span><span class=\"EOP SCXW127241832 BCX4\" data-ccp-props=\"{&quot;134233279&quot;:true,&quot;201341983&quot;:0,&quot;335551550&quot;:6,&quot;335551620&quot;:6,&quot;335559685&quot;:720,&quot;335559739&quot;:120,&quot;335559740&quot;:300}\">\u00a0<\/span><\/p><\/div>\n\t\t\t\t<\/div>\n\t\t\t\t<\/div>\n\t\t\t\t<div class=\"elementor-element elementor-element-72bee67 elementor-widget elementor-widget-image\" data-id=\"72bee67\" data-element_type=\"widget\" data-widget_type=\"image.default\">\n\t\t\t\t<div class=\"elementor-widget-container\">\n\t\t\t\t\t<div class=\"elementor-image\">\n\t\t\t\t\t\t\t\t\t\t\t<a href=\"https:\/\/eudigital.net\/licenciamento\/wp-content\/uploads\/2020\/09\/AIA-avaliacao-impacte-ambiental-3.jpg\" data-elementor-open-lightbox=\"yes\" data-elementor-lightbox-title=\"AIA-avaliacao-impacte-ambiental-3\">\n\t\t\t\t\t\t\t<img loading=\"lazy\" decoding=\"async\" width=\"1024\" height=\"739\" src=\"https:\/\/eudigital.net\/licenciamento\/wp-content\/uploads\/2020\/09\/AIA-avaliacao-impacte-ambiental-3-1024x739.jpg\" class=\"elementor-animation-float attachment-large size-large\" alt=\"\" srcset=\"https:\/\/eudigital.net\/licenciamento\/wp-content\/uploads\/2020\/09\/AIA-avaliacao-impacte-ambiental-3-1024x739.jpg 1024w, https:\/\/eudigital.net\/licenciamento\/wp-content\/uploads\/2020\/09\/AIA-avaliacao-impacte-ambiental-3-300x216.jpg 300w, https:\/\/eudigital.net\/licenciamento\/wp-content\/uploads\/2020\/09\/AIA-avaliacao-impacte-ambiental-3-768x554.jpg 768w, https:\/\/eudigital.net\/licenciamento\/wp-content\/uploads\/2020\/09\/AIA-avaliacao-impacte-ambiental-3-1536x1108.jpg 1536w, https:\/\/eudigital.net\/licenciamento\/wp-content\/uploads\/2020\/09\/AIA-avaliacao-impacte-ambiental-3.jpg 1920w\" sizes=\"auto, (max-width: 1024px) 100vw, 1024px\" \/>\t\t\t\t\t\t\t\t<\/a>\n\t\t\t\t\t\t\t\t\t\t\t<\/div>\n\t\t\t\t<\/div>\n\t\t\t\t<\/div>\n\t\t\t\t<div class=\"elementor-element elementor-element-c9f5503 elementor-widget elementor-widget-spacer\" data-id=\"c9f5503\" data-element_type=\"widget\" data-widget_type=\"spacer.default\">\n\t\t\t\t<div class=\"elementor-widget-container\">\n\t\t\t\t\t<div class=\"elementor-spacer\">\n\t\t\t<div class=\"elementor-spacer-inner\"><\/div>\n\t\t<\/div>\n\t\t\t\t<\/div>\n\t\t\t\t<\/div>\n\t\t\t\t<div class=\"elementor-element elementor-element-93974ed elementor-widget elementor-widget-heading\" data-id=\"93974ed\" data-element_type=\"widget\" id=\"aia-3\" data-widget_type=\"heading.default\">\n\t\t\t\t<div class=\"elementor-widget-container\">\n\t\t\t<h2 class=\"elementor-heading-title elementor-size-default\">3 - PROCEDIMENTO DE AIA.<\/h2>\t\t<\/div>\n\t\t\t\t<\/div>\n\t\t\t\t<div class=\"elementor-element elementor-element-9872983 elementor-widget elementor-widget-heading\" data-id=\"9872983\" data-element_type=\"widget\" id=\"aia-3-1\" data-widget_type=\"heading.default\">\n\t\t\t\t<div class=\"elementor-widget-container\">\n\t\t\t<h3 class=\"elementor-heading-title elementor-size-default\">3.1 - Instru\u00e7\u00e3o e aprecia\u00e7\u00e3o pr\u00e9via <\/h3>\t\t<\/div>\n\t\t\t\t<\/div>\n\t\t\t\t<div class=\"elementor-element elementor-element-b801384 elementor-widget elementor-widget-image\" data-id=\"b801384\" data-element_type=\"widget\" data-widget_type=\"image.default\">\n\t\t\t\t<div class=\"elementor-widget-container\">\n\t\t\t\t\t<div class=\"elementor-image\">\n\t\t\t\t\t\t\t\t\t\t\t<a href=\"https:\/\/eudigital.net\/licenciamento\/wp-content\/uploads\/2020\/09\/AIA-avaliacao-impacte-ambiental-4.jpg\" data-elementor-open-lightbox=\"yes\" data-elementor-lightbox-title=\"AIA-avaliacao-impacte-ambiental-4\">\n\t\t\t\t\t\t\t<img loading=\"lazy\" decoding=\"async\" width=\"920\" height=\"1024\" src=\"https:\/\/eudigital.net\/licenciamento\/wp-content\/uploads\/2020\/09\/AIA-avaliacao-impacte-ambiental-4-920x1024.jpg\" class=\"elementor-animation-float attachment-large size-large\" alt=\"AIA-avaliacao-impacte-ambiental-4\" srcset=\"https:\/\/eudigital.net\/licenciamento\/wp-content\/uploads\/2020\/09\/AIA-avaliacao-impacte-ambiental-4-920x1024.jpg 920w, https:\/\/eudigital.net\/licenciamento\/wp-content\/uploads\/2020\/09\/AIA-avaliacao-impacte-ambiental-4-270x300.jpg 270w, https:\/\/eudigital.net\/licenciamento\/wp-content\/uploads\/2020\/09\/AIA-avaliacao-impacte-ambiental-4-768x855.jpg 768w, https:\/\/eudigital.net\/licenciamento\/wp-content\/uploads\/2020\/09\/AIA-avaliacao-impacte-ambiental-4-1380x1536.jpg 1380w, https:\/\/eudigital.net\/licenciamento\/wp-content\/uploads\/2020\/09\/AIA-avaliacao-impacte-ambiental-4-1840x2048.jpg 1840w, https:\/\/eudigital.net\/licenciamento\/wp-content\/uploads\/2020\/09\/AIA-avaliacao-impacte-ambiental-4.jpg 1920w\" sizes=\"auto, (max-width: 920px) 100vw, 920px\" \/>\t\t\t\t\t\t\t\t<\/a>\n\t\t\t\t\t\t\t\t\t\t\t<\/div>\n\t\t\t\t<\/div>\n\t\t\t\t<\/div>\n\t\t\t\t<div class=\"elementor-element elementor-element-7cc2c6d elementor-widget elementor-widget-spacer\" data-id=\"7cc2c6d\" data-element_type=\"widget\" data-widget_type=\"spacer.default\">\n\t\t\t\t<div class=\"elementor-widget-container\">\n\t\t\t\t\t<div class=\"elementor-spacer\">\n\t\t\t<div class=\"elementor-spacer-inner\"><\/div>\n\t\t<\/div>\n\t\t\t\t<\/div>\n\t\t\t\t<\/div>\n\t\t\t\t<div class=\"elementor-element elementor-element-8107acc elementor-widget elementor-widget-heading\" data-id=\"8107acc\" data-element_type=\"widget\" id=\"aia-3-2\" data-widget_type=\"heading.default\">\n\t\t\t\t<div class=\"elementor-widget-container\">\n\t\t\t<h3 class=\"elementor-heading-title elementor-size-default\">3.2 - Tramita\u00e7\u00e3o do procedimento de AIA \u2013 P1: Conformidade do EIA <\/h3>\t\t<\/div>\n\t\t\t\t<\/div>\n\t\t\t\t<div class=\"elementor-element elementor-element-9c02aa8 elementor-widget elementor-widget-image\" data-id=\"9c02aa8\" data-element_type=\"widget\" data-widget_type=\"image.default\">\n\t\t\t\t<div class=\"elementor-widget-container\">\n\t\t\t\t\t<div class=\"elementor-image\">\n\t\t\t\t\t\t\t\t\t\t\t<a href=\"https:\/\/eudigital.net\/licenciamento\/wp-content\/uploads\/2020\/09\/AIA-avaliacao-impacte-ambiental-5.jpg\" data-elementor-open-lightbox=\"yes\" data-elementor-lightbox-title=\"AIA-avaliacao-impacte-ambiental-5\">\n\t\t\t\t\t\t\t<img loading=\"lazy\" decoding=\"async\" width=\"1024\" height=\"859\" src=\"https:\/\/eudigital.net\/licenciamento\/wp-content\/uploads\/2020\/09\/AIA-avaliacao-impacte-ambiental-5-1024x859.jpg\" class=\"elementor-animation-float attachment-large size-large\" alt=\"\" srcset=\"https:\/\/eudigital.net\/licenciamento\/wp-content\/uploads\/2020\/09\/AIA-avaliacao-impacte-ambiental-5-1024x859.jpg 1024w, https:\/\/eudigital.net\/licenciamento\/wp-content\/uploads\/2020\/09\/AIA-avaliacao-impacte-ambiental-5-300x252.jpg 300w, https:\/\/eudigital.net\/licenciamento\/wp-content\/uploads\/2020\/09\/AIA-avaliacao-impacte-ambiental-5-768x644.jpg 768w, https:\/\/eudigital.net\/licenciamento\/wp-content\/uploads\/2020\/09\/AIA-avaliacao-impacte-ambiental-5-1536x1289.jpg 1536w, https:\/\/eudigital.net\/licenciamento\/wp-content\/uploads\/2020\/09\/AIA-avaliacao-impacte-ambiental-5.jpg 1920w\" sizes=\"auto, (max-width: 1024px) 100vw, 1024px\" \/>\t\t\t\t\t\t\t\t<\/a>\n\t\t\t\t\t\t\t\t\t\t\t<\/div>\n\t\t\t\t<\/div>\n\t\t\t\t<\/div>\n\t\t\t\t<div class=\"elementor-element elementor-element-4b099be elementor-widget elementor-widget-spacer\" data-id=\"4b099be\" data-element_type=\"widget\" data-widget_type=\"spacer.default\">\n\t\t\t\t<div class=\"elementor-widget-container\">\n\t\t\t\t\t<div class=\"elementor-spacer\">\n\t\t\t<div class=\"elementor-spacer-inner\"><\/div>\n\t\t<\/div>\n\t\t\t\t<\/div>\n\t\t\t\t<\/div>\n\t\t\t\t<div class=\"elementor-element elementor-element-b4bf001 elementor-widget elementor-widget-heading\" data-id=\"b4bf001\" data-element_type=\"widget\" id=\"aia-3-3\" data-widget_type=\"heading.default\">\n\t\t\t\t<div class=\"elementor-widget-container\">\n\t\t\t<h3 class=\"elementor-heading-title elementor-size-default\">3.3 - Tramita\u00e7\u00e3o do procedimento de AIA \u2013 P2: Decis\u00e3o do procedimento de AIA <\/h3>\t\t<\/div>\n\t\t\t\t<\/div>\n\t\t\t\t<div class=\"elementor-element elementor-element-6f7c935 elementor-widget elementor-widget-image\" data-id=\"6f7c935\" data-element_type=\"widget\" data-widget_type=\"image.default\">\n\t\t\t\t<div class=\"elementor-widget-container\">\n\t\t\t\t\t<div class=\"elementor-image\">\n\t\t\t\t\t\t\t\t\t\t\t<a href=\"https:\/\/eudigital.net\/licenciamento\/wp-content\/uploads\/2020\/09\/AIA-avaliacao-impacte-ambiental-6.jpg\" data-elementor-open-lightbox=\"yes\" data-elementor-lightbox-title=\"AIA-avaliacao-impacte-ambiental-6\">\n\t\t\t\t\t\t\t<img loading=\"lazy\" decoding=\"async\" width=\"1024\" height=\"606\" src=\"https:\/\/eudigital.net\/licenciamento\/wp-content\/uploads\/2020\/09\/AIA-avaliacao-impacte-ambiental-6-1024x606.jpg\" class=\"elementor-animation-float attachment-large size-large\" alt=\"\" srcset=\"https:\/\/eudigital.net\/licenciamento\/wp-content\/uploads\/2020\/09\/AIA-avaliacao-impacte-ambiental-6-1024x606.jpg 1024w, https:\/\/eudigital.net\/licenciamento\/wp-content\/uploads\/2020\/09\/AIA-avaliacao-impacte-ambiental-6-300x177.jpg 300w, https:\/\/eudigital.net\/licenciamento\/wp-content\/uploads\/2020\/09\/AIA-avaliacao-impacte-ambiental-6-768x454.jpg 768w, https:\/\/eudigital.net\/licenciamento\/wp-content\/uploads\/2020\/09\/AIA-avaliacao-impacte-ambiental-6-1536x908.jpg 1536w, https:\/\/eudigital.net\/licenciamento\/wp-content\/uploads\/2020\/09\/AIA-avaliacao-impacte-ambiental-6-2048x1211.jpg 2048w\" sizes=\"auto, (max-width: 1024px) 100vw, 1024px\" \/>\t\t\t\t\t\t\t\t<\/a>\n\t\t\t\t\t\t\t\t\t\t\t<\/div>\n\t\t\t\t<\/div>\n\t\t\t\t<\/div>\n\t\t\t\t<div class=\"elementor-element elementor-element-15ded78 elementor-widget elementor-widget-spacer\" data-id=\"15ded78\" data-element_type=\"widget\" data-widget_type=\"spacer.default\">\n\t\t\t\t<div class=\"elementor-widget-container\">\n\t\t\t\t\t<div class=\"elementor-spacer\">\n\t\t\t<div class=\"elementor-spacer-inner\"><\/div>\n\t\t<\/div>\n\t\t\t\t<\/div>\n\t\t\t\t<\/div>\n\t\t\t\t<div class=\"elementor-element elementor-element-7014291 elementor-widget elementor-widget-heading\" data-id=\"7014291\" data-element_type=\"widget\" id=\"aia-4\" data-widget_type=\"heading.default\">\n\t\t\t\t<div class=\"elementor-widget-container\">\n\t\t\t<h2 class=\"elementor-heading-title elementor-size-default\">4. DECIS\u00c3O SOBRE A CONFORMIDADE AMBIENTAL DO PROJETO DE EXECU\u00c7\u00c3O<\/h2>\t\t<\/div>\n\t\t\t\t<\/div>\n\t\t\t\t<div class=\"elementor-element elementor-element-0d92723 elementor-widget elementor-widget-text-editor\" data-id=\"0d92723\" data-element_type=\"widget\" data-widget_type=\"text-editor.default\">\n\t\t\t\t<div class=\"elementor-widget-container\">\n\t\t\t\t\t<div class=\"elementor-text-editor elementor-clearfix\"><p><span data-contrast=\"auto\">Quando o procedimento de AIA ocorra em fase de estudo pr\u00e9vio ou anteprojeto, o projeto de execu\u00e7\u00e3o est\u00e1 sujeito ainda \u00e0 verifica\u00e7\u00e3o de conformidade ambiental com a DIA.<\/span><span data-ccp-props=\"{&quot;201341983&quot;:0,&quot;335551550&quot;:6,&quot;335551620&quot;:6,&quot;335559739&quot;:120,&quot;335559740&quot;:300}\">\u00a0<\/span><\/p><p><span data-contrast=\"none\">A decis\u00e3o de conformidade ambiental do projeto de execu\u00e7\u00e3o define as condi\u00e7\u00f5es de aprova\u00e7\u00e3o do mesmo e determina a entidade competente para a verifica\u00e7\u00e3o do cumprimento destas condi\u00e7\u00f5es.<\/span><span data-ccp-props=\"{&quot;201341983&quot;:0,&quot;335551550&quot;:6,&quot;335551620&quot;:6,&quot;335559739&quot;:120,&quot;335559740&quot;:300}\">\u00a0<\/span><\/p><\/div>\n\t\t\t\t<\/div>\n\t\t\t\t<\/div>\n\t\t\t\t<div class=\"elementor-element elementor-element-8d01eb2 elementor-widget elementor-widget-image\" data-id=\"8d01eb2\" data-element_type=\"widget\" data-widget_type=\"image.default\">\n\t\t\t\t<div class=\"elementor-widget-container\">\n\t\t\t\t\t<div class=\"elementor-image\">\n\t\t\t\t\t\t\t\t\t\t\t<a href=\"https:\/\/eudigital.net\/licenciamento\/wp-content\/uploads\/2020\/09\/AIA-avaliacao-impacte-ambiental-7.jpg\" data-elementor-open-lightbox=\"yes\" data-elementor-lightbox-title=\"AIA-avaliacao-impacte-ambiental-7\">\n\t\t\t\t\t\t\t<img loading=\"lazy\" decoding=\"async\" width=\"711\" height=\"1024\" src=\"https:\/\/eudigital.net\/licenciamento\/wp-content\/uploads\/2020\/09\/AIA-avaliacao-impacte-ambiental-7-711x1024.jpg\" class=\"elementor-animation-float attachment-large size-large\" alt=\"AIA-avaliacao-impacte-ambiental-7\" srcset=\"https:\/\/eudigital.net\/licenciamento\/wp-content\/uploads\/2020\/09\/AIA-avaliacao-impacte-ambiental-7-711x1024.jpg 711w, https:\/\/eudigital.net\/licenciamento\/wp-content\/uploads\/2020\/09\/AIA-avaliacao-impacte-ambiental-7-208x300.jpg 208w, https:\/\/eudigital.net\/licenciamento\/wp-content\/uploads\/2020\/09\/AIA-avaliacao-impacte-ambiental-7-768x1107.jpg 768w, https:\/\/eudigital.net\/licenciamento\/wp-content\/uploads\/2020\/09\/AIA-avaliacao-impacte-ambiental-7.jpg 984w\" sizes=\"auto, (max-width: 711px) 100vw, 711px\" \/>\t\t\t\t\t\t\t\t<\/a>\n\t\t\t\t\t\t\t\t\t\t\t<\/div>\n\t\t\t\t<\/div>\n\t\t\t\t<\/div>\n\t\t\t\t\t\t<\/div>\n\t\t\t\t\t<\/div>\n\t\t<\/div>\n\t\t\t\t\t\t\t\t<\/div>\n\t\t\t\t\t<\/div>\n\t\t<\/section>\n\t\t\t\t<section class=\"elementor-section elementor-top-section elementor-element elementor-element-a93be03 elementor-section-boxed elementor-section-height-default elementor-section-height-default\" data-id=\"a93be03\" data-element_type=\"section\">\n\t\t\t\t\t\t<div class=\"elementor-container elementor-column-gap-default\">\n\t\t\t\t\t\t\t<div class=\"elementor-row\">\n\t\t\t\t\t<div class=\"elementor-column elementor-col-100 elementor-top-column elementor-element elementor-element-2d24919\" data-id=\"2d24919\" data-element_type=\"column\">\n\t\t\t<div class=\"elementor-column-wrap elementor-element-populated\">\n\t\t\t\t\t\t\t<div class=\"elementor-widget-wrap\">\n\t\t\t\t\t\t<div class=\"elementor-element elementor-element-f9e6704 elementor-widget elementor-widget-spacer\" data-id=\"f9e6704\" data-element_type=\"widget\" data-widget_type=\"spacer.default\">\n\t\t\t\t<div class=\"elementor-widget-container\">\n\t\t\t\t\t<div class=\"elementor-spacer\">\n\t\t\t<div class=\"elementor-spacer-inner\"><\/div>\n\t\t<\/div>\n\t\t\t\t<\/div>\n\t\t\t\t<\/div>\n\t\t\t\t<div class=\"elementor-element elementor-element-16a3ec9 elementor-widget elementor-widget-heading\" data-id=\"16a3ec9\" data-element_type=\"widget\" id=\"aia-5\" data-widget_type=\"heading.default\">\n\t\t\t\t<div class=\"elementor-widget-container\">\n\t\t\t<h2 class=\"elementor-heading-title elementor-size-default\">5. AUDITORIAS DE P\u00d3S-AVALIA\u00c7\u00c3O AMBIENTAL <\/h2>\t\t<\/div>\n\t\t\t\t<\/div>\n\t\t\t\t<div class=\"elementor-element elementor-element-739eb0c elementor-widget elementor-widget-text-editor\" data-id=\"739eb0c\" data-element_type=\"widget\" data-widget_type=\"text-editor.default\">\n\t\t\t\t<div class=\"elementor-widget-container\">\n\t\t\t\t\t<div class=\"elementor-text-editor elementor-clearfix\"><p><span data-contrast=\"auto\">O procedimento de P\u00f3s-Avalia\u00e7\u00e3o encontra-se institu\u00eddo no <a href=\"https:\/\/dre.pt\/pesquisa\/-\/search\/513863\/details\/normal?l=1%2Fen%2Fen\" target=\"_blank\" rel=\"noopener\">Decreto-Lei n.\u00ba 151-B\/2013, de 31 de outubro<\/a>, na sua atual reda\u00e7\u00e3o, e aplica-se a projetos com decis\u00f5es favor\u00e1veis no quadro do regime de Avalia\u00e7\u00e3o de Impacte Ambiental (AIA).<\/span><span data-ccp-props=\"{&quot;201341983&quot;:0,&quot;335551550&quot;:6,&quot;335551620&quot;:6,&quot;335559739&quot;:120,&quot;335559740&quot;:300}\">\u00a0<\/span><\/p><p><span data-contrast=\"auto\">Este procedimento tem por objetivo verificar o cumprimento e avaliar a adequabilidade e a efic\u00e1cia dos termos e condi\u00e7\u00f5es de aprova\u00e7\u00e3o do projeto, estabelecidas no procedimento de AIA, designadamente condicionantes, medidas de minimiza\u00e7\u00e3o, medidas de compensa\u00e7\u00e3o, programas de monitoriza\u00e7\u00e3o e outros, tais como, projetos de recupera\u00e7\u00e3o e integra\u00e7\u00e3o paisag\u00edstica, acompanhamento ambiental da obra, entre outros.<\/span><span data-ccp-props=\"{&quot;201341983&quot;:0,&quot;335551550&quot;:6,&quot;335551620&quot;:6,&quot;335559739&quot;:120,&quot;335559740&quot;:300}\">\u00a0<\/span><\/p><p><span data-contrast=\"auto\">A avalia\u00e7\u00e3o da adequabilidade e efic\u00e1cia permite, por um lado, concluir se as condicionantes e medidas impostas permitiram evitar, minimizar ou compensar os impactes negativos e potenciar os efeitos positivos e, por outro, conhecer os reais impactes do projeto, atrav\u00e9s da monitoriza\u00e7\u00e3o.<\/span><span data-ccp-props=\"{&quot;201341983&quot;:0,&quot;335551550&quot;:6,&quot;335551620&quot;:6,&quot;335559739&quot;:120,&quot;335559740&quot;:300}\">\u00a0<\/span><\/p><p><span data-contrast=\"auto\">A an\u00e1lise cont\u00ednua efetuada neste procedimento permite verificar a necessidade de adotar medidas adicionais, adequar as medidas previstas e adaptar as a\u00e7\u00f5es estabelecidas nos planos com vista ao cumprimento do seu objetivo. (APA)<\/span><span data-ccp-props=\"{&quot;201341983&quot;:0,&quot;335551550&quot;:6,&quot;335551620&quot;:6,&quot;335559739&quot;:120,&quot;335559740&quot;:300}\">\u00a0<\/span><\/p><\/div>\n\t\t\t\t<\/div>\n\t\t\t\t<\/div>\n\t\t\t\t<div class=\"elementor-element elementor-element-b78ffda elementor-widget elementor-widget-image\" data-id=\"b78ffda\" data-element_type=\"widget\" data-widget_type=\"image.default\">\n\t\t\t\t<div class=\"elementor-widget-container\">\n\t\t\t\t\t<div class=\"elementor-image\">\n\t\t\t\t\t\t\t\t\t\t\t<a href=\"https:\/\/eudigital.net\/licenciamento\/wp-content\/uploads\/2020\/09\/AIA-avaliacao-impacte-ambiental-8.jpg\" data-elementor-open-lightbox=\"yes\" data-elementor-lightbox-title=\"AIA-avaliacao-impacte-ambiental-8\">\n\t\t\t\t\t\t\t<img loading=\"lazy\" decoding=\"async\" width=\"1000\" height=\"473\" src=\"https:\/\/eudigital.net\/licenciamento\/wp-content\/uploads\/2020\/09\/AIA-avaliacao-impacte-ambiental-8.jpg\" class=\"elementor-animation-float attachment-large size-large\" alt=\"\" srcset=\"https:\/\/eudigital.net\/licenciamento\/wp-content\/uploads\/2020\/09\/AIA-avaliacao-impacte-ambiental-8.jpg 1000w, https:\/\/eudigital.net\/licenciamento\/wp-content\/uploads\/2020\/09\/AIA-avaliacao-impacte-ambiental-8-300x142.jpg 300w, https:\/\/eudigital.net\/licenciamento\/wp-content\/uploads\/2020\/09\/AIA-avaliacao-impacte-ambiental-8-768x363.jpg 768w\" sizes=\"auto, (max-width: 1000px) 100vw, 1000px\" \/>\t\t\t\t\t\t\t\t<\/a>\n\t\t\t\t\t\t\t\t\t\t\t<\/div>\n\t\t\t\t<\/div>\n\t\t\t\t<\/div>\n\t\t\t\t\t\t<\/div>\n\t\t\t\t\t<\/div>\n\t\t<\/div>\n\t\t\t\t\t\t\t\t<\/div>\n\t\t\t\t\t<\/div>\n\t\t<\/section>\n\t\t\t\t<section class=\"elementor-section elementor-top-section elementor-element elementor-element-a5ecb13 elementor-section-boxed elementor-section-height-default elementor-section-height-default\" data-id=\"a5ecb13\" data-element_type=\"section\">\n\t\t\t\t\t\t<div class=\"elementor-container elementor-column-gap-default\">\n\t\t\t\t\t\t\t<div class=\"elementor-row\">\n\t\t\t\t\t<div class=\"elementor-column elementor-col-100 elementor-top-column elementor-element elementor-element-26c9238\" data-id=\"26c9238\" data-element_type=\"column\">\n\t\t\t<div class=\"elementor-column-wrap elementor-element-populated\">\n\t\t\t\t\t\t\t<div class=\"elementor-widget-wrap\">\n\t\t\t\t\t\t<div class=\"elementor-element elementor-element-3146405 elementor-widget elementor-widget-spacer\" data-id=\"3146405\" data-element_type=\"widget\" data-widget_type=\"spacer.default\">\n\t\t\t\t<div class=\"elementor-widget-container\">\n\t\t\t\t\t<div class=\"elementor-spacer\">\n\t\t\t<div class=\"elementor-spacer-inner\"><\/div>\n\t\t<\/div>\n\t\t\t\t<\/div>\n\t\t\t\t<\/div>\n\t\t\t\t<div class=\"elementor-element elementor-element-fe8cfa9 elementor-widget elementor-widget-heading\" data-id=\"fe8cfa9\" data-element_type=\"widget\" id=\"aia-5-1\" data-widget_type=\"heading.default\">\n\t\t\t\t<div class=\"elementor-widget-container\">\n\t\t\t<h3 class=\"elementor-heading-title elementor-size-default\">5.1 - Procedimento <\/h3>\t\t<\/div>\n\t\t\t\t<\/div>\n\t\t\t\t<div class=\"elementor-element elementor-element-03df4dc elementor-widget elementor-widget-text-editor\" data-id=\"03df4dc\" data-element_type=\"widget\" data-widget_type=\"text-editor.default\">\n\t\t\t\t<div class=\"elementor-widget-container\">\n\t\t\t\t\t<div class=\"elementor-text-editor elementor-clearfix\"><p><span data-contrast=\"auto\">O procedimento de P\u00f3s-Avalia\u00e7\u00e3o \u00e9 gerido pela Autoridade de AIA (AAIA), com a participa\u00e7\u00e3o das entidades cujas compet\u00eancias o justifiquem ou que detenham conhecimento t\u00e9cnico relevante.<\/span><span data-ccp-props=\"{&quot;201341983&quot;:0,&quot;335551550&quot;:6,&quot;335551620&quot;:6,&quot;335559739&quot;:160,&quot;335559740&quot;:259}\">\u00a0<\/span><\/p><p><span data-contrast=\"auto\">Este procedimento aplica-se \u00e0s fases de pr\u00e9-constru\u00e7\u00e3o, constru\u00e7\u00e3o, explora\u00e7\u00e3o e desativa\u00e7\u00e3o do projeto.<\/span><span data-ccp-props=\"{&quot;201341983&quot;:0,&quot;335551550&quot;:6,&quot;335551620&quot;:6,&quot;335559739&quot;:160,&quot;335559740&quot;:259}\">\u00a0<\/span><\/p><p><span data-contrast=\"auto\">A verifica\u00e7\u00e3o do cumprimento e a efic\u00e1cia das condi\u00e7\u00f5es estabelecidas no procedimento de AIA \u00e9 efetuada in loco ou atrav\u00e9s da demonstra\u00e7\u00e3o documental, fotogr\u00e1fica e cartogr\u00e1fica.<\/span><span data-ccp-props=\"{&quot;201341983&quot;:0,&quot;335551550&quot;:6,&quot;335551620&quot;:6,&quot;335559739&quot;:160,&quot;335559740&quot;:259}\">\u00a0<\/span><\/p><p><span data-contrast=\"auto\">Para tal, o <a href=\"https:\/\/dre.pt\/pesquisa\/-\/search\/513863\/details\/normal?l=1%2Fen%2Fen\" target=\"_blank\" rel=\"noopener\">Decreto-Lei n.\u00ba 151-B\/2013, de 31 de outubro<\/a>, estabelece tr\u00eas atividades fundamentais para a P\u00f3s-avalia\u00e7\u00e3o:<\/span><span data-ccp-props=\"{&quot;201341983&quot;:0,&quot;335551550&quot;:6,&quot;335551620&quot;:6,&quot;335559739&quot;:160,&quot;335559740&quot;:259}\">\u00a0<\/span><\/p><\/div>\n\t\t\t\t<\/div>\n\t\t\t\t<\/div>\n\t\t\t\t<div class=\"elementor-element elementor-element-bee04f8 elementor-icon-list--layout-traditional elementor-list-item-link-full_width elementor-widget elementor-widget-icon-list\" data-id=\"bee04f8\" data-element_type=\"widget\" data-widget_type=\"icon-list.default\">\n\t\t\t\t<div class=\"elementor-widget-container\">\n\t\t\t\t\t<ul class=\"elementor-icon-list-items\">\n\t\t\t\t\t\t\t<li class=\"elementor-icon-list-item\">\n\t\t\t\t\t\t\t\t\t\t\t<span class=\"elementor-icon-list-icon\">\n\t\t\t\t\t\t\t<i aria-hidden=\"true\" class=\"fas fa-chevron-right\"><\/i>\t\t\t\t\t\t<\/span>\n\t\t\t\t\t\t\t\t\t\t<span class=\"elementor-icon-list-text\">An\u00e1lise dos relat\u00f3rios de monitoriza\u00e7\u00e3o e de outra documenta\u00e7\u00e3o relevante; <\/span>\n\t\t\t\t\t\t\t\t\t<\/li>\n\t\t\t\t\t\t\t\t<li class=\"elementor-icon-list-item\">\n\t\t\t\t\t\t\t\t\t\t\t<span class=\"elementor-icon-list-icon\">\n\t\t\t\t\t\t\t<i aria-hidden=\"true\" class=\"fas fa-chevron-right\"><\/i>\t\t\t\t\t\t<\/span>\n\t\t\t\t\t\t\t\t\t\t<span class=\"elementor-icon-list-text\">Realiza\u00e7\u00e3o de visitas ao local ou locais de implanta\u00e7\u00e3o do projeto;<\/span>\n\t\t\t\t\t\t\t\t\t<\/li>\n\t\t\t\t\t\t\t\t<li class=\"elementor-icon-list-item\">\n\t\t\t\t\t\t\t\t\t\t\t<span class=\"elementor-icon-list-icon\">\n\t\t\t\t\t\t\t<i aria-hidden=\"true\" class=\"fas fa-chevron-right\"><\/i>\t\t\t\t\t\t<\/span>\n\t\t\t\t\t\t\t\t\t\t<span class=\"elementor-icon-list-text\">Realiza\u00e7\u00e3o de auditorias por verificadores qualificados pela APA. <\/span>\n\t\t\t\t\t\t\t\t\t<\/li>\n\t\t\t\t\t\t<\/ul>\n\t\t\t\t<\/div>\n\t\t\t\t<\/div>\n\t\t\t\t<div class=\"elementor-element elementor-element-51a7484 elementor-widget elementor-widget-text-editor\" data-id=\"51a7484\" data-element_type=\"widget\" data-widget_type=\"text-editor.default\">\n\t\t\t\t<div class=\"elementor-widget-container\">\n\t\t\t\t\t<div class=\"elementor-text-editor elementor-clearfix\"><p><span class=\"TextRun SCXW43524416 BCX4\" lang=\"PT-PT\" xml:lang=\"PT-PT\" data-contrast=\"auto\"><span class=\"NormalTextRun SCXW43524416 BCX4\">Para que seja poss\u00edvel o desenvolvimento destas a\u00e7\u00f5es, deve o proponente do projeto remeter \u00e0 Autoridade de AIA, para an\u00e1lise e emiss\u00e3o de parecer (quando aplic\u00e1vel):<\/span><\/span><span class=\"EOP SCXW43524416 BCX4\" data-ccp-props=\"{&quot;201341983&quot;:0,&quot;335551550&quot;:6,&quot;335551620&quot;:6,&quot;335559739&quot;:160,&quot;335559740&quot;:259}\">\u00a0<\/span><\/p><\/div>\n\t\t\t\t<\/div>\n\t\t\t\t<\/div>\n\t\t\t\t<div class=\"elementor-element elementor-element-f562ff6 elementor-icon-list--layout-traditional elementor-list-item-link-full_width elementor-widget elementor-widget-global elementor-global-364 elementor-widget-icon-list\" data-id=\"f562ff6\" data-element_type=\"widget\" data-widget_type=\"icon-list.default\">\n\t\t\t\t<div class=\"elementor-widget-container\">\n\t\t\t\t\t<ul class=\"elementor-icon-list-items\">\n\t\t\t\t\t\t\t<li class=\"elementor-icon-list-item\">\n\t\t\t\t\t\t\t\t\t\t\t<span class=\"elementor-icon-list-icon\">\n\t\t\t\t\t\t\t<i aria-hidden=\"true\" class=\"fas fa-chevron-right\"><\/i>\t\t\t\t\t\t<\/span>\n\t\t\t\t\t\t\t\t\t\t<span class=\"elementor-icon-list-text\">Todos os documentos\/elementos requeridos nas decis\u00f5es de AIA, nas diferentes fases do projeto; <\/span>\n\t\t\t\t\t\t\t\t\t<\/li>\n\t\t\t\t\t\t\t\t<li class=\"elementor-icon-list-item\">\n\t\t\t\t\t\t\t\t\t\t\t<span class=\"elementor-icon-list-icon\">\n\t\t\t\t\t\t\t<i aria-hidden=\"true\" class=\"fas fa-chevron-right\"><\/i>\t\t\t\t\t\t<\/span>\n\t\t\t\t\t\t\t\t\t\t<span class=\"elementor-icon-list-text\">Os relat\u00f3rios de monitoriza\u00e7\u00e3o previstos nos respetivos programas para as fases de pr\u00e9-constru\u00e7\u00e3o, constru\u00e7\u00e3o, explora\u00e7\u00e3o e desativa\u00e7\u00e3o; <\/span>\n\t\t\t\t\t\t\t\t\t<\/li>\n\t\t\t\t\t\t\t\t<li class=\"elementor-icon-list-item\">\n\t\t\t\t\t\t\t\t\t\t\t<span class=\"elementor-icon-list-icon\">\n\t\t\t\t\t\t\t<i aria-hidden=\"true\" class=\"fas fa-chevron-right\"><\/i>\t\t\t\t\t\t<\/span>\n\t\t\t\t\t\t\t\t\t\t<span class=\"elementor-icon-list-text\">Qualquer altera\u00e7\u00e3o do projeto de execu\u00e7\u00e3o e\/ou do planeamento da sua constru\u00e7\u00e3o, acompanhado da respetiva justifica\u00e7\u00e3o e avalia\u00e7\u00e3o de impactes; <\/span>\n\t\t\t\t\t\t\t\t\t<\/li>\n\t\t\t\t\t\t\t\t<li class=\"elementor-icon-list-item\">\n\t\t\t\t\t\t\t\t\t\t\t<span class=\"elementor-icon-list-icon\">\n\t\t\t\t\t\t\t<i aria-hidden=\"true\" class=\"fas fa-chevron-right\"><\/i>\t\t\t\t\t\t<\/span>\n\t\t\t\t\t\t\t\t\t\t<span class=\"elementor-icon-list-text\">Informa\u00e7\u00e3o sobre a data de in\u00edcio da fase de constru\u00e7\u00e3o e o respetivo cronograma atualizado; <\/span>\n\t\t\t\t\t\t\t\t\t<\/li>\n\t\t\t\t\t\t\t\t<li class=\"elementor-icon-list-item\">\n\t\t\t\t\t\t\t\t\t\t\t<span class=\"elementor-icon-list-icon\">\n\t\t\t\t\t\t\t<i aria-hidden=\"true\" class=\"fas fa-chevron-right\"><\/i>\t\t\t\t\t\t<\/span>\n\t\t\t\t\t\t\t\t\t\t<span class=\"elementor-icon-list-text\">Os documentos que retratam a evolu\u00e7\u00e3o do projeto, requeridos na DIA\/DCAPE, nomeadamente relat\u00f3rios de acompanhamento ambiental da obra, relat\u00f3rios de verifica\u00e7\u00e3o do cumprimento e efic\u00e1cia das medidas, relat\u00f3rios da recupera\u00e7\u00e3o e integra\u00e7\u00e3o paisag\u00edstica, e outros documentos relativos ao cumprimento da DIA\/DCAPE; <\/span>\n\t\t\t\t\t\t\t\t\t<\/li>\n\t\t\t\t\t\t\t\t<li class=\"elementor-icon-list-item\">\n\t\t\t\t\t\t\t\t\t\t\t<span class=\"elementor-icon-list-icon\">\n\t\t\t\t\t\t\t<i aria-hidden=\"true\" class=\"fas fa-chevron-right\"><\/i>\t\t\t\t\t\t<\/span>\n\t\t\t\t\t\t\t\t\t\t<span class=\"elementor-icon-list-text\">Informa\u00e7\u00e3o sobre a data final da fase de constru\u00e7\u00e3o e data do in\u00edcio da explora\u00e7\u00e3o; <\/span>\n\t\t\t\t\t\t\t\t\t<\/li>\n\t\t\t\t\t\t\t\t<li class=\"elementor-icon-list-item\">\n\t\t\t\t\t\t\t\t\t\t\t<span class=\"elementor-icon-list-icon\">\n\t\t\t\t\t\t\t<i aria-hidden=\"true\" class=\"fas fa-chevron-right\"><\/i>\t\t\t\t\t\t<\/span>\n\t\t\t\t\t\t\t\t\t\t<span class=\"elementor-icon-list-text\">Informa\u00e7\u00e3o sobre a implementa\u00e7\u00e3o e acompanhamento de medidas espec\u00edficas, designadamente de medidas de minimiza\u00e7\u00e3o da fase de explora\u00e7\u00e3o e medidas compensat\u00f3rias. <\/span>\n\t\t\t\t\t\t\t\t\t<\/li>\n\t\t\t\t\t\t<\/ul>\n\t\t\t\t<\/div>\n\t\t\t\t<\/div>\n\t\t\t\t\t\t<\/div>\n\t\t\t\t\t<\/div>\n\t\t<\/div>\n\t\t\t\t\t\t\t\t<\/div>\n\t\t\t\t\t<\/div>\n\t\t<\/section>\n\t\t\t\t<section class=\"elementor-section elementor-top-section elementor-element elementor-element-f979f84 elementor-section-boxed elementor-section-height-default elementor-section-height-default\" data-id=\"f979f84\" data-element_type=\"section\">\n\t\t\t\t\t\t<div class=\"elementor-container elementor-column-gap-default\">\n\t\t\t\t\t\t\t<div class=\"elementor-row\">\n\t\t\t\t\t<div class=\"elementor-column elementor-col-100 elementor-top-column elementor-element elementor-element-f3a2ae5\" data-id=\"f3a2ae5\" data-element_type=\"column\">\n\t\t\t<div class=\"elementor-column-wrap elementor-element-populated\">\n\t\t\t\t\t\t\t<div class=\"elementor-widget-wrap\">\n\t\t\t\t\t\t<div class=\"elementor-element elementor-element-100a863 elementor-widget elementor-widget-spacer\" data-id=\"100a863\" data-element_type=\"widget\" data-widget_type=\"spacer.default\">\n\t\t\t\t<div class=\"elementor-widget-container\">\n\t\t\t\t\t<div class=\"elementor-spacer\">\n\t\t\t<div class=\"elementor-spacer-inner\"><\/div>\n\t\t<\/div>\n\t\t\t\t<\/div>\n\t\t\t\t<\/div>\n\t\t\t\t<div class=\"elementor-element elementor-element-d2ea93d elementor-widget elementor-widget-heading\" data-id=\"d2ea93d\" data-element_type=\"widget\" id=\"aia-5-2\" data-widget_type=\"heading.default\">\n\t\t\t\t<div class=\"elementor-widget-container\">\n\t\t\t<h3 class=\"elementor-heading-title elementor-size-default\">5.2 - Auditoria <\/h3>\t\t<\/div>\n\t\t\t\t<\/div>\n\t\t\t\t<div class=\"elementor-element elementor-element-d324857 elementor-widget elementor-widget-text-editor\" data-id=\"d324857\" data-element_type=\"widget\" data-widget_type=\"text-editor.default\">\n\t\t\t\t<div class=\"elementor-widget-container\">\n\t\t\t\t\t<div class=\"elementor-text-editor elementor-clearfix\"><p><span data-contrast=\"auto\">As Auditorias permitem avaliar \u00e0 posteriori, os impactes ambientais do projeto, tendo por<\/span> <span data-contrast=\"auto\">refer\u00eancia normas de qualidade ambiental, bem como as previs\u00f5es, medidas de gest\u00e3o e<\/span> <span data-contrast=\"auto\">recomenda\u00e7\u00f5es resultantes do procedimento de AIA.<\/span><span data-ccp-props=\"{&quot;201341983&quot;:0,&quot;335551550&quot;:6,&quot;335551620&quot;:6,&quot;335559739&quot;:120,&quot;335559740&quot;:300}\">\u00a0<\/span><\/p><p><span data-contrast=\"auto\">A Autoridade de AIA solicita ao proponente a realiza\u00e7\u00e3o de auditorias para verifica\u00e7\u00e3o da<\/span> <span data-contrast=\"auto\">implementa\u00e7\u00e3o das condi\u00e7\u00f5es impostas pela DIA ou pela DCAPE, devendo ser realizada uma<\/span> <span data-contrast=\"auto\">auditoria durante a fase de constru\u00e7\u00e3o e<\/span><span data-contrast=\"auto\">,<\/span><span data-contrast=\"auto\"> outra<\/span><span data-contrast=\"auto\">,<\/span><span data-contrast=\"auto\"> tr\u00eas anos ap\u00f3s o in\u00edcio da entrada em<\/span> <span data-contrast=\"auto\">explora\u00e7\u00e3o.<\/span><span data-ccp-props=\"{&quot;201341983&quot;:0,&quot;335551550&quot;:6,&quot;335551620&quot;:6,&quot;335559739&quot;:120,&quot;335559740&quot;:300}\">\u00a0<\/span><\/p><p><span data-contrast=\"auto\">As auditorias devem ser realizadas por verificadores qualificados pela APA, I.P., nos termos e condi\u00e7\u00f5es estabelecidos na Portaria n.\u00ba 326\/2015, de 2 de outubro e no documento <\/span><span data-contrast=\"auto\">\u201c<\/span><span data-contrast=\"auto\">Termos e condi\u00e7\u00f5es<\/span><span data-contrast=\"auto\">\u201d<\/span><span data-contrast=\"auto\"> para a realiza\u00e7\u00e3o de auditorias de p\u00f3s-avalia\u00e7\u00e3o.<\/span><span data-ccp-props=\"{&quot;201341983&quot;:0,&quot;335551550&quot;:6,&quot;335551620&quot;:6,&quot;335559739&quot;:120,&quot;335559740&quot;:300}\">\u00a0<\/span><\/p><\/div>\n\t\t\t\t<\/div>\n\t\t\t\t<\/div>\n\t\t\t\t<div class=\"elementor-element elementor-element-996241c elementor-widget elementor-widget-image\" data-id=\"996241c\" data-element_type=\"widget\" data-widget_type=\"image.default\">\n\t\t\t\t<div class=\"elementor-widget-container\">\n\t\t\t\t\t<div class=\"elementor-image\">\n\t\t\t\t\t\t\t\t\t\t\t<a href=\"https:\/\/eudigital.net\/licenciamento\/wp-content\/uploads\/2020\/09\/AIA-avaliacao-impacte-ambiental-9.jpg\" data-elementor-open-lightbox=\"yes\" data-elementor-lightbox-title=\"AIA-avaliacao-impacte-ambiental-9\">\n\t\t\t\t\t\t\t<img loading=\"lazy\" decoding=\"async\" width=\"928\" height=\"1024\" src=\"https:\/\/eudigital.net\/licenciamento\/wp-content\/uploads\/2020\/09\/AIA-avaliacao-impacte-ambiental-9-928x1024.jpg\" class=\"elementor-animation-float attachment-large size-large\" alt=\"AIA-avaliacao-impacte-ambiental-9\" srcset=\"https:\/\/eudigital.net\/licenciamento\/wp-content\/uploads\/2020\/09\/AIA-avaliacao-impacte-ambiental-9-928x1024.jpg 928w, https:\/\/eudigital.net\/licenciamento\/wp-content\/uploads\/2020\/09\/AIA-avaliacao-impacte-ambiental-9-272x300.jpg 272w, https:\/\/eudigital.net\/licenciamento\/wp-content\/uploads\/2020\/09\/AIA-avaliacao-impacte-ambiental-9-768x847.jpg 768w, https:\/\/eudigital.net\/licenciamento\/wp-content\/uploads\/2020\/09\/AIA-avaliacao-impacte-ambiental-9.jpg 1280w\" sizes=\"auto, (max-width: 928px) 100vw, 928px\" \/>\t\t\t\t\t\t\t\t<\/a>\n\t\t\t\t\t\t\t\t\t\t\t<\/div>\n\t\t\t\t<\/div>\n\t\t\t\t<\/div>\n\t\t\t\t\t\t<\/div>\n\t\t\t\t\t<\/div>\n\t\t<\/div>\n\t\t\t\t\t\t\t\t<\/div>\n\t\t\t\t\t<\/div>\n\t\t<\/section>\n\t\t\t\t<section class=\"elementor-section elementor-top-section elementor-element elementor-element-a736b2e elementor-section-boxed elementor-section-height-default elementor-section-height-default\" data-id=\"a736b2e\" data-element_type=\"section\">\n\t\t\t\t\t\t<div class=\"elementor-container elementor-column-gap-default\">\n\t\t\t\t\t\t\t<div class=\"elementor-row\">\n\t\t\t\t\t<div class=\"elementor-column elementor-col-100 elementor-top-column elementor-element elementor-element-60c53cf\" data-id=\"60c53cf\" data-element_type=\"column\">\n\t\t\t<div class=\"elementor-column-wrap elementor-element-populated\">\n\t\t\t\t\t\t\t<div class=\"elementor-widget-wrap\">\n\t\t\t\t\t\t<div class=\"elementor-element elementor-element-2bd9c7f elementor-widget elementor-widget-spacer\" data-id=\"2bd9c7f\" data-element_type=\"widget\" data-widget_type=\"spacer.default\">\n\t\t\t\t<div class=\"elementor-widget-container\">\n\t\t\t\t\t<div class=\"elementor-spacer\">\n\t\t\t<div class=\"elementor-spacer-inner\"><\/div>\n\t\t<\/div>\n\t\t\t\t<\/div>\n\t\t\t\t<\/div>\n\t\t\t\t<div class=\"elementor-element elementor-element-946f300 elementor-widget elementor-widget-heading\" data-id=\"946f300\" data-element_type=\"widget\" id=\"aia-faqs\" data-widget_type=\"heading.default\">\n\t\t\t\t<div class=\"elementor-widget-container\">\n\t\t\t<h2 class=\"elementor-heading-title elementor-size-default\">FAQs<\/h2>\t\t<\/div>\n\t\t\t\t<\/div>\n\t\t\t\t<div class=\"elementor-element elementor-element-4fbeabd elementor-widget elementor-widget-toggle\" data-id=\"4fbeabd\" data-element_type=\"widget\" data-widget_type=\"toggle.default\">\n\t\t\t\t<div class=\"elementor-widget-container\">\n\t\t\t\t\t<div class=\"elementor-toggle\" role=\"tablist\">\n\t\t\t\t\t\t\t<div class=\"elementor-toggle-item\">\n\t\t\t\t\t<div id=\"elementor-tab-title-8361\" class=\"elementor-tab-title\" data-tab=\"1\" role=\"tab\" aria-controls=\"elementor-tab-content-8361\" aria-expanded=\"false\">\n\t\t\t\t\t\t\t\t\t\t\t\t<span class=\"elementor-toggle-icon elementor-toggle-icon-left\" aria-hidden=\"true\">\n\t\t\t\t\t\t\t\t\t\t\t\t\t\t\t<span class=\"elementor-toggle-icon-closed\"><i class=\"fas fa-chevron-down\"><\/i><\/span>\n\t\t\t\t\t\t\t\t<span class=\"elementor-toggle-icon-opened\"><i class=\"elementor-toggle-icon-opened fas fa-chevron-up\"><\/i><\/span>\n\t\t\t\t\t\t\t\t\t\t\t\t\t<\/span>\n\t\t\t\t\t\t\t\t\t\t\t\t<a href=\"\" class=\"elementor-toggle-title\"> 1. Qual \u00e9 o objetivo da AIA? <\/a>\n\t\t\t\t\t<\/div>\n\t\t\t\t\t<div id=\"elementor-tab-content-8361\" class=\"elementor-tab-content elementor-clearfix\" data-tab=\"1\" role=\"tabpanel\" aria-labelledby=\"elementor-tab-title-8361\"><p><span data-contrast=\"auto\">A AIA tem por objetivos:<\/span><span data-contrast=\"auto\">\u00a0<\/span><span data-ccp-props=\"{&quot;201341983&quot;:0,&quot;335551550&quot;:6,&quot;335551620&quot;:6,&quot;335559739&quot;:120,&quot;335559740&quot;:300}\">\u00a0<\/span><\/p><ul><li data-leveltext=\"\uf0b7\" data-font=\"Symbol\" data-listid=\"58\" aria-setsize=\"-1\" data-aria-posinset=\"1\" data-aria-level=\"1\"><span data-contrast=\"auto\">Avaliar, de forma integrada, os poss\u00edveis impactes ambientais significativos, diretos e indiretos, decorrentes da execu\u00e7\u00e3o dos projetos e das alternativas apresentadas, tendo em vista suportar a decis\u00e3o sobre a viabilidade ambiental dos mesmos;<\/span><span data-ccp-props=\"{&quot;134233279&quot;:true,&quot;201341983&quot;:0,&quot;335551550&quot;:6,&quot;335551620&quot;:6,&quot;335559739&quot;:120,&quot;335559740&quot;:300}\">\u00a0<\/span><\/li><li data-leveltext=\"\uf0b7\" data-font=\"Symbol\" data-listid=\"58\" aria-setsize=\"-1\" data-aria-posinset=\"2\" data-aria-level=\"1\"><span data-contrast=\"auto\">Definir medidas destinadas a evitar, minimizar ou compensar tais impactes, auxiliando a ado\u00e7\u00e3o de decis\u00f5es ambientalmente sustent\u00e1veis;<\/span><span data-ccp-props=\"{&quot;134233279&quot;:true,&quot;201341983&quot;:0,&quot;335551550&quot;:6,&quot;335551620&quot;:6,&quot;335559739&quot;:120,&quot;335559740&quot;:300}\">\u00a0<\/span><\/li><\/ul><ul><li data-leveltext=\"\uf0b7\" data-font=\"Symbol\" data-listid=\"58\" aria-setsize=\"-1\" data-aria-posinset=\"1\" data-aria-level=\"1\"><span data-contrast=\"auto\">Instituir um processo de verifica\u00e7\u00e3o, a posteriori, da efic\u00e1cia das medidas adotadas, designadamente, atrav\u00e9s da monitoriza\u00e7\u00e3o dos efeitos dos projetos avaliados;<\/span><span data-ccp-props=\"{&quot;134233279&quot;:true,&quot;201341983&quot;:0,&quot;335551550&quot;:6,&quot;335551620&quot;:6,&quot;335559739&quot;:120,&quot;335559740&quot;:300}\">\u00a0<\/span><\/li><li data-leveltext=\"\uf0b7\" data-font=\"Symbol\" data-listid=\"58\" aria-setsize=\"-1\" data-aria-posinset=\"2\" data-aria-level=\"1\"><span data-contrast=\"auto\">Garantir a participa\u00e7\u00e3o p\u00fablica e a consulta dos interessados na forma\u00e7\u00e3o de decis\u00f5es que lhes digam respeito, privilegiando o di\u00e1logo e o consenso no desempenho da fun\u00e7\u00e3o administrativa<\/span><span data-contrast=\"auto\">.<\/span><span data-contrast=\"auto\"> (texto APA)<\/span><span data-ccp-props=\"{&quot;134233279&quot;:true,&quot;201341983&quot;:0,&quot;335551550&quot;:6,&quot;335551620&quot;:6,&quot;335559739&quot;:120,&quot;335559740&quot;:300}\">\u00a0<\/span><\/li><\/ul><p><span data-ccp-props=\"{&quot;201341983&quot;:0,&quot;335559739&quot;:120,&quot;335559740&quot;:300}\">\u00a0<\/span><\/p><\/div>\n\t\t\t\t<\/div>\n\t\t\t\t\t\t\t<div class=\"elementor-toggle-item\">\n\t\t\t\t\t<div id=\"elementor-tab-title-8362\" class=\"elementor-tab-title\" data-tab=\"2\" role=\"tab\" aria-controls=\"elementor-tab-content-8362\" aria-expanded=\"false\">\n\t\t\t\t\t\t\t\t\t\t\t\t<span class=\"elementor-toggle-icon elementor-toggle-icon-left\" aria-hidden=\"true\">\n\t\t\t\t\t\t\t\t\t\t\t\t\t\t\t<span class=\"elementor-toggle-icon-closed\"><i class=\"fas fa-chevron-down\"><\/i><\/span>\n\t\t\t\t\t\t\t\t<span class=\"elementor-toggle-icon-opened\"><i class=\"elementor-toggle-icon-opened fas fa-chevron-up\"><\/i><\/span>\n\t\t\t\t\t\t\t\t\t\t\t\t\t<\/span>\n\t\t\t\t\t\t\t\t\t\t\t\t<a href=\"\" class=\"elementor-toggle-title\">2. Que atividades ou projetos est\u00e3o sujeitos \u00e0 AIA? <\/a>\n\t\t\t\t\t<\/div>\n\t\t\t\t\t<div id=\"elementor-tab-content-8362\" class=\"elementor-tab-content elementor-clearfix\" data-tab=\"2\" role=\"tabpanel\" aria-labelledby=\"elementor-tab-title-8362\"><p><span data-contrast=\"auto\">O Regime Jur\u00eddico de Avalia\u00e7\u00e3o de Impacte Ambiental \u00e9<\/span> <span data-contrast=\"auto\">aplic\u00e1vel <\/span><span data-contrast=\"auto\">aos projetos p\u00fablicos e privados suscet\u00edveis de produzirem efeitos significativos no ambiente.\u00a0<\/span><span data-ccp-props=\"{&quot;201341983&quot;:0,&quot;335551550&quot;:6,&quot;335551620&quot;:6,&quot;335559739&quot;:120,&quot;335559740&quot;:300}\">\u00a0<\/span><\/p><p><span data-contrast=\"auto\">Est\u00e3o sujeitos a AIA previa \u00e0 obten\u00e7\u00e3o da licen\u00e7a ou autoriza\u00e7\u00e3o pretendida, os projetos tipificados nos Anexos I e II do <a href=\"https:\/\/dre.pt\/pesquisa\/-\/search\/114337013\/details\/maximized\" target=\"_blank\" rel=\"noopener\">Decreto-Lei 152-B\/2017, de 11 de dezembro<\/a>, e outros projetos que possam estar abrangidos pelo artigo n\u00ba 1 do mesmo Decreto-Lei.<\/span><span data-contrast=\"auto\">\u00a0<\/span><span data-ccp-props=\"{&quot;201341983&quot;:0,&quot;335551550&quot;:6,&quot;335551620&quot;:6,&quot;335559739&quot;:120,&quot;335559740&quot;:300}\">\u00a0<\/span><\/p><\/div>\n\t\t\t\t<\/div>\n\t\t\t\t\t\t\t<div class=\"elementor-toggle-item\">\n\t\t\t\t\t<div id=\"elementor-tab-title-8363\" class=\"elementor-tab-title\" data-tab=\"3\" role=\"tab\" aria-controls=\"elementor-tab-content-8363\" aria-expanded=\"false\">\n\t\t\t\t\t\t\t\t\t\t\t\t<span class=\"elementor-toggle-icon elementor-toggle-icon-left\" aria-hidden=\"true\">\n\t\t\t\t\t\t\t\t\t\t\t\t\t\t\t<span class=\"elementor-toggle-icon-closed\"><i class=\"fas fa-chevron-down\"><\/i><\/span>\n\t\t\t\t\t\t\t\t<span class=\"elementor-toggle-icon-opened\"><i class=\"elementor-toggle-icon-opened fas fa-chevron-up\"><\/i><\/span>\n\t\t\t\t\t\t\t\t\t\t\t\t\t<\/span>\n\t\t\t\t\t\t\t\t\t\t\t\t<a href=\"\" class=\"elementor-toggle-title\">3. Pode ser concedida uma dispensa do procedimento de AIA? <\/a>\n\t\t\t\t\t<\/div>\n\t\t\t\t\t<div id=\"elementor-tab-content-8363\" class=\"elementor-tab-content elementor-clearfix\" data-tab=\"3\" role=\"tabpanel\" aria-labelledby=\"elementor-tab-title-8363\"><p><span data-contrast=\"auto\">Sim, mas unicamente em circunst\u00e2ncias excecionais e devidamente fundamentadas. O licenciamento ou autoriza\u00e7\u00e3o de um projeto pode ser dispensado por iniciativa do proponente e mediante despacho dos membros do Governo respons\u00e1veis pela \u00e1rea do ambiente e da tutela do projeto.\u00a0<\/span><span data-ccp-props=\"{&quot;201341983&quot;:0,&quot;335551550&quot;:6,&quot;335551620&quot;:6,&quot;335559739&quot;:120,&quot;335559740&quot;:300}\">\u00a0<\/span><\/p><p><span data-contrast=\"auto\">A dispensa pode ser total ou parcial.<\/span><span data-ccp-props=\"{&quot;201341983&quot;:0,&quot;335551550&quot;:6,&quot;335551620&quot;:6,&quot;335559739&quot;:120,&quot;335559740&quot;:300}\">\u00a0<\/span><\/p><\/div>\n\t\t\t\t<\/div>\n\t\t\t\t\t\t\t<div class=\"elementor-toggle-item\">\n\t\t\t\t\t<div id=\"elementor-tab-title-8364\" class=\"elementor-tab-title\" data-tab=\"4\" role=\"tab\" aria-controls=\"elementor-tab-content-8364\" aria-expanded=\"false\">\n\t\t\t\t\t\t\t\t\t\t\t\t<span class=\"elementor-toggle-icon elementor-toggle-icon-left\" aria-hidden=\"true\">\n\t\t\t\t\t\t\t\t\t\t\t\t\t\t\t<span class=\"elementor-toggle-icon-closed\"><i class=\"fas fa-chevron-down\"><\/i><\/span>\n\t\t\t\t\t\t\t\t<span class=\"elementor-toggle-icon-opened\"><i class=\"elementor-toggle-icon-opened fas fa-chevron-up\"><\/i><\/span>\n\t\t\t\t\t\t\t\t\t\t\t\t\t<\/span>\n\t\t\t\t\t\t\t\t\t\t\t\t<a href=\"\" class=\"elementor-toggle-title\">4. Em que momento existe enquadramento em AIA? <\/a>\n\t\t\t\t\t<\/div>\n\t\t\t\t\t<div id=\"elementor-tab-content-8364\" class=\"elementor-tab-content elementor-clearfix\" data-tab=\"4\" role=\"tabpanel\" aria-labelledby=\"elementor-tab-title-8364\"><p><span data-contrast=\"auto\">A AIA \u00e9 um <\/span><b><span data-contrast=\"auto\">procedimento pr\u00e9vio<\/span><\/b><span data-contrast=\"auto\"> ao licenciamento ou autoriza\u00e7\u00e3o dos projetos abrangidos suscet\u00edveis de provocar efeitos significativos no ambiente, devendo a entidade licenciadora ou competente para a autoriza\u00e7\u00e3o do projeto indeferir o pedido de licenciamento ou autoriza\u00e7\u00e3o sempre que n\u00e3o tenha sido previamente obtida decis\u00e3o expressa ou t\u00e1cita sobre a AIA<\/span><span data-contrast=\"auto\">.<\/span><span data-contrast=\"auto\">\u00a0 <\/span><span data-ccp-props=\"{&quot;201341983&quot;:0,&quot;335551550&quot;:6,&quot;335551620&quot;:6,&quot;335559739&quot;:120,&quot;335559740&quot;:300}\">\u00a0<\/span><\/p><p><span data-ccp-props=\"{&quot;201341983&quot;:0,&quot;335551550&quot;:6,&quot;335551620&quot;:6,&quot;335559739&quot;:120,&quot;335559740&quot;:300}\">\u00a0<\/span><\/p><\/div>\n\t\t\t\t<\/div>\n\t\t\t\t\t\t\t<div class=\"elementor-toggle-item\">\n\t\t\t\t\t<div id=\"elementor-tab-title-8365\" class=\"elementor-tab-title\" data-tab=\"5\" role=\"tab\" aria-controls=\"elementor-tab-content-8365\" aria-expanded=\"false\">\n\t\t\t\t\t\t\t\t\t\t\t\t<span class=\"elementor-toggle-icon elementor-toggle-icon-left\" aria-hidden=\"true\">\n\t\t\t\t\t\t\t\t\t\t\t\t\t\t\t<span class=\"elementor-toggle-icon-closed\"><i class=\"fas fa-chevron-down\"><\/i><\/span>\n\t\t\t\t\t\t\t\t<span class=\"elementor-toggle-icon-opened\"><i class=\"elementor-toggle-icon-opened fas fa-chevron-up\"><\/i><\/span>\n\t\t\t\t\t\t\t\t\t\t\t\t\t<\/span>\n\t\t\t\t\t\t\t\t\t\t\t\t<a href=\"\" class=\"elementor-toggle-title\">5. Posso obter a licen\u00e7a ou autoriza\u00e7\u00e3o pretendida sujeita a AIA antes da emiss\u00e3o da DIA? <\/a>\n\t\t\t\t\t<\/div>\n\t\t\t\t\t<div id=\"elementor-tab-content-8365\" class=\"elementor-tab-content elementor-clearfix\" data-tab=\"5\" role=\"tabpanel\" aria-labelledby=\"elementor-tab-title-8365\"><p><strong>N\u00e3o.<\/strong><span data-ccp-props=\"{&quot;201341983&quot;:0,&quot;335551550&quot;:6,&quot;335551620&quot;:6,&quot;335559739&quot;:120,&quot;335559740&quot;:300}\">\u00a0<\/span><\/p><p><span data-contrast=\"auto\">O ato de licenciamento ou de autoriza\u00e7\u00e3o de projetos abrangidos s\u00f3 pode ser emitido<\/span><span data-contrast=\"auto\"> ap\u00f3s notifica\u00e7\u00e3o da DIA<\/span><span data-contrast=\"auto\">,<\/span><span data-contrast=\"auto\"> favor\u00e1vel ou favor\u00e1vel condicionada<\/span><span data-contrast=\"auto\">,<\/span><span data-contrast=\"auto\"> para projetos em fase de projeto de execu\u00e7\u00e3o; ou ap\u00f3s notifica\u00e7\u00e3o da decis\u00e3o favor\u00e1vel <\/span><span data-contrast=\"auto\">sobre a conformidade ambiental do projeto de execu\u00e7\u00e3o no caso de projetos sujeitos a AIA em fase de estudo pr\u00e9vio ou anteprojeto<\/span><span data-contrast=\"auto\">;<\/span><span data-contrast=\"auto\"> ou ap\u00f3s os respetivos deferimentos t\u00e1citos.<\/span><span data-ccp-props=\"{&quot;201341983&quot;:0,&quot;335551550&quot;:6,&quot;335551620&quot;:6,&quot;335559739&quot;:120,&quot;335559740&quot;:300}\">\u00a0<\/span><\/p><p><span data-contrast=\"auto\">Pelo que, as decis\u00f5es proferidas no procedimento de AIA, incluindo na fase de verifica\u00e7\u00e3o da conformidade ambiental do projeto de execu\u00e7\u00e3o, s\u00e3o <\/span><span data-contrast=\"auto\">em qualquer caso <\/span><span data-contrast=\"auto\">pr\u00e9vias ao licenciamento ou autoriza\u00e7\u00e3o dos projetos suscet\u00edveis de provocar efeitos significativos no ambiente.<\/span><span data-ccp-props=\"{&quot;201341983&quot;:0,&quot;335551550&quot;:6,&quot;335551620&quot;:6,&quot;335559739&quot;:120,&quot;335559740&quot;:300}\">\u00a0<\/span><\/p><p><span data-contrast=\"none\">O ato de licenciamento ou de autoriza\u00e7\u00e3o de projetos abrangidos s\u00f3 pode ser emitido:<\/span><span data-ccp-props=\"{&quot;201341983&quot;:0,&quot;335551550&quot;:6,&quot;335551620&quot;:6,&quot;335559739&quot;:120,&quot;335559740&quot;:300}\">\u00a0<\/span><\/p><ul><li data-leveltext=\"\uf0b7\" data-font=\"Symbol\" data-listid=\"17\" aria-setsize=\"-1\" data-aria-posinset=\"1\" data-aria-level=\"1\"><span data-contrast=\"none\">ap\u00f3s notifica\u00e7\u00e3o da DIA favor\u00e1vel (ou favor\u00e1vel condicionada);\u00a0<\/span><span data-ccp-props=\"{&quot;134233279&quot;:true,&quot;201341983&quot;:0,&quot;335551550&quot;:6,&quot;335551620&quot;:6,&quot;335559739&quot;:120,&quot;335559740&quot;:300}\">\u00a0<\/span><\/li><li data-leveltext=\"\uf0b7\" data-font=\"Symbol\" data-listid=\"17\" aria-setsize=\"-1\" data-aria-posinset=\"2\" data-aria-level=\"1\"><span data-contrast=\"none\">ap\u00f3s notifica\u00e7\u00e3o da decis\u00e3o favor\u00e1vel sobre a conformidade ambiental do projeto de execu\u00e7\u00e3o, quando o procedimento de AIA ocorra em fase de estudo pr\u00e9vio ou anteprojeto;\u00a0<\/span><span data-ccp-props=\"{&quot;134233279&quot;:true,&quot;201341983&quot;:0,&quot;335551550&quot;:6,&quot;335551620&quot;:6,&quot;335559739&quot;:120,&quot;335559740&quot;:300}\">\u00a0<\/span><\/li><li data-leveltext=\"\uf0b7\" data-font=\"Symbol\" data-listid=\"17\" aria-setsize=\"-1\" data-aria-posinset=\"3\" data-aria-level=\"1\"><span data-contrast=\"none\">ou ap\u00f3s os respetivos deferimentos t\u00e1citos.<\/span><span data-ccp-props=\"{&quot;134233279&quot;:true,&quot;201341983&quot;:0,&quot;335551550&quot;:6,&quot;335551620&quot;:6,&quot;335559739&quot;:120,&quot;335559740&quot;:300}\">\u00a0<\/span><\/li><\/ul><p><span data-contrast=\"none\">Assim, as decis\u00f5es proferidas no procedimento de AIA, s\u00e3o em qualquer caso pr\u00e9vias ao licenciamento ou autoriza\u00e7\u00e3o dos projetos suscet\u00edveis de provocar efeitos significativos no ambiente<\/span><\/p><\/div>\n\t\t\t\t<\/div>\n\t\t\t\t\t\t\t<div class=\"elementor-toggle-item\">\n\t\t\t\t\t<div id=\"elementor-tab-title-8366\" class=\"elementor-tab-title\" data-tab=\"6\" role=\"tab\" aria-controls=\"elementor-tab-content-8366\" aria-expanded=\"false\">\n\t\t\t\t\t\t\t\t\t\t\t\t<span class=\"elementor-toggle-icon elementor-toggle-icon-left\" aria-hidden=\"true\">\n\t\t\t\t\t\t\t\t\t\t\t\t\t\t\t<span class=\"elementor-toggle-icon-closed\"><i class=\"fas fa-chevron-down\"><\/i><\/span>\n\t\t\t\t\t\t\t\t<span class=\"elementor-toggle-icon-opened\"><i class=\"elementor-toggle-icon-opened fas fa-chevron-up\"><\/i><\/span>\n\t\t\t\t\t\t\t\t\t\t\t\t\t<\/span>\n\t\t\t\t\t\t\t\t\t\t\t\t<a href=\"\" class=\"elementor-toggle-title\">6. Quando \u00e9 necess\u00e1ria uma Decis\u00e3o de conformidade ambiental do projeto de execu\u00e7\u00e3o para a obten\u00e7\u00e3o da licen\u00e7a ou autoriza\u00e7\u00e3o? <\/a>\n\t\t\t\t\t<\/div>\n\t\t\t\t\t<div id=\"elementor-tab-content-8366\" class=\"elementor-tab-content elementor-clearfix\" data-tab=\"6\" role=\"tabpanel\" aria-labelledby=\"elementor-tab-title-8366\"><p><span data-contrast=\"auto\">Quando<\/span><span data-contrast=\"auto\"> o procedimento de AIA ocorra em fase de estudo pr\u00e9vio ou anteprojeto, o projeto de execu\u00e7\u00e3o est\u00e1 sujeito ainda \u00e0 verifica\u00e7\u00e3o de conformidade ambiental com a DIA.\u00a0<\/span><span data-ccp-props=\"{&quot;201341983&quot;:0,&quot;335551550&quot;:6,&quot;335551620&quot;:6,&quot;335559739&quot;:120,&quot;335559740&quot;:300}\">\u00a0<\/span><\/p><p><span data-contrast=\"auto\">A decis\u00e3o sobre a conformidade ambiental do projeto de execu\u00e7\u00e3o \u00e9 emitida pela autoridade de AIA, tendo em conta os pareceres t\u00e9cnicos emitidos e o relat\u00f3rio de consulta p\u00fablica, a qual \u00e9 notificada \u00e0 entidade licenciadora ou competente para a autoriza\u00e7\u00e3o e ao proponente.<\/span><span data-contrast=\"auto\">\u00a0<\/span><span data-ccp-props=\"{&quot;201341983&quot;:0,&quot;335551550&quot;:6,&quot;335551620&quot;:6,&quot;335559739&quot;:120,&quot;335559740&quot;:300}\">\u00a0<\/span><\/p><p><span data-contrast=\"auto\">A decis\u00e3o de conformidade ambiental do projeto de execu\u00e7\u00e3o deve definir as condi\u00e7\u00f5es ambientais de aprova\u00e7\u00e3o do mesmo, designadamente, as medidas de minimiza\u00e7\u00e3o, compensa\u00e7\u00e3o ambiental e potencia\u00e7\u00e3o e os programas de monitoriza\u00e7\u00e3o a adotar nas fases de constru\u00e7\u00e3o, explora\u00e7\u00e3o e desativa\u00e7\u00e3o do projeto.<\/span><span data-ccp-props=\"{&quot;201341983&quot;:0,&quot;335551550&quot;:6,&quot;335551620&quot;:6,&quot;335559739&quot;:120,&quot;335559740&quot;:300}\">\u00a0<\/span><\/p><p><span data-contrast=\"auto\">Deve estar<\/span><span data-contrast=\"auto\"> determina<\/span><span data-contrast=\"auto\">da<\/span><span data-contrast=\"auto\"> a entidade competente para a verifica\u00e7\u00e3o do cumprimento das condi\u00e7\u00f5es ambientais nela prevista, a qual pode ser a autoridade de AIA ou a entidade licenciadora ou competente para autoriza\u00e7\u00e3o do projeto.<\/span><span data-ccp-props=\"{&quot;201341983&quot;:0,&quot;335551550&quot;:6,&quot;335551620&quot;:6,&quot;335559739&quot;:120,&quot;335559740&quot;:300}\">\u00a0<\/span><\/p><\/div>\n\t\t\t\t<\/div>\n\t\t\t\t\t\t\t<div class=\"elementor-toggle-item\">\n\t\t\t\t\t<div id=\"elementor-tab-title-8367\" class=\"elementor-tab-title\" data-tab=\"7\" role=\"tab\" aria-controls=\"elementor-tab-content-8367\" aria-expanded=\"false\">\n\t\t\t\t\t\t\t\t\t\t\t\t<span class=\"elementor-toggle-icon elementor-toggle-icon-left\" aria-hidden=\"true\">\n\t\t\t\t\t\t\t\t\t\t\t\t\t\t\t<span class=\"elementor-toggle-icon-closed\"><i class=\"fas fa-chevron-down\"><\/i><\/span>\n\t\t\t\t\t\t\t\t<span class=\"elementor-toggle-icon-opened\"><i class=\"elementor-toggle-icon-opened fas fa-chevron-up\"><\/i><\/span>\n\t\t\t\t\t\t\t\t\t\t\t\t\t<\/span>\n\t\t\t\t\t\t\t\t\t\t\t\t<a href=\"\" class=\"elementor-toggle-title\">7. Existe deferimento t\u00e1cito no caso de n\u00e3o emiss\u00e3o da DIA dentro do prazo estabelecido? <\/a>\n\t\t\t\t\t<\/div>\n\t\t\t\t\t<div id=\"elementor-tab-content-8367\" class=\"elementor-tab-content elementor-clearfix\" data-tab=\"7\" role=\"tabpanel\" aria-labelledby=\"elementor-tab-title-8367\"><p><span data-contrast=\"auto\">Sim, quando a DIA n\u00e3o seja emitida dentro do<\/span><span data-contrast=\"auto\">s<\/span><span data-contrast=\"auto\"> prazo<\/span><span data-contrast=\"auto\">s<\/span><span data-contrast=\"auto\"> estabelecido<\/span><span data-contrast=\"auto\">s no DL 152-B\/2017 contados desde a data de rece\u00e7\u00e3o do EIA pela autoridade da AIA e devidamente instru\u00eddo, a DIA \u00e9 deferida tacitamente.\u00a0<\/span><span data-ccp-props=\"{&quot;201341983&quot;:0,&quot;335551550&quot;:6,&quot;335551620&quot;:6,&quot;335559739&quot;:120,&quot;335559740&quot;:300}\">\u00a0<\/span><\/p><p><span data-contrast=\"auto\">No caso <\/span><span data-contrast=\"auto\">de a<\/span><span data-contrast=\"auto\"> DIA ser deferida tacitamente, <\/span><span data-contrast=\"auto\">a decis\u00e3o da entidade licenciadora ou competente para a autoriza\u00e7\u00e3o do projeto indica as raz\u00f5es de facto e de direito que justificaram a sua decis\u00e3o, tendo em considera\u00e7\u00e3o o EIA apresentado pelo proponente, bem como os elementos referidos no artigo 16.\u00ba, quando dispon\u00edveis.<\/span><span data-ccp-props=\"{&quot;201341983&quot;:0,&quot;335551550&quot;:6,&quot;335551620&quot;:6,&quot;335559739&quot;:120,&quot;335559740&quot;:300}\">\u00a0<\/span><\/p><p><span data-contrast=\"auto\">Igualmente, se a decis\u00e3o sobre a conformidade ambiental do projeto de execu\u00e7\u00e3o n\u00e3o \u00e9 emitida dentro do prazo estabelecido, \u00e9 deferida tacitamente. Neste caso, a decis\u00e3o da entidade licenciadora ou competente para a autoriza\u00e7\u00e3o do projeto indica as raz\u00f5es de facto e de direito que justificam a decis\u00e3o, tendo em considera\u00e7\u00e3o o RECAPE e o projeto de execu\u00e7\u00e3o, bem como outros elementos dispon\u00edveis.<\/span><span data-ccp-props=\"{&quot;201341983&quot;:0,&quot;335551550&quot;:6,&quot;335551620&quot;:6,&quot;335559739&quot;:120,&quot;335559740&quot;:300}\">\u00a0<\/span><\/p><p><span data-ccp-props=\"{&quot;201341983&quot;:0,&quot;335551550&quot;:6,&quot;335551620&quot;:6,&quot;335559739&quot;:120,&quot;335559740&quot;:300}\">\u00a0<\/span><\/p><\/div>\n\t\t\t\t<\/div>\n\t\t\t\t\t\t\t<div class=\"elementor-toggle-item\">\n\t\t\t\t\t<div id=\"elementor-tab-title-8368\" class=\"elementor-tab-title\" data-tab=\"8\" role=\"tab\" aria-controls=\"elementor-tab-content-8368\" aria-expanded=\"false\">\n\t\t\t\t\t\t\t\t\t\t\t\t<span class=\"elementor-toggle-icon elementor-toggle-icon-left\" aria-hidden=\"true\">\n\t\t\t\t\t\t\t\t\t\t\t\t\t\t\t<span class=\"elementor-toggle-icon-closed\"><i class=\"fas fa-chevron-down\"><\/i><\/span>\n\t\t\t\t\t\t\t\t<span class=\"elementor-toggle-icon-opened\"><i class=\"elementor-toggle-icon-opened fas fa-chevron-up\"><\/i><\/span>\n\t\t\t\t\t\t\t\t\t\t\t\t\t<\/span>\n\t\t\t\t\t\t\t\t\t\t\t\t<a href=\"\" class=\"elementor-toggle-title\">8. Como se realiza a tramita\u00e7\u00e3o de AIA? <\/a>\n\t\t\t\t\t<\/div>\n\t\t\t\t\t<div id=\"elementor-tab-content-8368\" class=\"elementor-tab-content elementor-clearfix\" data-tab=\"8\" role=\"tabpanel\" aria-labelledby=\"elementor-tab-title-8368\"><p><span data-contrast=\"auto\">A tramita\u00e7\u00e3o de AIA est\u00e1 sujeita ao Regime de Licenciamento \u00danico Ambiental, aprovado pelo Decreto-Lei n\u00ba. 75\/2015, de 11 de maio.<\/span><span data-ccp-props=\"{&quot;201341983&quot;:0,&quot;335551550&quot;:6,&quot;335551620&quot;:6,&quot;335559739&quot;:120,&quot;335559740&quot;:300}\">\u00a0<\/span><\/p><p><span data-contrast=\"auto\">Como todos os <\/span><span data-contrast=\"auto\">t\u00edtulos sujeitos a este regime<\/span><span data-contrast=\"auto\"> de LUA<\/span><span data-contrast=\"auto\">, a<\/span><span data-contrast=\"auto\"> tramita\u00e7\u00e3o<\/span> <span data-contrast=\"auto\">se realiza atrav\u00e9s da plataforma eletr\u00f3nica<\/span> <b><span data-contrast=\"auto\">SILiAmb<\/span><\/b><span data-contrast=\"auto\"> (Sistema Integrado de Licenciamento do Ambiente).<\/span><span data-contrast=\"auto\">\u00a0<\/span><span data-ccp-props=\"{&quot;201341983&quot;:0,&quot;335551550&quot;:6,&quot;335551620&quot;:6,&quot;335559739&quot;:120,&quot;335559740&quot;:300}\">\u00a0<\/span><\/p><p><span data-contrast=\"auto\">Link:<\/span> <a href=\"https:\/\/siliamb.apambiente.pt\/pages\/public\/login.xhtml\"><span data-contrast=\"none\">https:\/\/siliamb.apambiente.pt\/pages\/public\/login.xhtml<\/span><\/a><span data-ccp-props=\"{&quot;201341983&quot;:0,&quot;335551550&quot;:6,&quot;335551620&quot;:6,&quot;335559739&quot;:120,&quot;335559740&quot;:300}\">\u00a0<\/span><\/p><\/div>\n\t\t\t\t<\/div>\n\t\t\t\t\t\t\t<div class=\"elementor-toggle-item\">\n\t\t\t\t\t<div id=\"elementor-tab-title-8369\" class=\"elementor-tab-title\" data-tab=\"9\" role=\"tab\" aria-controls=\"elementor-tab-content-8369\" aria-expanded=\"false\">\n\t\t\t\t\t\t\t\t\t\t\t\t<span class=\"elementor-toggle-icon elementor-toggle-icon-left\" aria-hidden=\"true\">\n\t\t\t\t\t\t\t\t\t\t\t\t\t\t\t<span class=\"elementor-toggle-icon-closed\"><i class=\"fas fa-chevron-down\"><\/i><\/span>\n\t\t\t\t\t\t\t\t<span class=\"elementor-toggle-icon-opened\"><i class=\"elementor-toggle-icon-opened fas fa-chevron-up\"><\/i><\/span>\n\t\t\t\t\t\t\t\t\t\t\t\t\t<\/span>\n\t\t\t\t\t\t\t\t\t\t\t\t<a href=\"\" class=\"elementor-toggle-title\">9. Qual \u00e9 a autoridade de AIA competente para cada tipo de projeto ou atividade? <\/a>\n\t\t\t\t\t<\/div>\n\t\t\t\t\t<div id=\"elementor-tab-content-8369\" class=\"elementor-tab-content elementor-clearfix\" data-tab=\"9\" role=\"tabpanel\" aria-labelledby=\"elementor-tab-title-8369\"><p><span data-contrast=\"auto\">As autoridades de AIA s\u00e3o a APA (Ag\u00eancia Portuguesa do Ambiente) e as CCDR (Comiss\u00f5es de Coordena\u00e7\u00e3o e Desenvolvimento Regional).\u00a0<\/span><span data-ccp-props=\"{&quot;201341983&quot;:0,&quot;335551550&quot;:6,&quot;335551620&quot;:6,&quot;335559739&quot;:120,&quot;335559740&quot;:300}\">\u00a0<\/span><\/p><p><span data-contrast=\"auto\">O artigo 8 do Decreto-Lei 152-B\/207 estabelece os casos em que <\/span><span data-contrast=\"auto\">a AIA \u00e9<\/span><span data-contrast=\"auto\"> compet\u00eancia da APA ou se pelo contr\u00e1rio compete \u00e0s CCDR.\u00a0<\/span><span data-ccp-props=\"{&quot;201341983&quot;:0,&quot;335551550&quot;:6,&quot;335551620&quot;:6,&quot;335559739&quot;:120,&quot;335559740&quot;:300}\">\u00a0<\/span><\/p><\/div>\n\t\t\t\t<\/div>\n\t\t\t\t\t\t\t<div class=\"elementor-toggle-item\">\n\t\t\t\t\t<div id=\"elementor-tab-title-83610\" class=\"elementor-tab-title\" data-tab=\"10\" role=\"tab\" aria-controls=\"elementor-tab-content-83610\" aria-expanded=\"false\">\n\t\t\t\t\t\t\t\t\t\t\t\t<span class=\"elementor-toggle-icon elementor-toggle-icon-left\" aria-hidden=\"true\">\n\t\t\t\t\t\t\t\t\t\t\t\t\t\t\t<span class=\"elementor-toggle-icon-closed\"><i class=\"fas fa-chevron-down\"><\/i><\/span>\n\t\t\t\t\t\t\t\t<span class=\"elementor-toggle-icon-opened\"><i class=\"elementor-toggle-icon-opened fas fa-chevron-up\"><\/i><\/span>\n\t\t\t\t\t\t\t\t\t\t\t\t\t<\/span>\n\t\t\t\t\t\t\t\t\t\t\t\t<a href=\"\" class=\"elementor-toggle-title\">10. Como posso saber se est\u00e1 em curso um procedimento de AIA? <\/a>\n\t\t\t\t\t<\/div>\n\t\t\t\t\t<div id=\"elementor-tab-content-83610\" class=\"elementor-tab-content elementor-clearfix\" data-tab=\"10\" role=\"tabpanel\" aria-labelledby=\"elementor-tab-title-83610\"><p><span data-contrast=\"auto\">Os procedimentos de AIA s\u00e3o p\u00fablicos, encontrando-se dispon\u00edveis todos os elementos e pe\u00e7as processuais n<\/span><span data-contrast=\"auto\">o <\/span><span data-contrast=\"auto\">s\u00edtio<\/span><span data-contrast=\"auto\"> da internet da <\/span><span data-contrast=\"auto\">APA ou <\/span><span data-contrast=\"auto\">d<\/span><span data-contrast=\"auto\">a <\/span><span data-contrast=\"auto\">CCDR<\/span> <span data-contrast=\"auto\">no caso de ser esta a autoridade competente.\u00a0<\/span><span data-ccp-props=\"{&quot;201341983&quot;:0,&quot;335551550&quot;:6,&quot;335551620&quot;:6,&quot;335559739&quot;:120,&quot;335559740&quot;:300}\">\u00a0<\/span><\/p><p><span data-contrast=\"auto\">Excetuam-se os casos em que existe segredo industrial ou comercial, incluindo a propriedade intelectual, ou que s\u00e3o relevantes para a seguran\u00e7a nacional ou conserva\u00e7\u00e3o do patrim\u00f3nio natural e cultural.<\/span><span data-ccp-props=\"{&quot;201341983&quot;:0,&quot;335551550&quot;:6,&quot;335551620&quot;:6,&quot;335559739&quot;:120,&quot;335559740&quot;:300}\">\u00a0<\/span><\/p><p><span data-contrast=\"auto\">Assim, \u00e9 poss\u00edvel aceder \u00e0 <\/span><span data-contrast=\"auto\">plataforma <\/span><i><span data-contrast=\"auto\">Participa<\/span><\/i><span data-contrast=\"auto\"> &#8211;\u00a0 <\/span><a href=\"https:\/\/participa.pt\/\"><span data-contrast=\"none\">https:\/\/participa.pt\/<\/span><\/a><span data-contrast=\"auto\"> . <\/span><span data-contrast=\"auto\">Dispon\u00edvel desde julho de 2015, <\/span><span data-contrast=\"auto\">a plataforma <\/span><span data-contrast=\"auto\">participa disponibiliza processos de consulta p\u00fablica a cargo do Minist\u00e9rio do Ambiente, Ordenamento do Territ\u00f3rio e Energia (MAOTE)<\/span><span data-contrast=\"auto\">. O cidad\u00e3o interessado no processo de consulta pode dar e partilhar os seus contributos no portal, al\u00e9m de poder ver o tratamento que os mesmos receberam por parte do respons\u00e1vel. Para participar \u00e9 necess\u00e1rio fazer o registo no site.<\/span><span data-ccp-props=\"{&quot;201341983&quot;:0,&quot;335551550&quot;:6,&quot;335551620&quot;:6,&quot;335559739&quot;:120,&quot;335559740&quot;:300}\">\u00a0<\/span><\/p><p><span data-contrast=\"auto\">O principal objetivo do portal \u00e9 aumentar os \u00edndices de participa\u00e7\u00e3o p\u00fablica na \u00e1rea ambiental.<\/span><span data-ccp-props=\"{&quot;201341983&quot;:0,&quot;335551550&quot;:6,&quot;335551620&quot;:6,&quot;335559739&quot;:120,&quot;335559740&quot;:300}\">\u00a0<\/span><\/p><\/div>\n\t\t\t\t<\/div>\n\t\t\t\t\t\t\t<div class=\"elementor-toggle-item\">\n\t\t\t\t\t<div id=\"elementor-tab-title-83611\" class=\"elementor-tab-title\" data-tab=\"11\" role=\"tab\" aria-controls=\"elementor-tab-content-83611\" aria-expanded=\"false\">\n\t\t\t\t\t\t\t\t\t\t\t\t<span class=\"elementor-toggle-icon elementor-toggle-icon-left\" aria-hidden=\"true\">\n\t\t\t\t\t\t\t\t\t\t\t\t\t\t\t<span class=\"elementor-toggle-icon-closed\"><i class=\"fas fa-chevron-down\"><\/i><\/span>\n\t\t\t\t\t\t\t\t<span class=\"elementor-toggle-icon-opened\"><i class=\"elementor-toggle-icon-opened fas fa-chevron-up\"><\/i><\/span>\n\t\t\t\t\t\t\t\t\t\t\t\t\t<\/span>\n\t\t\t\t\t\t\t\t\t\t\t\t<a href=\"\" class=\"elementor-toggle-title\">11. Quem pode participar na Consulta P\u00fablica da AIA? <\/a>\n\t\t\t\t\t<\/div>\n\t\t\t\t\t<div id=\"elementor-tab-content-83611\" class=\"elementor-tab-content elementor-clearfix\" data-tab=\"11\" role=\"tabpanel\" aria-labelledby=\"elementor-tab-title-83611\"><p><span data-contrast=\"auto\">O <a href=\"https:\/\/dre.pt\/pesquisa\/-\/search\/114337013\/details\/maximized\" target=\"_blank\" rel=\"noopener\">Decreto-Lei 152-B\/2017<\/a> reconhece este direito a todos os cidad\u00e3os interessados que podem ser os titulares de direitos subjetivos ou titulares de interesses legalmente protegidos, ou o p\u00fablico afetado ou suscet\u00edvel de ser afetado pela decis\u00e3o de AIA, designadamente <\/span><span data-contrast=\"auto\">O<\/span><span data-contrast=\"auto\">rganiza\u00e7\u00f5es <\/span><span data-contrast=\"auto\">N<\/span><span data-contrast=\"auto\">\u00e3o <\/span><span data-contrast=\"auto\">G<\/span><span data-contrast=\"auto\">overnamentais de <\/span><span data-contrast=\"auto\">A<\/span><span data-contrast=\"auto\">mbiente (ONGA).<\/span><span data-ccp-props=\"{&quot;201341983&quot;:0,&quot;335551550&quot;:6,&quot;335551620&quot;:6,&quot;335559739&quot;:120,&quot;335559740&quot;:300}\">\u00a0<\/span><\/p><p><span data-ccp-props=\"{&quot;201341983&quot;:0,&quot;335551550&quot;:6,&quot;335551620&quot;:6,&quot;335559739&quot;:120,&quot;335559740&quot;:300}\">\u00a0<\/span><\/p><\/div>\n\t\t\t\t<\/div>\n\t\t\t\t\t\t\t<div class=\"elementor-toggle-item\">\n\t\t\t\t\t<div id=\"elementor-tab-title-83612\" class=\"elementor-tab-title\" data-tab=\"12\" role=\"tab\" aria-controls=\"elementor-tab-content-83612\" aria-expanded=\"false\">\n\t\t\t\t\t\t\t\t\t\t\t\t<span class=\"elementor-toggle-icon elementor-toggle-icon-left\" aria-hidden=\"true\">\n\t\t\t\t\t\t\t\t\t\t\t\t\t\t\t<span class=\"elementor-toggle-icon-closed\"><i class=\"fas fa-chevron-down\"><\/i><\/span>\n\t\t\t\t\t\t\t\t<span class=\"elementor-toggle-icon-opened\"><i class=\"elementor-toggle-icon-opened fas fa-chevron-up\"><\/i><\/span>\n\t\t\t\t\t\t\t\t\t\t\t\t\t<\/span>\n\t\t\t\t\t\t\t\t\t\t\t\t<a href=\"\" class=\"elementor-toggle-title\">12. Quando existe a possibilidade de participar na Consulta P\u00fablica? <\/a>\n\t\t\t\t\t<\/div>\n\t\t\t\t\t<div id=\"elementor-tab-content-83612\" class=\"elementor-tab-content elementor-clearfix\" data-tab=\"12\" role=\"tabpanel\" aria-labelledby=\"elementor-tab-title-83612\"><p><span data-contrast=\"auto\">A Consulta P\u00fablica <\/span><span data-contrast=\"auto\">s\u00f3 est\u00e1 aberta por um determinado <\/span><span data-contrast=\"auto\">per\u00edodo de tempo<\/span><span data-contrast=\"auto\"> entre 15 e 20 dias<\/span><span data-contrast=\"auto\">, <\/span><span data-contrast=\"auto\">no qual<\/span><span data-contrast=\"auto\"> os cidad\u00e3os que estejam interessados podem comunicar <\/span><span data-contrast=\"auto\">as suas exposi\u00e7\u00f5es\/opini\u00f5es relativas \u00e0 AIA em quest\u00e3o<\/span><span data-contrast=\"auto\">.<\/span><span data-ccp-props=\"{&quot;201341983&quot;:0,&quot;335551550&quot;:6,&quot;335551620&quot;:6,&quot;335559739&quot;:120,&quot;335559740&quot;:300}\">\u00a0<\/span><\/p><p><span data-contrast=\"auto\">A<\/span><span data-contrast=\"auto\"> Camara Municipal, <\/span><span data-contrast=\"auto\">a CCDR e Juntas de Freguesia que estejam abrangidas pelo projeto <\/span><span data-contrast=\"auto\">devem publicar<\/span> <span data-contrast=\"auto\">a abertura de esta Consulta Publica<\/span><span data-contrast=\"auto\"> atrav\u00e9s de an\u00fancios afixados. Tamb\u00e9m se pode encontrar esta informa\u00e7\u00e3o n<\/span><span data-contrast=\"auto\">o s\u00edtio da internet<\/span><span data-contrast=\"auto\"> da APA ou da CCDR competente.<\/span><span data-ccp-props=\"{&quot;201341983&quot;:0,&quot;335551550&quot;:6,&quot;335551620&quot;:6,&quot;335559739&quot;:120,&quot;335559740&quot;:300}\">\u00a0<\/span><\/p><\/div>\n\t\t\t\t<\/div>\n\t\t\t\t\t\t\t<div class=\"elementor-toggle-item\">\n\t\t\t\t\t<div id=\"elementor-tab-title-83613\" class=\"elementor-tab-title\" data-tab=\"13\" role=\"tab\" aria-controls=\"elementor-tab-content-83613\" aria-expanded=\"false\">\n\t\t\t\t\t\t\t\t\t\t\t\t<span class=\"elementor-toggle-icon elementor-toggle-icon-left\" aria-hidden=\"true\">\n\t\t\t\t\t\t\t\t\t\t\t\t\t\t\t<span class=\"elementor-toggle-icon-closed\"><i class=\"fas fa-chevron-down\"><\/i><\/span>\n\t\t\t\t\t\t\t\t<span class=\"elementor-toggle-icon-opened\"><i class=\"elementor-toggle-icon-opened fas fa-chevron-up\"><\/i><\/span>\n\t\t\t\t\t\t\t\t\t\t\t\t\t<\/span>\n\t\t\t\t\t\t\t\t\t\t\t\t<a href=\"\" class=\"elementor-toggle-title\">13. Como saber o resultado de uma AIA? <\/a>\n\t\t\t\t\t<\/div>\n\t\t\t\t\t<div id=\"elementor-tab-content-83613\" class=\"elementor-tab-content elementor-clearfix\" data-tab=\"13\" role=\"tabpanel\" aria-labelledby=\"elementor-tab-title-83613\"><p><span data-contrast=\"auto\">Quando o processo de AIA finaliza, a DIA fica dispon\u00edvel <\/span><span data-contrast=\"auto\">na <\/span><span data-contrast=\"auto\">p\u00e1gina da APA ou <\/span><span data-contrast=\"auto\">n<\/span><span data-contrast=\"auto\">a CCDR competente<\/span><span data-contrast=\"auto\">.<\/span><span data-contrast=\"auto\"> Em qualquer caso, <\/span><span data-contrast=\"auto\">o requerente ser\u00e1 notificado para <\/span><span data-contrast=\"auto\">audi\u00eancia pr\u00e9via antes da emiss\u00e3o final da DIA.<\/span><span data-ccp-props=\"{&quot;201341983&quot;:0,&quot;335551550&quot;:6,&quot;335551620&quot;:6,&quot;335559739&quot;:120,&quot;335559740&quot;:300}\">\u00a0<\/span><\/p><p><span data-contrast=\"auto\">Link: <\/span><a href=\"http:\/\/siaia.apambiente.pt\/\"><span data-contrast=\"none\">http:\/\/siaia.apambiente.pt\/<\/span><\/a><span data-ccp-props=\"{&quot;201341983&quot;:0,&quot;335551550&quot;:6,&quot;335551620&quot;:6,&quot;335559739&quot;:120,&quot;335559740&quot;:300}\">\u00a0<\/span><\/p><\/div>\n\t\t\t\t<\/div>\n\t\t\t\t\t\t\t<div class=\"elementor-toggle-item\">\n\t\t\t\t\t<div id=\"elementor-tab-title-83614\" class=\"elementor-tab-title\" data-tab=\"14\" role=\"tab\" aria-controls=\"elementor-tab-content-83614\" aria-expanded=\"false\">\n\t\t\t\t\t\t\t\t\t\t\t\t<span class=\"elementor-toggle-icon elementor-toggle-icon-left\" aria-hidden=\"true\">\n\t\t\t\t\t\t\t\t\t\t\t\t\t\t\t<span class=\"elementor-toggle-icon-closed\"><i class=\"fas fa-chevron-down\"><\/i><\/span>\n\t\t\t\t\t\t\t\t<span class=\"elementor-toggle-icon-opened\"><i class=\"elementor-toggle-icon-opened fas fa-chevron-up\"><\/i><\/span>\n\t\t\t\t\t\t\t\t\t\t\t\t\t<\/span>\n\t\t\t\t\t\t\t\t\t\t\t\t<a href=\"\" class=\"elementor-toggle-title\">14. Que tipo de termos ou condi\u00e7\u00f5es de aprova\u00e7\u00e3o do projeto podem ser estabelecidos? <\/a>\n\t\t\t\t\t<\/div>\n\t\t\t\t\t<div id=\"elementor-tab-content-83614\" class=\"elementor-tab-content elementor-clearfix\" data-tab=\"14\" role=\"tabpanel\" aria-labelledby=\"elementor-tab-title-83614\"><p><span data-contrast=\"auto\">A AIA pode estabelecer uma serie de termos ou condi\u00e7\u00f5es para a obten\u00e7\u00e3o de uma DIA favor\u00e1vel (neste caso<\/span><span data-contrast=\"auto\"> seria<\/span><span data-contrast=\"auto\"> favor\u00e1vel condicionada).\u00a0<\/span><span data-ccp-props=\"{&quot;201341983&quot;:0,&quot;335551550&quot;:6,&quot;335551620&quot;:6,&quot;335559739&quot;:120,&quot;335559740&quot;:300}\">\u00a0<\/span><\/p><p><span data-contrast=\"auto\">Os<\/span><span data-contrast=\"auto\"> termos ou condi\u00e7\u00f5es podem consistir em: <\/span><span data-contrast=\"auto\">condicionantes, medidas de minimiza\u00e7\u00e3o, medidas de compensa\u00e7\u00e3o, programas de monitoriza\u00e7\u00e3o<\/span><span data-contrast=\"auto\">,<\/span><span data-contrast=\"auto\"> projetos de recupera\u00e7\u00e3o e integra\u00e7\u00e3o paisag\u00edstica, acompanhamento ambiental da obra, entre outros.<\/span><span data-ccp-props=\"{&quot;201341983&quot;:0,&quot;335551550&quot;:6,&quot;335551620&quot;:6,&quot;335559739&quot;:120,&quot;335559740&quot;:300}\">\u00a0<\/span><\/p><\/div>\n\t\t\t\t<\/div>\n\t\t\t\t\t\t\t<div class=\"elementor-toggle-item\">\n\t\t\t\t\t<div id=\"elementor-tab-title-83615\" class=\"elementor-tab-title\" data-tab=\"15\" role=\"tab\" aria-controls=\"elementor-tab-content-83615\" aria-expanded=\"false\">\n\t\t\t\t\t\t\t\t\t\t\t\t<span class=\"elementor-toggle-icon elementor-toggle-icon-left\" aria-hidden=\"true\">\n\t\t\t\t\t\t\t\t\t\t\t\t\t\t\t<span class=\"elementor-toggle-icon-closed\"><i class=\"fas fa-chevron-down\"><\/i><\/span>\n\t\t\t\t\t\t\t\t<span class=\"elementor-toggle-icon-opened\"><i class=\"elementor-toggle-icon-opened fas fa-chevron-up\"><\/i><\/span>\n\t\t\t\t\t\t\t\t\t\t\t\t\t<\/span>\n\t\t\t\t\t\t\t\t\t\t\t\t<a href=\"\" class=\"elementor-toggle-title\">15. Em que consistem as atividades de P\u00f3s-avalia\u00e7\u00e3o? <\/a>\n\t\t\t\t\t<\/div>\n\t\t\t\t\t<div id=\"elementor-tab-content-83615\" class=\"elementor-tab-content elementor-clearfix\" data-tab=\"15\" role=\"tabpanel\" aria-labelledby=\"elementor-tab-title-83615\"><p><span data-contrast=\"auto\">O procedimento de p\u00f3s-avalia\u00e7\u00e3o aplica-se a <\/span><span data-contrast=\"auto\">projetos com DIA favor\u00e1vel. <\/span><span data-contrast=\"auto\">O objetivo da p\u00f3s-avalia\u00e7\u00e3o \u00e9 verificar o cumprimento e avaliar a adequabilidade e efic\u00e1cia dos termos e condi\u00e7\u00f5es estabelecidos na AIA.\u00a0<\/span><span data-ccp-props=\"{&quot;201341983&quot;:0,&quot;335551550&quot;:6,&quot;335551620&quot;:6,&quot;335559739&quot;:120,&quot;335559740&quot;:300}\">\u00a0<\/span><\/p><p><span data-contrast=\"auto\">As atividades de p\u00f3s<\/span><span data-contrast=\"auto\">&#8211;<\/span><span data-contrast=\"auto\">avalia\u00e7\u00e3o podem consistir na<\/span><span data-contrast=\"auto\">:<\/span><span data-ccp-props=\"{&quot;201341983&quot;:0,&quot;335559739&quot;:160,&quot;335559740&quot;:259}\">\u00a0<\/span><\/p><ul><li data-leveltext=\"\uf0b7\" data-font=\"Symbol\" data-listid=\"59\" aria-setsize=\"-1\" data-aria-posinset=\"1\" data-aria-level=\"1\"><span data-contrast=\"auto\">An\u00e1lise dos relat\u00f3rios de monitoriza\u00e7\u00e3o e de outra documenta\u00e7\u00e3o relevante<\/span><span data-contrast=\"auto\">,<\/span><span data-ccp-props=\"{&quot;134233279&quot;:true,&quot;201341983&quot;:0,&quot;335551550&quot;:6,&quot;335551620&quot;:6,&quot;335559739&quot;:120,&quot;335559740&quot;:300}\">\u00a0<\/span><\/li><li data-leveltext=\"\uf0b7\" data-font=\"Symbol\" data-listid=\"59\" aria-setsize=\"-1\" data-aria-posinset=\"2\" data-aria-level=\"1\"><span data-contrast=\"auto\">Realiza\u00e7\u00e3o de visitas ao local ou locais de implanta\u00e7\u00e3o do projeto<\/span><span data-contrast=\"auto\">,<\/span><span data-ccp-props=\"{&quot;134233279&quot;:true,&quot;201341983&quot;:0,&quot;335551550&quot;:6,&quot;335551620&quot;:6,&quot;335559739&quot;:120,&quot;335559740&quot;:300}\">\u00a0<\/span><\/li><li data-leveltext=\"\uf0b7\" data-font=\"Symbol\" data-listid=\"59\" aria-setsize=\"-1\" data-aria-posinset=\"3\" data-aria-level=\"1\"><span data-contrast=\"auto\">Realiza\u00e7\u00e3o de auditorias por verificadores qualificados pela APA<\/span><span data-contrast=\"auto\">.<\/span><span data-ccp-props=\"{&quot;134233279&quot;:true,&quot;201341983&quot;:0,&quot;335559739&quot;:120,&quot;335559740&quot;:300}\">\u00a0<\/span><\/li><\/ul><\/div>\n\t\t\t\t<\/div>\n\t\t\t\t\t\t\t<div class=\"elementor-toggle-item\">\n\t\t\t\t\t<div id=\"elementor-tab-title-83616\" class=\"elementor-tab-title\" data-tab=\"16\" role=\"tab\" aria-controls=\"elementor-tab-content-83616\" aria-expanded=\"false\">\n\t\t\t\t\t\t\t\t\t\t\t\t<span class=\"elementor-toggle-icon elementor-toggle-icon-left\" aria-hidden=\"true\">\n\t\t\t\t\t\t\t\t\t\t\t\t\t\t\t<span class=\"elementor-toggle-icon-closed\"><i class=\"fas fa-chevron-down\"><\/i><\/span>\n\t\t\t\t\t\t\t\t<span class=\"elementor-toggle-icon-opened\"><i class=\"elementor-toggle-icon-opened fas fa-chevron-up\"><\/i><\/span>\n\t\t\t\t\t\t\t\t\t\t\t\t\t<\/span>\n\t\t\t\t\t\t\t\t\t\t\t\t<a href=\"\" class=\"elementor-toggle-title\">16. Est\u00e3o sujeitos a caducidade a DIA ou o EIA? <\/a>\n\t\t\t\t\t<\/div>\n\t\t\t\t\t<div id=\"elementor-tab-content-83616\" class=\"elementor-tab-content elementor-clearfix\" data-tab=\"16\" role=\"tabpanel\" aria-labelledby=\"elementor-tab-title-83616\"><p><strong>Sim.\u00a0\u00a0<\/strong><\/p><p><span data-contrast=\"auto\">A DIA em fase de projeto de execu\u00e7\u00e3o caduca se, decorridos quatro anos sobre a data da sua emiss\u00e3o, o proponente n\u00e3o der in\u00edcio \u00e2 execu\u00e7\u00e3o do projeto.<\/span><span data-ccp-props=\"{&quot;201341983&quot;:0,&quot;335559739&quot;:120,&quot;335559740&quot;:300}\">\u00a0<\/span><\/p><p><span data-contrast=\"auto\">A DIA em fase de estudo pr\u00e9vio ou anteprojeto caduca se, decorridos quatro anos sobre <\/span><span data-contrast=\"auto\">a data da sua emiss\u00e3o, o proponente n\u00e3o tiver requerido a verifica\u00e7\u00e3o da conformidade ambiental do projeto de execu\u00e7\u00e3o<\/span><span data-contrast=\"auto\">.<\/span><span data-ccp-props=\"{&quot;201341983&quot;:0,&quot;335559739&quot;:120,&quot;335559740&quot;:300}\">\u00a0<\/span><\/p><p><span data-contrast=\"auto\">A decis\u00e3o da autoridade de AIA sobre o PDA do EIA caduca se, decorridos dois anos sobre a data da sua notifica\u00e7\u00e3o ao proponente, este n\u00e3o der in\u00edcio ao procedimento de AIA.<\/span><span data-ccp-props=\"{&quot;201341983&quot;:0,&quot;335559739&quot;:120,&quot;335559740&quot;:300}\">\u00a0<\/span><\/p><p><span data-contrast=\"auto\">A decis\u00e3o sobre <\/span><span data-contrast=\"auto\">a conformidade ambiental do projeto de execu\u00e7\u00e3o caduca se, decorridos quatro anos sobre a data da sua emiss\u00e3o, o proponente n\u00e3o der in\u00edcio \u00e0 execu\u00e7\u00e3o do projeto.<\/span><span data-ccp-props=\"{&quot;201341983&quot;:0,&quot;335559739&quot;:120,&quot;335559740&quot;:300}\">\u00a0<\/span><\/p><p><span data-contrast=\"auto\">A caducidade determina a extin\u00e7\u00e3o do procedimento e a necessidade de sujei\u00e7\u00e3o do projeto a novo procedimento de AIA. A autoridade da AIA deve indicar os elementos constantes do processo anterior que podem ser utilizados no novo processo.<\/span><span data-ccp-props=\"{&quot;201341983&quot;:0,&quot;335559739&quot;:120,&quot;335559740&quot;:300}\">\u00a0<\/span><\/p><\/div>\n\t\t\t\t<\/div>\n\t\t\t\t\t\t\t<div class=\"elementor-toggle-item\">\n\t\t\t\t\t<div id=\"elementor-tab-title-83617\" class=\"elementor-tab-title\" data-tab=\"17\" role=\"tab\" aria-controls=\"elementor-tab-content-83617\" aria-expanded=\"false\">\n\t\t\t\t\t\t\t\t\t\t\t\t<span class=\"elementor-toggle-icon elementor-toggle-icon-left\" aria-hidden=\"true\">\n\t\t\t\t\t\t\t\t\t\t\t\t\t\t\t<span class=\"elementor-toggle-icon-closed\"><i class=\"fas fa-chevron-down\"><\/i><\/span>\n\t\t\t\t\t\t\t\t<span class=\"elementor-toggle-icon-opened\"><i class=\"elementor-toggle-icon-opened fas fa-chevron-up\"><\/i><\/span>\n\t\t\t\t\t\t\t\t\t\t\t\t\t<\/span>\n\t\t\t\t\t\t\t\t\t\t\t\t<a href=\"\" class=\"elementor-toggle-title\">17. Posso prorrogar a DIA ou a decis\u00e3o sobre a conformidade ambiental do projeto de execu\u00e7\u00e3o, para evitar a caducidade das mesmas antes de dar in\u00edcio \u00e0 execu\u00e7\u00e3o do projeto? <\/a>\n\t\t\t\t\t<\/div>\n\t\t\t\t\t<div id=\"elementor-tab-content-83617\" class=\"elementor-tab-content elementor-clearfix\" data-tab=\"17\" role=\"tabpanel\" aria-labelledby=\"elementor-tab-title-83617\"><p><span data-contrast=\"auto\">Sim, <\/span><span data-contrast=\"auto\">para evitar a extin\u00e7\u00e3o do procedimento antes do in\u00edcio do procedimento de execu\u00e7\u00e3o, <\/span><span data-contrast=\"auto\">existe o pedido de prorroga\u00e7\u00e3o da validade da DIA ou da validade da decis\u00e3o sobre a conformidade ambiental do projeto de execu\u00e7\u00e3o.<\/span><span data-ccp-props=\"{&quot;201341983&quot;:0,&quot;335559739&quot;:120,&quot;335559740&quot;:300}\">\u00a0<\/span><\/p><p><span data-contrast=\"auto\">Este pedido deve ser formulado junto da autoridade de AIA antes do termo do prazo de caducidade da DIA ou da decis\u00e3o da conformidade ambiental do projeto de execu\u00e7\u00e3o.<\/span><span data-ccp-props=\"{&quot;201341983&quot;:0,&quot;335559739&quot;:120,&quot;335559740&quot;:300}\">\u00a0<\/span><\/p><\/div>\n\t\t\t\t<\/div>\n\t\t\t\t\t\t\t<div class=\"elementor-toggle-item\">\n\t\t\t\t\t<div id=\"elementor-tab-title-83618\" class=\"elementor-tab-title\" data-tab=\"18\" role=\"tab\" aria-controls=\"elementor-tab-content-83618\" aria-expanded=\"false\">\n\t\t\t\t\t\t\t\t\t\t\t\t<span class=\"elementor-toggle-icon elementor-toggle-icon-left\" aria-hidden=\"true\">\n\t\t\t\t\t\t\t\t\t\t\t\t\t\t\t<span class=\"elementor-toggle-icon-closed\"><i class=\"fas fa-chevron-down\"><\/i><\/span>\n\t\t\t\t\t\t\t\t<span class=\"elementor-toggle-icon-opened\"><i class=\"elementor-toggle-icon-opened fas fa-chevron-up\"><\/i><\/span>\n\t\t\t\t\t\t\t\t\t\t\t\t\t<\/span>\n\t\t\t\t\t\t\t\t\t\t\t\t<a href=\"\" class=\"elementor-toggle-title\">18. Qual o prazo estabelecido para a emiss\u00e3o de uma AIA? <\/a>\n\t\t\t\t\t<\/div>\n\t\t\t\t\t<div id=\"elementor-tab-content-83618\" class=\"elementor-tab-content elementor-clearfix\" data-tab=\"18\" role=\"tabpanel\" aria-labelledby=\"elementor-tab-title-83618\"><p><span data-contrast=\"auto\">O artigo 19\u00ba do Decreto-Lei n.\u00ba 152-B\/2017, estabelece que a DIA ser\u00e1 emitida nos seguintes prazos, contados da data de rece\u00e7\u00e3o pela autoridade de AIA do EIA devidamente instru\u00eddo, sob pena de deferimento t\u00e1cito:<\/span><span data-ccp-props=\"{&quot;201341983&quot;:0,&quot;335559739&quot;:120,&quot;335559740&quot;:300}\">\u00a0<\/span><\/p><ul><li data-leveltext=\"\uf0b7\" data-font=\"Symbol\" data-listid=\"16\" aria-setsize=\"-1\" data-aria-posinset=\"1\" data-aria-level=\"1\"><span data-contrast=\"auto\">No prazo de 100 dias;<\/span><span data-ccp-props=\"{&quot;134233279&quot;:true,&quot;201341983&quot;:0,&quot;335559739&quot;:120,&quot;335559740&quot;:300}\">\u00a0<\/span><\/li><\/ul><ul><li data-leveltext=\"\uf0b7\" data-font=\"Symbol\" data-listid=\"16\" aria-setsize=\"-1\" data-aria-posinset=\"1\" data-aria-level=\"1\"><span data-contrast=\"auto\">No prazo de 90 dias, no caso de projetos sujeitos ao regime de acesso e exerc\u00edcio de atividade industrial e projetos de potencial interesse nacional;<\/span><span data-ccp-props=\"{&quot;134233279&quot;:true,&quot;201341983&quot;:0,&quot;335559739&quot;:120,&quot;335559740&quot;:300}\">\u00a0<\/span><\/li><li data-leveltext=\"\uf0b7\" data-font=\"Symbol\" data-listid=\"16\" aria-setsize=\"-1\" data-aria-posinset=\"2\" data-aria-level=\"1\"><span data-contrast=\"auto\">No prazo de 70 dias, quando haja lugar \u00e0 interven\u00e7\u00e3o da entidade acreditada para verifica\u00e7\u00e3o da conformidade do EIA.<\/span><span data-ccp-props=\"{&quot;134233279&quot;:true,&quot;201341983&quot;:0,&quot;335559739&quot;:120,&quot;335559740&quot;:300}\">\u00a0<\/span><\/li><\/ul><p><span data-contrast=\"auto\">Sendo que, os prazos previstos suspendem-se durante o per\u00edodo em que o procedimento esteja parado por motivo imput\u00e1vel ao proponente; n\u00e3o se aplicam caso haja lugar ao procedimento de consulta rec\u00edproca previsto no decreto-lei; e n\u00e3o prejudicam a aplica\u00e7\u00e3o de prazos definidos em cronograma de projeto de potencial interesse nacional, nos termos da lei.<\/span><span data-ccp-props=\"{&quot;201341983&quot;:0,&quot;335559739&quot;:120,&quot;335559740&quot;:300}\">\u00a0<\/span><\/p><\/div>\n\t\t\t\t<\/div>\n\t\t\t\t\t\t\t<div class=\"elementor-toggle-item\">\n\t\t\t\t\t<div id=\"elementor-tab-title-83619\" class=\"elementor-tab-title\" data-tab=\"19\" role=\"tab\" aria-controls=\"elementor-tab-content-83619\" aria-expanded=\"false\">\n\t\t\t\t\t\t\t\t\t\t\t\t<span class=\"elementor-toggle-icon elementor-toggle-icon-left\" aria-hidden=\"true\">\n\t\t\t\t\t\t\t\t\t\t\t\t\t\t\t<span class=\"elementor-toggle-icon-closed\"><i class=\"fas fa-chevron-down\"><\/i><\/span>\n\t\t\t\t\t\t\t\t<span class=\"elementor-toggle-icon-opened\"><i class=\"elementor-toggle-icon-opened fas fa-chevron-up\"><\/i><\/span>\n\t\t\t\t\t\t\t\t\t\t\t\t\t<\/span>\n\t\t\t\t\t\t\t\t\t\t\t\t<a href=\"\" class=\"elementor-toggle-title\">19. Qual o prazo para a emiss\u00e3o da decis\u00e3o sobre a conformidade ambiental do projeto de execu\u00e7\u00e3o? <\/a>\n\t\t\t\t\t<\/div>\n\t\t\t\t\t<div id=\"elementor-tab-content-83619\" class=\"elementor-tab-content elementor-clearfix\" data-tab=\"19\" role=\"tabpanel\" aria-labelledby=\"elementor-tab-title-83619\"><p><span data-contrast=\"auto\">Esta decis\u00e3o deve ser emitida no prazo de 50 dias, contados a partir da data de rece\u00e7\u00e3o pela autoridade da AIA da documenta\u00e7\u00e3o necess\u00e1ria, sob pena de deferimento t\u00e1cito.<\/span><span data-ccp-props=\"{&quot;201341983&quot;:0,&quot;335551550&quot;:6,&quot;335551620&quot;:6,&quot;335559739&quot;:120,&quot;335559740&quot;:300}\">\u00a0<\/span><\/p><p><span data-contrast=\"auto\">No caso de deferimento t\u00e1cito, a decis\u00e3o da entidade licenciadora ou competente para a autoriza\u00e7\u00e3o do projeto indica as raz\u00f5es de facto e de direito que justificam a decis\u00e3o, tendo em considera\u00e7\u00e3o o RECAPE e o projeto de execu\u00e7\u00e3o, bem como outros elementos necess\u00e1rios e dispon\u00edveis.<\/span><span data-ccp-props=\"{&quot;201341983&quot;:0,&quot;335551550&quot;:6,&quot;335551620&quot;:6,&quot;335559739&quot;:120,&quot;335559740&quot;:300}\">\u00a0<\/span><\/p><\/div>\n\t\t\t\t<\/div>\n\t\t\t\t\t\t\t<div class=\"elementor-toggle-item\">\n\t\t\t\t\t<div id=\"elementor-tab-title-83620\" class=\"elementor-tab-title\" data-tab=\"20\" role=\"tab\" aria-controls=\"elementor-tab-content-83620\" aria-expanded=\"false\">\n\t\t\t\t\t\t\t\t\t\t\t\t<span class=\"elementor-toggle-icon elementor-toggle-icon-left\" aria-hidden=\"true\">\n\t\t\t\t\t\t\t\t\t\t\t\t\t\t\t<span class=\"elementor-toggle-icon-closed\"><i class=\"fas fa-chevron-down\"><\/i><\/span>\n\t\t\t\t\t\t\t\t<span class=\"elementor-toggle-icon-opened\"><i class=\"elementor-toggle-icon-opened fas fa-chevron-up\"><\/i><\/span>\n\t\t\t\t\t\t\t\t\t\t\t\t\t<\/span>\n\t\t\t\t\t\t\t\t\t\t\t\t<a href=\"\" class=\"elementor-toggle-title\">20. Podem ser alteradas as medidas de minimiza\u00e7\u00e3o e compensa\u00e7\u00e3o ou programas de monitoriza\u00e7\u00e3o? <\/a>\n\t\t\t\t\t<\/div>\n\t\t\t\t\t<div id=\"elementor-tab-content-83620\" class=\"elementor-tab-content elementor-clearfix\" data-tab=\"20\" role=\"tabpanel\" aria-labelledby=\"elementor-tab-title-83620\"><p><span class=\"TextRun SCXW213215284 BCX4\" lang=\"PT-PT\" xml:lang=\"PT-PT\" data-contrast=\"auto\"><span class=\"NormalTextRun SCXW213215284 BCX4\">Sim, estas medidas estabelecidas na DIA ou na decis\u00e3o sobre conformidade ambiental do projeto de execu\u00e7\u00e3o, podem ser alteradas sempre que haja motivo fundamentado ou circunst\u00e2ncias que o justifiquem, por iniciativa da autoridade da AIA ou por requerimento do proponente. (artigo 25\u00ba do DL 152-B\/2017)<\/span><\/span><span class=\"EOP SCXW213215284 BCX4\" data-ccp-props=\"{&quot;201341983&quot;:0,&quot;335551550&quot;:6,&quot;335551620&quot;:6,&quot;335559739&quot;:120,&quot;335559740&quot;:300}\">\u00a0<\/span><\/p><\/div>\n\t\t\t\t<\/div>\n\t\t\t\t\t<\/div>\n\t\t\t\t<\/div>\n\t\t\t\t<\/div>\n\t\t\t\t\t\t<\/div>\n\t\t\t\t\t<\/div>\n\t\t<\/div>\n\t\t\t\t\t\t\t\t<\/div>\n\t\t\t\t\t<\/div>\n\t\t<\/section>\n\t\t\t\t\t\t<\/div>\n\t\t\t\t\t\t<\/div>\n\t\t\t\t\t<\/div>\n\t\t","protected":false},"excerpt":{"rendered":"<p>Aprecia\u00e7\u00e3o pr\u00e9via e decis\u00e3o de sujei\u00e7\u00e3o a AIA\u200b 1.1 &#8211; Procedimento para projetos que n\u00e3o se encontram em \u00e1rea sens\u00edvel 1.2 &#8211; Procedimento para projetos que se encontram em \u00e1rea sens\u00edvel total ou parcialmente. 1.3. &#8211; Elementos a fornecer pelo proponente para a aprecia\u00e7\u00e3o pr\u00e9via e decis\u00e3o de sujei\u00e7\u00e3o a AIA. 2. Defini\u00e7\u00e3o do \u00c2mbito [&hellip;]<\/p>\n","protected":false},"author":1,"featured_media":0,"parent":52,"menu_order":0,"comment_status":"closed","ping_status":"closed","template":"","meta":{"footnotes":""},"class_list":["post-68","page","type-page","status-publish","hentry"],"_links":{"self":[{"href":"https:\/\/eudigital.net\/licenciamento\/wp-json\/wp\/v2\/pages\/68","targetHints":{"allow":["GET"]}}],"collection":[{"href":"https:\/\/eudigital.net\/licenciamento\/wp-json\/wp\/v2\/pages"}],"about":[{"href":"https:\/\/eudigital.net\/licenciamento\/wp-json\/wp\/v2\/types\/page"}],"author":[{"embeddable":true,"href":"https:\/\/eudigital.net\/licenciamento\/wp-json\/wp\/v2\/users\/1"}],"replies":[{"embeddable":true,"href":"https:\/\/eudigital.net\/licenciamento\/wp-json\/wp\/v2\/comments?post=68"}],"version-history":[{"count":36,"href":"https:\/\/eudigital.net\/licenciamento\/wp-json\/wp\/v2\/pages\/68\/revisions"}],"predecessor-version":[{"id":910,"href":"https:\/\/eudigital.net\/licenciamento\/wp-json\/wp\/v2\/pages\/68\/revisions\/910"}],"up":[{"embeddable":true,"href":"https:\/\/eudigital.net\/licenciamento\/wp-json\/wp\/v2\/pages\/52"}],"wp:attachment":[{"href":"https:\/\/eudigital.net\/licenciamento\/wp-json\/wp\/v2\/media?parent=68"}],"curies":[{"name":"wp","href":"https:\/\/api.w.org\/{rel}","templated":true}]}}